{"id":1272,"date":"2025-08-21T12:15:37","date_gmt":"2025-08-21T10:15:37","guid":{"rendered":"https:\/\/doctoraminerva.es\/noticies\/"},"modified":"2025-09-09T16:45:05","modified_gmt":"2025-09-09T14:45:05","slug":"noticies","status":"publish","type":"page","link":"https:\/\/doctoraminerva.es\/ca\/noticies\/","title":{"rendered":"Not\u00edcies"},"content":{"rendered":"<p><div class=\"fusion-fullwidth fullwidth-box fusion-builder-row-1 fusion-flex-container has-pattern-background has-mask-background nonhundred-percent-fullwidth non-hundred-percent-height-scrolling margencito\" style=\"--link_hover_color: #5f6ad3;--link_color: var(--awb-color4);--awb-border-sizes-top:2px;--awb-border-sizes-bottom:2px;--awb-border-sizes-left:2px;--awb-border-sizes-right:2px;--awb-border-color:var(--awb-color1);--awb-border-radius-top-left:0px;--awb-border-radius-top-right:0px;--awb-border-radius-bottom-right:0px;--awb-border-radius-bottom-left:0px;--awb-padding-top:50px;--awb-padding-right:30px;--awb-padding-bottom:10px;--awb-padding-left:30px;--awb-padding-top-small:30px;--awb-padding-right-small:10px;--awb-padding-bottom-small:0px;--awb-padding-left-small:10px;--awb-margin-top:0px;--awb-margin-bottom:0px;--awb-flex-wrap:wrap;\" ><div class=\"fusion-builder-row fusion-row fusion-flex-align-items-flex-start fusion-flex-justify-content-center fusion-flex-content-wrap\" style=\"max-width:calc( 1450px + 60px );margin-left: calc(-60px \/ 2 );margin-right: calc(-60px \/ 2 );\"><div class=\"fusion-layout-column fusion_builder_column fusion-builder-column-0 fusion_builder_column_1_1 1_1 fusion-flex-column\" style=\"--awb-bg-size:cover;--awb-width-large:100%;--awb-margin-top-large:0px;--awb-spacing-right-large:30px;--awb-margin-bottom-large:35px;--awb-spacing-left-large:30px;--awb-width-medium:75%;--awb-order-medium:0;--awb-spacing-right-medium:30px;--awb-spacing-left-medium:30px;--awb-width-small:100%;--awb-order-small:1;--awb-spacing-right-small:30px;--awb-margin-bottom-small:10px;--awb-spacing-left-small:30px;\" data-scroll-devices=\"small-visibility,medium-visibility,large-visibility\"><div class=\"fusion-column-wrapper fusion-column-has-shadow fusion-flex-justify-content-flex-start fusion-content-layout-column\"><div class=\"fusion-title title fusion-title-1 fusion-sep-none fusion-title-text fusion-title-size-div\" style=\"--awb-text-color:var(--awb-color4);--awb-margin-top:0px;--awb-margin-bottom:20px;--awb-margin-top-small:10px;--awb-margin-right-small:0px;--awb-margin-bottom-small:20px;--awb-margin-left-small:0px;--awb-sep-color:#d1d1d1;--awb-font-size:var(--awb-typography3-font-size);\"><div class=\"fusion-title-heading title-heading-left title-heading-tag fusion-responsive-typography-calculated\" style=\"font-family:var(--awb-typography3-font-family);font-weight:var(--awb-typography3-font-weight);font-style:var(--awb-typography3-font-style);margin:0;letter-spacing:var(--awb-typography3-letter-spacing);text-transform:var(--awb-typography3-text-transform);font-size:1em;--fontSize:35;line-height:var(--awb-typography3-line-height);\">Actualitat de la cl\u00ednica<\/div><\/div><div class=\"fusion-title title fusion-title-2 sep-underline sep-solid fusion-title-text fusion-title-size-two\" style=\"--awb-text-color:var(--awb-color5);--awb-margin-top:0px;--awb-margin-bottom:30px;--awb-margin-top-small:10px;--awb-margin-right-small:0px;--awb-margin-bottom-small:0px;--awb-margin-left-small:0px;--awb-sep-color:var(--awb-color5);--awb-font-size:var(--awb-typography1-font-size);\"><h2 class=\"fusion-title-heading title-heading-left fusion-responsive-typography-calculated\" style=\"font-family:var(--awb-typography1-font-family);font-weight:var(--awb-typography1-font-weight);font-style:var(--awb-typography1-font-style);margin:0;letter-spacing:var(--awb-typography1-letter-spacing);text-transform:var(--awb-typography1-text-transform);font-size:1em;--fontSize:73;line-height:var(--awb-typography1-line-height);\">Not\u00edcies<\/h2><\/div><div class=\"fusion-post-cards fusion-post-cards-1 fusion-grid-archive fusion-grid-columns-4\" style=\"--awb-dots-align:center;--awb-active-filter-border-size:3px;--awb-filters-height:36px;\" data-post-type-label=\"entrades\"><ul class=\"fusion-grid fusion-grid-4 fusion-flex-align-items-flex-start fusion-grid-posts-cards\"><li class=\"fusion-layout-column fusion_builder_column fusion-builder-column-1 fusion-flex-column post-card fusion-grid-column fusion-post-cards-grid-column\" style=\"--awb-padding-top:15px;--awb-padding-right:15px;--awb-padding-bottom:15px;--awb-padding-left:15px;--awb-overflow:hidden;--awb-bg-color:var(--awb-color2);--awb-bg-color-hover:var(--awb-color2);--awb-bg-blend:overlay;--awb-bg-size:cover;--awb-border-color:var(--awb-color2);--awb-border-top:1px;--awb-border-right:1px;--awb-border-bottom:1px;--awb-border-left:1px;--awb-border-style:solid;--awb-border-radius:25px 25px 25px 25px;--awb-flex-grow:0;--awb-flex-shrink:0;--awb-flex-grow-medium:0;--awb-flex-shrink-medium:0;--awb-flex-grow-small:0;--awb-flex-shrink-small:0;\" data-scroll-devices=\"small-visibility,medium-visibility,large-visibility\"><div class=\"fusion-column-wrapper fusion-column-has-shadow fusion-flex-justify-content-flex-start fusion-content-layout-column\"><div class=\"fusion-classic-product-image-wrapper fusion-woo-product-image fusion-post-card-image fusion-post-card-image-1 has-aspect-ratio\" data-layout=\"static\" style=\"--awb-border-radius-top-left:10px;--awb-border-radius-top-right:10px;--awb-border-radius-bottom-right:10px;--awb-border-radius-bottom-left:10px;--awb-aspect-ratio:1.25;\"><div  class=\"fusion-image-wrapper\" aria-haspopup=\"true\">\n\t\t\t\t\t\t\t<a href=\"https:\/\/doctoraminerva.es\/ca\/la-dra-la-maria-obte-el-master-de-protesis-sobre-implants-i-oclusio\/\" aria-label=\"La Dra. La Mar\u00eda obt\u00e9 el M\u00e0ster de Pr\u00f2tesis sobre Implants i Oclusi\u00f3\">\n\t\t\t\t\t\t\t<img decoding=\"async\" width=\"600\" height=\"445\" src=\"https:\/\/doctoraminerva.es\/wp-content\/uploads\/la-dra-maria-obtiene-el-master-de-protesis-sobre-implantes-y-oclusion.webp\" class=\"attachment-full size-full wp-post-image\" alt=\"La Dra. Mar\u00eda obtiene el M\u00e1ster de Pr\u00f3tesis sobre Implantes y Oclusi\u00f3n\" srcset=\"https:\/\/doctoraminerva.es\/wp-content\/uploads\/la-dra-maria-obtiene-el-master-de-protesis-sobre-implantes-y-oclusion-200x148.webp 200w, https:\/\/doctoraminerva.es\/wp-content\/uploads\/la-dra-maria-obtiene-el-master-de-protesis-sobre-implantes-y-oclusion-400x297.webp 400w, https:\/\/doctoraminerva.es\/wp-content\/uploads\/la-dra-maria-obtiene-el-master-de-protesis-sobre-implantes-y-oclusion.webp 600w\" sizes=\"(min-width: 2200px) 100vw, (min-width: 1036px) 333px, (min-width: 904px) 443px, (min-width: 772px) 665px, (min-width: 640px) 772px, \" \/>\t\t\t<\/a>\n\t\t\t\t\t\t\t<\/div>\n<\/div><div class=\"fusion-builder-row fusion-builder-row-inner fusion-row fusion-flex-align-items-flex-start fusion-flex-justify-content-center fusion-flex-content-wrap\" style=\"--awb-flex-grow:0;--awb-flex-grow-medium:0;--awb-flex-grow-small:0;--awb-flex-shrink:0;--awb-flex-shrink-medium:0;--awb-flex-shrink-small:0;width:calc( 100% + 60px ) !important;max-width:calc( 100% + 60px ) !important;margin-left: calc(-60px \/ 2 );margin-right: calc(-60px \/ 2 );\"><div class=\"fusion-layout-column fusion_builder_column_inner fusion-builder-nested-column-0 fusion_builder_column_inner_1_1 1_1 fusion-flex-column\" style=\"--awb-padding-top:20px;--awb-padding-right:15px;--awb-padding-bottom:20px;--awb-padding-left:15px;--awb-overflow:hidden;--awb-bg-size:cover;--awb-border-radius:2px 2px 2px 2px;--awb-width-large:100%;--awb-margin-top-large:0px;--awb-spacing-right-large:30px;--awb-margin-bottom-large:0px;--awb-spacing-left-large:30px;--awb-width-medium:100%;--awb-order-medium:0;--awb-spacing-right-medium:30px;--awb-spacing-left-medium:30px;--awb-width-small:100%;--awb-order-small:0;--awb-spacing-right-small:30px;--awb-spacing-left-small:30px;\" data-scroll-devices=\"small-visibility,medium-visibility,large-visibility\"><div class=\"fusion-column-wrapper fusion-column-has-shadow fusion-flex-justify-content-flex-start fusion-content-layout-column\"><div class=\"fusion-title title fusion-title-3 fusion-sep-none fusion-title-text fusion-title-size-three alturatitulos\" style=\"--awb-text-color:var(--awb-color6);--awb-margin-top:5px;--awb-margin-bottom:0px;--awb-margin-top-small:10px;--awb-margin-right-small:0px;--awb-margin-bottom-small:10px;--awb-margin-left-small:0px;--awb-font-size:var(--awb-custom_typography_2-font-size);\"><h3 class=\"fusion-title-heading title-heading-left fusion-responsive-typography-calculated\" style=\"font-family:var(--awb-custom_typography_2-font-family);font-weight:var(--awb-custom_typography_2-font-weight);font-style:var(--awb-custom_typography_2-font-style);margin:0;letter-spacing:var(--awb-custom_typography_2-letter-spacing);text-transform:var(--awb-custom_typography_2-text-transform);font-size:1em;--fontSize:19;--minFontSize:19;line-height:var(--awb-custom_typography_2-line-height);\">La Dra. La Mar\u00eda obt\u00e9 el M\u00e0ster de Pr\u00f2tesis sobre Implants i Oclusi\u00f3<\/h3><\/div><\/div><\/div><\/div><div style=\"text-align:left;\"><a class=\"fusion-button button-flat fusion-button-default-size button-custom fusion-button-default button-1 fusion-button-default-span fusion-button-default-type\" style=\"--awb-margin-top:10px;--awb-margin-right:15px;--awb-margin-bottom:0px;--awb-margin-left:15px;--button_accent_color:var(--awb-color1);--button_accent_hover_color:#ffffff;--button_border_hover_color:#424242;--button_gradient_top_color:var(--awb-color6);--button_gradient_bottom_color:var(--awb-color6);--button_gradient_top_color_hover:var(--awb-color5);--button_gradient_bottom_color_hover:var(--awb-color5);--button_text_transform:var(--awb-typography4-text-transform);--button_font_size:var(--awb-typography4-font-size);--button_line_height:var(--awb-typography4-line-height);--button_typography-letter-spacing:var(--awb-typography4-letter-spacing);--button_typography-font-family:var(--awb-typography4-font-family);--button_typography-font-weight:var(--awb-typography4-font-weight);--button_typography-font-style:var(--awb-typography4-font-style);\" target=\"_self\" href=\"https:\/\/doctoraminerva.es\/ca\/la-dra-la-maria-obte-el-master-de-protesis-sobre-implants-i-oclusio\/\"><span class=\"fusion-button-text awb-button__text awb-button__text--default\">M\u00e9s informaci\u00f3<\/span><\/a><\/div><\/div><\/li>\n<li class=\"fusion-layout-column fusion_builder_column fusion-builder-column-2 fusion-flex-column post-card fusion-grid-column fusion-post-cards-grid-column\" style=\"--awb-padding-top:15px;--awb-padding-right:15px;--awb-padding-bottom:15px;--awb-padding-left:15px;--awb-overflow:hidden;--awb-bg-color:var(--awb-color2);--awb-bg-color-hover:var(--awb-color2);--awb-bg-blend:overlay;--awb-bg-size:cover;--awb-border-color:var(--awb-color2);--awb-border-top:1px;--awb-border-right:1px;--awb-border-bottom:1px;--awb-border-left:1px;--awb-border-style:solid;--awb-border-radius:25px 25px 25px 25px;--awb-flex-grow:0;--awb-flex-shrink:0;--awb-flex-grow-medium:0;--awb-flex-shrink-medium:0;--awb-flex-grow-small:0;--awb-flex-shrink-small:0;\" data-scroll-devices=\"small-visibility,medium-visibility,large-visibility\"><div class=\"fusion-column-wrapper fusion-column-has-shadow fusion-flex-justify-content-flex-start fusion-content-layout-column\"><div class=\"fusion-classic-product-image-wrapper fusion-woo-product-image fusion-post-card-image fusion-post-card-image-1 has-aspect-ratio\" data-layout=\"static\" style=\"--awb-border-radius-top-left:10px;--awb-border-radius-top-right:10px;--awb-border-radius-bottom-right:10px;--awb-border-radius-bottom-left:10px;--awb-aspect-ratio:1.25;\"><div  class=\"fusion-image-wrapper\" aria-haspopup=\"true\">\n\t\t\t\t\t\t\t<a href=\"https:\/\/doctoraminerva.es\/ca\/la-nostra-dra-sara-azanza-completa-el-master-en-ortodoncia-plastica\/\" aria-label=\"La nostra Dra Sara Azanza completa el M\u00e0ster en Ortod\u00f2ncia Pl\u00e0stica\">\n\t\t\t\t\t\t\t<img decoding=\"async\" width=\"600\" height=\"800\" src=\"https:\/\/doctoraminerva.es\/wp-content\/uploads\/nuestra-dra-sara-azanza-completa-el-master-en-ortodoncia-plastica-art_x.webp\" class=\"attachment-full size-full wp-post-image\" alt=\"Nuestra Dra Sara Azanza completa el M\u00e1ster en Ortodoncia Pl\u00e1stica\" srcset=\"https:\/\/doctoraminerva.es\/wp-content\/uploads\/nuestra-dra-sara-azanza-completa-el-master-en-ortodoncia-plastica-art_x-200x267.webp 200w, https:\/\/doctoraminerva.es\/wp-content\/uploads\/nuestra-dra-sara-azanza-completa-el-master-en-ortodoncia-plastica-art_x-400x533.webp 400w, https:\/\/doctoraminerva.es\/wp-content\/uploads\/nuestra-dra-sara-azanza-completa-el-master-en-ortodoncia-plastica-art_x.webp 600w\" sizes=\"(min-width: 2200px) 100vw, (min-width: 1036px) 333px, (min-width: 904px) 443px, (min-width: 772px) 665px, (min-width: 640px) 772px, \" \/>\t\t\t<\/a>\n\t\t\t\t\t\t\t<\/div>\n<\/div><div class=\"fusion-builder-row fusion-builder-row-inner fusion-row fusion-flex-align-items-flex-start fusion-flex-justify-content-center fusion-flex-content-wrap\" style=\"--awb-flex-grow:0;--awb-flex-grow-medium:0;--awb-flex-grow-small:0;--awb-flex-shrink:0;--awb-flex-shrink-medium:0;--awb-flex-shrink-small:0;width:calc( 100% + 60px ) !important;max-width:calc( 100% + 60px ) !important;margin-left: calc(-60px \/ 2 );margin-right: calc(-60px \/ 2 );\"><div class=\"fusion-layout-column fusion_builder_column_inner fusion-builder-nested-column-1 fusion_builder_column_inner_1_1 1_1 fusion-flex-column\" style=\"--awb-padding-top:20px;--awb-padding-right:15px;--awb-padding-bottom:20px;--awb-padding-left:15px;--awb-overflow:hidden;--awb-bg-size:cover;--awb-border-radius:2px 2px 2px 2px;--awb-width-large:100%;--awb-margin-top-large:0px;--awb-spacing-right-large:30px;--awb-margin-bottom-large:0px;--awb-spacing-left-large:30px;--awb-width-medium:100%;--awb-order-medium:0;--awb-spacing-right-medium:30px;--awb-spacing-left-medium:30px;--awb-width-small:100%;--awb-order-small:0;--awb-spacing-right-small:30px;--awb-spacing-left-small:30px;\" data-scroll-devices=\"small-visibility,medium-visibility,large-visibility\"><div class=\"fusion-column-wrapper fusion-column-has-shadow fusion-flex-justify-content-flex-start fusion-content-layout-column\"><div class=\"fusion-title title fusion-title-4 fusion-sep-none fusion-title-text fusion-title-size-three alturatitulos\" style=\"--awb-text-color:var(--awb-color6);--awb-margin-top:5px;--awb-margin-bottom:0px;--awb-margin-top-small:10px;--awb-margin-right-small:0px;--awb-margin-bottom-small:10px;--awb-margin-left-small:0px;--awb-font-size:var(--awb-custom_typography_2-font-size);\"><h3 class=\"fusion-title-heading title-heading-left fusion-responsive-typography-calculated\" style=\"font-family:var(--awb-custom_typography_2-font-family);font-weight:var(--awb-custom_typography_2-font-weight);font-style:var(--awb-custom_typography_2-font-style);margin:0;letter-spacing:var(--awb-custom_typography_2-letter-spacing);text-transform:var(--awb-custom_typography_2-text-transform);font-size:1em;--fontSize:19;--minFontSize:19;line-height:var(--awb-custom_typography_2-line-height);\">La nostra Dra Sara Azanza completa el M\u00e0ster en Ortod\u00f2ncia Pl\u00e0stica<\/h3><\/div><\/div><\/div><\/div><div style=\"text-align:left;\"><a class=\"fusion-button button-flat fusion-button-default-size button-custom fusion-button-default button-2 fusion-button-default-span fusion-button-default-type\" style=\"--awb-margin-top:10px;--awb-margin-right:15px;--awb-margin-bottom:0px;--awb-margin-left:15px;--button_accent_color:var(--awb-color1);--button_accent_hover_color:#ffffff;--button_border_hover_color:#424242;--button_gradient_top_color:var(--awb-color6);--button_gradient_bottom_color:var(--awb-color6);--button_gradient_top_color_hover:var(--awb-color5);--button_gradient_bottom_color_hover:var(--awb-color5);--button_text_transform:var(--awb-typography4-text-transform);--button_font_size:var(--awb-typography4-font-size);--button_line_height:var(--awb-typography4-line-height);--button_typography-letter-spacing:var(--awb-typography4-letter-spacing);--button_typography-font-family:var(--awb-typography4-font-family);--button_typography-font-weight:var(--awb-typography4-font-weight);--button_typography-font-style:var(--awb-typography4-font-style);\" target=\"_self\" href=\"https:\/\/doctoraminerva.es\/ca\/la-nostra-dra-sara-azanza-completa-el-master-en-ortodoncia-plastica\/\"><span class=\"fusion-button-text awb-button__text awb-button__text--default\">M\u00e9s informaci\u00f3<\/span><\/a><\/div><\/div><\/li>\n<li class=\"fusion-layout-column fusion_builder_column fusion-builder-column-3 fusion-flex-column post-card fusion-grid-column fusion-post-cards-grid-column\" style=\"--awb-padding-top:15px;--awb-padding-right:15px;--awb-padding-bottom:15px;--awb-padding-left:15px;--awb-overflow:hidden;--awb-bg-color:var(--awb-color2);--awb-bg-color-hover:var(--awb-color2);--awb-bg-blend:overlay;--awb-bg-size:cover;--awb-border-color:var(--awb-color2);--awb-border-top:1px;--awb-border-right:1px;--awb-border-bottom:1px;--awb-border-left:1px;--awb-border-style:solid;--awb-border-radius:25px 25px 25px 25px;--awb-flex-grow:0;--awb-flex-shrink:0;--awb-flex-grow-medium:0;--awb-flex-shrink-medium:0;--awb-flex-grow-small:0;--awb-flex-shrink-small:0;\" data-scroll-devices=\"small-visibility,medium-visibility,large-visibility\"><div class=\"fusion-column-wrapper fusion-column-has-shadow fusion-flex-justify-content-flex-start fusion-content-layout-column\"><div class=\"fusion-classic-product-image-wrapper fusion-woo-product-image fusion-post-card-image fusion-post-card-image-1 has-aspect-ratio\" data-layout=\"static\" style=\"--awb-border-radius-top-left:10px;--awb-border-radius-top-right:10px;--awb-border-radius-bottom-right:10px;--awb-border-radius-bottom-left:10px;--awb-aspect-ratio:1.25;\"><div  class=\"fusion-image-wrapper\" aria-haspopup=\"true\">\n\t\t\t\t\t\t\t<a href=\"https:\/\/doctoraminerva.es\/ca\/realitzem-nou-curs-per-incorporar-lus-ditero\/\" aria-label=\"Realitzem nou curs per incorporar l&#8217;\u00fas d&#8217;iTero\">\n\t\t\t\t\t\t\t<img decoding=\"async\" width=\"2000\" height=\"1800\" src=\"https:\/\/doctoraminerva.es\/wp-content\/uploads\/formacion-iTero-equipo-minerva-1_x.webp\" class=\"attachment-full size-full wp-post-image\" alt=\"Realizamos nuevo curso para incorporar el uso de iTero\" srcset=\"https:\/\/doctoraminerva.es\/wp-content\/uploads\/formacion-iTero-equipo-minerva-1_x-200x180.webp 200w, https:\/\/doctoraminerva.es\/wp-content\/uploads\/formacion-iTero-equipo-minerva-1_x-400x360.webp 400w, https:\/\/doctoraminerva.es\/wp-content\/uploads\/formacion-iTero-equipo-minerva-1_x-600x540.webp 600w, https:\/\/doctoraminerva.es\/wp-content\/uploads\/formacion-iTero-equipo-minerva-1_x-800x720.webp 800w, https:\/\/doctoraminerva.es\/wp-content\/uploads\/formacion-iTero-equipo-minerva-1_x-1200x1080.webp 1200w, https:\/\/doctoraminerva.es\/wp-content\/uploads\/formacion-iTero-equipo-minerva-1_x.webp 2000w\" sizes=\"(min-width: 2200px) 100vw, (min-width: 1036px) 333px, (min-width: 904px) 443px, (min-width: 772px) 665px, (min-width: 640px) 772px, \" \/>\t\t\t<\/a>\n\t\t\t\t\t\t\t<\/div>\n<\/div><div class=\"fusion-builder-row fusion-builder-row-inner fusion-row fusion-flex-align-items-flex-start fusion-flex-justify-content-center fusion-flex-content-wrap\" style=\"--awb-flex-grow:0;--awb-flex-grow-medium:0;--awb-flex-grow-small:0;--awb-flex-shrink:0;--awb-flex-shrink-medium:0;--awb-flex-shrink-small:0;width:calc( 100% + 60px ) !important;max-width:calc( 100% + 60px ) !important;margin-left: calc(-60px \/ 2 );margin-right: calc(-60px \/ 2 );\"><div class=\"fusion-layout-column fusion_builder_column_inner fusion-builder-nested-column-2 fusion_builder_column_inner_1_1 1_1 fusion-flex-column\" style=\"--awb-padding-top:20px;--awb-padding-right:15px;--awb-padding-bottom:20px;--awb-padding-left:15px;--awb-overflow:hidden;--awb-bg-size:cover;--awb-border-radius:2px 2px 2px 2px;--awb-width-large:100%;--awb-margin-top-large:0px;--awb-spacing-right-large:30px;--awb-margin-bottom-large:0px;--awb-spacing-left-large:30px;--awb-width-medium:100%;--awb-order-medium:0;--awb-spacing-right-medium:30px;--awb-spacing-left-medium:30px;--awb-width-small:100%;--awb-order-small:0;--awb-spacing-right-small:30px;--awb-spacing-left-small:30px;\" data-scroll-devices=\"small-visibility,medium-visibility,large-visibility\"><div class=\"fusion-column-wrapper fusion-column-has-shadow fusion-flex-justify-content-flex-start fusion-content-layout-column\"><div class=\"fusion-title title fusion-title-5 fusion-sep-none fusion-title-text fusion-title-size-three alturatitulos\" style=\"--awb-text-color:var(--awb-color6);--awb-margin-top:5px;--awb-margin-bottom:0px;--awb-margin-top-small:10px;--awb-margin-right-small:0px;--awb-margin-bottom-small:10px;--awb-margin-left-small:0px;--awb-font-size:var(--awb-custom_typography_2-font-size);\"><h3 class=\"fusion-title-heading title-heading-left fusion-responsive-typography-calculated\" style=\"font-family:var(--awb-custom_typography_2-font-family);font-weight:var(--awb-custom_typography_2-font-weight);font-style:var(--awb-custom_typography_2-font-style);margin:0;letter-spacing:var(--awb-custom_typography_2-letter-spacing);text-transform:var(--awb-custom_typography_2-text-transform);font-size:1em;--fontSize:19;--minFontSize:19;line-height:var(--awb-custom_typography_2-line-height);\">Realitzem nou curs per incorporar l&#8217;\u00fas d&#8217;iTero<\/h3><\/div><\/div><\/div><\/div><div style=\"text-align:left;\"><a class=\"fusion-button button-flat fusion-button-default-size button-custom fusion-button-default button-3 fusion-button-default-span fusion-button-default-type\" style=\"--awb-margin-top:10px;--awb-margin-right:15px;--awb-margin-bottom:0px;--awb-margin-left:15px;--button_accent_color:var(--awb-color1);--button_accent_hover_color:#ffffff;--button_border_hover_color:#424242;--button_gradient_top_color:var(--awb-color6);--button_gradient_bottom_color:var(--awb-color6);--button_gradient_top_color_hover:var(--awb-color5);--button_gradient_bottom_color_hover:var(--awb-color5);--button_text_transform:var(--awb-typography4-text-transform);--button_font_size:var(--awb-typography4-font-size);--button_line_height:var(--awb-typography4-line-height);--button_typography-letter-spacing:var(--awb-typography4-letter-spacing);--button_typography-font-family:var(--awb-typography4-font-family);--button_typography-font-weight:var(--awb-typography4-font-weight);--button_typography-font-style:var(--awb-typography4-font-style);\" target=\"_self\" href=\"https:\/\/doctoraminerva.es\/ca\/realitzem-nou-curs-per-incorporar-lus-ditero\/\"><span class=\"fusion-button-text awb-button__text awb-button__text--default\">M\u00e9s informaci\u00f3<\/span><\/a><\/div><\/div><\/li>\n<li class=\"fusion-layout-column fusion_builder_column fusion-builder-column-4 fusion-flex-column post-card fusion-grid-column fusion-post-cards-grid-column\" style=\"--awb-padding-top:15px;--awb-padding-right:15px;--awb-padding-bottom:15px;--awb-padding-left:15px;--awb-overflow:hidden;--awb-bg-color:var(--awb-color2);--awb-bg-color-hover:var(--awb-color2);--awb-bg-blend:overlay;--awb-bg-size:cover;--awb-border-color:var(--awb-color2);--awb-border-top:1px;--awb-border-right:1px;--awb-border-bottom:1px;--awb-border-left:1px;--awb-border-style:solid;--awb-border-radius:25px 25px 25px 25px;--awb-flex-grow:0;--awb-flex-shrink:0;--awb-flex-grow-medium:0;--awb-flex-shrink-medium:0;--awb-flex-grow-small:0;--awb-flex-shrink-small:0;\" data-scroll-devices=\"small-visibility,medium-visibility,large-visibility\"><div class=\"fusion-column-wrapper fusion-column-has-shadow fusion-flex-justify-content-flex-start fusion-content-layout-column\"><div class=\"fusion-classic-product-image-wrapper fusion-woo-product-image fusion-post-card-image fusion-post-card-image-1 has-aspect-ratio\" data-layout=\"static\" style=\"--awb-border-radius-top-left:10px;--awb-border-radius-top-right:10px;--awb-border-radius-bottom-right:10px;--awb-border-radius-bottom-left:10px;--awb-aspect-ratio:1.25;\"><div  class=\"fusion-image-wrapper\" aria-haspopup=\"true\">\n\t\t\t\t\t\t\t<a href=\"https:\/\/doctoraminerva.es\/ca\/installem-una-nova-zona-cardioprotegida-a-la-clinica\/\" aria-label=\"Instal\u00b7lem una nova zona cardioprotegida a la cl\u00ednica\">\n\t\t\t\t\t\t\t<img decoding=\"async\" width=\"600\" height=\"446\" src=\"https:\/\/doctoraminerva.es\/wp-content\/uploads\/instalamos-una-nueva-zona-cardioprotegida-en-la-clinica_x.webp\" class=\"attachment-full size-full wp-post-image\" alt=\"Instalamos una nueva zona cardioprotegida en la cl\u00ednica\" srcset=\"https:\/\/doctoraminerva.es\/wp-content\/uploads\/instalamos-una-nueva-zona-cardioprotegida-en-la-clinica_x-200x149.webp 200w, https:\/\/doctoraminerva.es\/wp-content\/uploads\/instalamos-una-nueva-zona-cardioprotegida-en-la-clinica_x-400x297.webp 400w, https:\/\/doctoraminerva.es\/wp-content\/uploads\/instalamos-una-nueva-zona-cardioprotegida-en-la-clinica_x.webp 600w\" sizes=\"(min-width: 2200px) 100vw, (min-width: 1036px) 333px, (min-width: 904px) 443px, (min-width: 772px) 665px, (min-width: 640px) 772px, \" \/>\t\t\t<\/a>\n\t\t\t\t\t\t\t<\/div>\n<\/div><div class=\"fusion-builder-row fusion-builder-row-inner fusion-row fusion-flex-align-items-flex-start fusion-flex-justify-content-center fusion-flex-content-wrap\" style=\"--awb-flex-grow:0;--awb-flex-grow-medium:0;--awb-flex-grow-small:0;--awb-flex-shrink:0;--awb-flex-shrink-medium:0;--awb-flex-shrink-small:0;width:calc( 100% + 60px ) !important;max-width:calc( 100% + 60px ) !important;margin-left: calc(-60px \/ 2 );margin-right: calc(-60px \/ 2 );\"><div class=\"fusion-layout-column fusion_builder_column_inner fusion-builder-nested-column-3 fusion_builder_column_inner_1_1 1_1 fusion-flex-column\" style=\"--awb-padding-top:20px;--awb-padding-right:15px;--awb-padding-bottom:20px;--awb-padding-left:15px;--awb-overflow:hidden;--awb-bg-size:cover;--awb-border-radius:2px 2px 2px 2px;--awb-width-large:100%;--awb-margin-top-large:0px;--awb-spacing-right-large:30px;--awb-margin-bottom-large:0px;--awb-spacing-left-large:30px;--awb-width-medium:100%;--awb-order-medium:0;--awb-spacing-right-medium:30px;--awb-spacing-left-medium:30px;--awb-width-small:100%;--awb-order-small:0;--awb-spacing-right-small:30px;--awb-spacing-left-small:30px;\" data-scroll-devices=\"small-visibility,medium-visibility,large-visibility\"><div class=\"fusion-column-wrapper fusion-column-has-shadow fusion-flex-justify-content-flex-start fusion-content-layout-column\"><div class=\"fusion-title title fusion-title-6 fusion-sep-none fusion-title-text fusion-title-size-three alturatitulos\" style=\"--awb-text-color:var(--awb-color6);--awb-margin-top:5px;--awb-margin-bottom:0px;--awb-margin-top-small:10px;--awb-margin-right-small:0px;--awb-margin-bottom-small:10px;--awb-margin-left-small:0px;--awb-font-size:var(--awb-custom_typography_2-font-size);\"><h3 class=\"fusion-title-heading title-heading-left fusion-responsive-typography-calculated\" style=\"font-family:var(--awb-custom_typography_2-font-family);font-weight:var(--awb-custom_typography_2-font-weight);font-style:var(--awb-custom_typography_2-font-style);margin:0;letter-spacing:var(--awb-custom_typography_2-letter-spacing);text-transform:var(--awb-custom_typography_2-text-transform);font-size:1em;--fontSize:19;--minFontSize:19;line-height:var(--awb-custom_typography_2-line-height);\">Instal\u00b7lem una nova zona cardioprotegida a la cl\u00ednica<\/h3><\/div><\/div><\/div><\/div><div style=\"text-align:left;\"><a class=\"fusion-button button-flat fusion-button-default-size button-custom fusion-button-default button-4 fusion-button-default-span fusion-button-default-type\" style=\"--awb-margin-top:10px;--awb-margin-right:15px;--awb-margin-bottom:0px;--awb-margin-left:15px;--button_accent_color:var(--awb-color1);--button_accent_hover_color:#ffffff;--button_border_hover_color:#424242;--button_gradient_top_color:var(--awb-color6);--button_gradient_bottom_color:var(--awb-color6);--button_gradient_top_color_hover:var(--awb-color5);--button_gradient_bottom_color_hover:var(--awb-color5);--button_text_transform:var(--awb-typography4-text-transform);--button_font_size:var(--awb-typography4-font-size);--button_line_height:var(--awb-typography4-line-height);--button_typography-letter-spacing:var(--awb-typography4-letter-spacing);--button_typography-font-family:var(--awb-typography4-font-family);--button_typography-font-weight:var(--awb-typography4-font-weight);--button_typography-font-style:var(--awb-typography4-font-style);\" target=\"_self\" href=\"https:\/\/doctoraminerva.es\/ca\/installem-una-nova-zona-cardioprotegida-a-la-clinica\/\"><span class=\"fusion-button-text awb-button__text awb-button__text--default\">M\u00e9s informaci\u00f3<\/span><\/a><\/div><\/div><\/li>\n<li class=\"fusion-layout-column fusion_builder_column fusion-builder-column-5 fusion-flex-column post-card fusion-grid-column fusion-post-cards-grid-column\" style=\"--awb-padding-top:15px;--awb-padding-right:15px;--awb-padding-bottom:15px;--awb-padding-left:15px;--awb-overflow:hidden;--awb-bg-color:var(--awb-color2);--awb-bg-color-hover:var(--awb-color2);--awb-bg-blend:overlay;--awb-bg-size:cover;--awb-border-color:var(--awb-color2);--awb-border-top:1px;--awb-border-right:1px;--awb-border-bottom:1px;--awb-border-left:1px;--awb-border-style:solid;--awb-border-radius:25px 25px 25px 25px;--awb-flex-grow:0;--awb-flex-shrink:0;--awb-flex-grow-medium:0;--awb-flex-shrink-medium:0;--awb-flex-grow-small:0;--awb-flex-shrink-small:0;\" data-scroll-devices=\"small-visibility,medium-visibility,large-visibility\"><div class=\"fusion-column-wrapper fusion-column-has-shadow fusion-flex-justify-content-flex-start fusion-content-layout-column\"><div class=\"fusion-classic-product-image-wrapper fusion-woo-product-image fusion-post-card-image fusion-post-card-image-1 has-aspect-ratio\" data-layout=\"static\" style=\"--awb-border-radius-top-left:10px;--awb-border-radius-top-right:10px;--awb-border-radius-bottom-right:10px;--awb-border-radius-bottom-left:10px;--awb-aspect-ratio:1.25;\"><div  class=\"fusion-image-wrapper\" aria-haspopup=\"true\">\n\t\t\t\t\t\t\t<a href=\"https:\/\/doctoraminerva.es\/ca\/lequip-de-doctora-minerva-assisteix-al-curs-suport-vital-basic-amb-desfibrillador-extern-automatitzat\/\" aria-label=\"L\u2019equip de Doctora Minerva assisteix al curs \u201cSuport Vital B\u00e0sic amb Desfibril\u00b7lador Extern Automatitzat\u201d\">\n\t\t\t\t\t\t\t<img decoding=\"async\" width=\"800\" height=\"600\" src=\"https:\/\/doctoraminerva.es\/wp-content\/uploads\/curso-reanimacion-6_x.webp\" class=\"attachment-full size-full wp-post-image\" alt=\"El equipo de Doctora Minerva asiste al curso \u201cSuport Vital B\u00e0sic amb Desfibril\u00b7lador Extern Automatitzat\u201d\" srcset=\"https:\/\/doctoraminerva.es\/wp-content\/uploads\/curso-reanimacion-6_x-200x150.webp 200w, https:\/\/doctoraminerva.es\/wp-content\/uploads\/curso-reanimacion-6_x-400x300.webp 400w, https:\/\/doctoraminerva.es\/wp-content\/uploads\/curso-reanimacion-6_x-600x450.webp 600w, https:\/\/doctoraminerva.es\/wp-content\/uploads\/curso-reanimacion-6_x.webp 800w\" sizes=\"(min-width: 2200px) 100vw, (min-width: 1036px) 333px, (min-width: 904px) 443px, (min-width: 772px) 665px, (min-width: 640px) 772px, \" \/>\t\t\t<\/a>\n\t\t\t\t\t\t\t<\/div>\n<\/div><div class=\"fusion-builder-row fusion-builder-row-inner fusion-row fusion-flex-align-items-flex-start fusion-flex-justify-content-center fusion-flex-content-wrap\" style=\"--awb-flex-grow:0;--awb-flex-grow-medium:0;--awb-flex-grow-small:0;--awb-flex-shrink:0;--awb-flex-shrink-medium:0;--awb-flex-shrink-small:0;width:calc( 100% + 60px ) !important;max-width:calc( 100% + 60px ) !important;margin-left: calc(-60px \/ 2 );margin-right: calc(-60px \/ 2 );\"><div class=\"fusion-layout-column fusion_builder_column_inner fusion-builder-nested-column-4 fusion_builder_column_inner_1_1 1_1 fusion-flex-column\" style=\"--awb-padding-top:20px;--awb-padding-right:15px;--awb-padding-bottom:20px;--awb-padding-left:15px;--awb-overflow:hidden;--awb-bg-size:cover;--awb-border-radius:2px 2px 2px 2px;--awb-width-large:100%;--awb-margin-top-large:0px;--awb-spacing-right-large:30px;--awb-margin-bottom-large:0px;--awb-spacing-left-large:30px;--awb-width-medium:100%;--awb-order-medium:0;--awb-spacing-right-medium:30px;--awb-spacing-left-medium:30px;--awb-width-small:100%;--awb-order-small:0;--awb-spacing-right-small:30px;--awb-spacing-left-small:30px;\" data-scroll-devices=\"small-visibility,medium-visibility,large-visibility\"><div class=\"fusion-column-wrapper fusion-column-has-shadow fusion-flex-justify-content-flex-start fusion-content-layout-column\"><div class=\"fusion-title title fusion-title-7 fusion-sep-none fusion-title-text fusion-title-size-three alturatitulos\" style=\"--awb-text-color:var(--awb-color6);--awb-margin-top:5px;--awb-margin-bottom:0px;--awb-margin-top-small:10px;--awb-margin-right-small:0px;--awb-margin-bottom-small:10px;--awb-margin-left-small:0px;--awb-font-size:var(--awb-custom_typography_2-font-size);\"><h3 class=\"fusion-title-heading title-heading-left fusion-responsive-typography-calculated\" style=\"font-family:var(--awb-custom_typography_2-font-family);font-weight:var(--awb-custom_typography_2-font-weight);font-style:var(--awb-custom_typography_2-font-style);margin:0;letter-spacing:var(--awb-custom_typography_2-letter-spacing);text-transform:var(--awb-custom_typography_2-text-transform);font-size:1em;--fontSize:19;--minFontSize:19;line-height:var(--awb-custom_typography_2-line-height);\">L\u2019equip de Doctora Minerva assisteix al curs \u201cSuport Vital B\u00e0sic amb Desfibril\u00b7lador Extern Automatitzat\u201d<\/h3><\/div><\/div><\/div><\/div><div style=\"text-align:left;\"><a class=\"fusion-button button-flat fusion-button-default-size button-custom fusion-button-default button-5 fusion-button-default-span fusion-button-default-type\" style=\"--awb-margin-top:10px;--awb-margin-right:15px;--awb-margin-bottom:0px;--awb-margin-left:15px;--button_accent_color:var(--awb-color1);--button_accent_hover_color:#ffffff;--button_border_hover_color:#424242;--button_gradient_top_color:var(--awb-color6);--button_gradient_bottom_color:var(--awb-color6);--button_gradient_top_color_hover:var(--awb-color5);--button_gradient_bottom_color_hover:var(--awb-color5);--button_text_transform:var(--awb-typography4-text-transform);--button_font_size:var(--awb-typography4-font-size);--button_line_height:var(--awb-typography4-line-height);--button_typography-letter-spacing:var(--awb-typography4-letter-spacing);--button_typography-font-family:var(--awb-typography4-font-family);--button_typography-font-weight:var(--awb-typography4-font-weight);--button_typography-font-style:var(--awb-typography4-font-style);\" target=\"_self\" href=\"https:\/\/doctoraminerva.es\/ca\/lequip-de-doctora-minerva-assisteix-al-curs-suport-vital-basic-amb-desfibrillador-extern-automatitzat\/\"><span class=\"fusion-button-text awb-button__text awb-button__text--default\">M\u00e9s informaci\u00f3<\/span><\/a><\/div><\/div><\/li>\n<li class=\"fusion-layout-column fusion_builder_column fusion-builder-column-6 fusion-flex-column post-card fusion-grid-column fusion-post-cards-grid-column\" style=\"--awb-padding-top:15px;--awb-padding-right:15px;--awb-padding-bottom:15px;--awb-padding-left:15px;--awb-overflow:hidden;--awb-bg-color:var(--awb-color2);--awb-bg-color-hover:var(--awb-color2);--awb-bg-blend:overlay;--awb-bg-size:cover;--awb-border-color:var(--awb-color2);--awb-border-top:1px;--awb-border-right:1px;--awb-border-bottom:1px;--awb-border-left:1px;--awb-border-style:solid;--awb-border-radius:25px 25px 25px 25px;--awb-flex-grow:0;--awb-flex-shrink:0;--awb-flex-grow-medium:0;--awb-flex-shrink-medium:0;--awb-flex-grow-small:0;--awb-flex-shrink-small:0;\" data-scroll-devices=\"small-visibility,medium-visibility,large-visibility\"><div class=\"fusion-column-wrapper fusion-column-has-shadow fusion-flex-justify-content-flex-start fusion-content-layout-column\"><div class=\"fusion-classic-product-image-wrapper fusion-woo-product-image fusion-post-card-image fusion-post-card-image-1 has-aspect-ratio\" data-layout=\"static\" style=\"--awb-border-radius-top-left:10px;--awb-border-radius-top-right:10px;--awb-border-radius-bottom-right:10px;--awb-border-radius-bottom-left:10px;--awb-aspect-ratio:1.25;\"><div  class=\"fusion-image-wrapper\" aria-haspopup=\"true\">\n\t\t\t\t\t\t\t<a href=\"https:\/\/doctoraminerva.es\/ca\/en-que-consisteix-un-implant-dental\/\" aria-label=\"En qu\u00e8 consisteix un implant dental?\">\n\t\t\t\t\t\t\t<img decoding=\"async\" width=\"600\" height=\"446\" src=\"https:\/\/doctoraminerva.es\/wp-content\/uploads\/en-que-consiste-un-implante-dental_x.webp\" class=\"attachment-full size-full wp-post-image\" alt=\"Implante dental\" srcset=\"https:\/\/doctoraminerva.es\/wp-content\/uploads\/en-que-consiste-un-implante-dental_x-200x149.webp 200w, https:\/\/doctoraminerva.es\/wp-content\/uploads\/en-que-consiste-un-implante-dental_x-400x297.webp 400w, https:\/\/doctoraminerva.es\/wp-content\/uploads\/en-que-consiste-un-implante-dental_x.webp 600w\" sizes=\"(min-width: 2200px) 100vw, (min-width: 1036px) 333px, (min-width: 904px) 443px, (min-width: 772px) 665px, (min-width: 640px) 772px, \" \/>\t\t\t<\/a>\n\t\t\t\t\t\t\t<\/div>\n<\/div><div class=\"fusion-builder-row fusion-builder-row-inner fusion-row fusion-flex-align-items-flex-start fusion-flex-justify-content-center fusion-flex-content-wrap\" style=\"--awb-flex-grow:0;--awb-flex-grow-medium:0;--awb-flex-grow-small:0;--awb-flex-shrink:0;--awb-flex-shrink-medium:0;--awb-flex-shrink-small:0;width:calc( 100% + 60px ) !important;max-width:calc( 100% + 60px ) !important;margin-left: calc(-60px \/ 2 );margin-right: calc(-60px \/ 2 );\"><div class=\"fusion-layout-column fusion_builder_column_inner fusion-builder-nested-column-5 fusion_builder_column_inner_1_1 1_1 fusion-flex-column\" style=\"--awb-padding-top:20px;--awb-padding-right:15px;--awb-padding-bottom:20px;--awb-padding-left:15px;--awb-overflow:hidden;--awb-bg-size:cover;--awb-border-radius:2px 2px 2px 2px;--awb-width-large:100%;--awb-margin-top-large:0px;--awb-spacing-right-large:30px;--awb-margin-bottom-large:0px;--awb-spacing-left-large:30px;--awb-width-medium:100%;--awb-order-medium:0;--awb-spacing-right-medium:30px;--awb-spacing-left-medium:30px;--awb-width-small:100%;--awb-order-small:0;--awb-spacing-right-small:30px;--awb-spacing-left-small:30px;\" data-scroll-devices=\"small-visibility,medium-visibility,large-visibility\"><div class=\"fusion-column-wrapper fusion-column-has-shadow fusion-flex-justify-content-flex-start fusion-content-layout-column\"><div class=\"fusion-title title fusion-title-8 fusion-sep-none fusion-title-text fusion-title-size-three alturatitulos\" style=\"--awb-text-color:var(--awb-color6);--awb-margin-top:5px;--awb-margin-bottom:0px;--awb-margin-top-small:10px;--awb-margin-right-small:0px;--awb-margin-bottom-small:10px;--awb-margin-left-small:0px;--awb-font-size:var(--awb-custom_typography_2-font-size);\"><h3 class=\"fusion-title-heading title-heading-left fusion-responsive-typography-calculated\" style=\"font-family:var(--awb-custom_typography_2-font-family);font-weight:var(--awb-custom_typography_2-font-weight);font-style:var(--awb-custom_typography_2-font-style);margin:0;letter-spacing:var(--awb-custom_typography_2-letter-spacing);text-transform:var(--awb-custom_typography_2-text-transform);font-size:1em;--fontSize:19;--minFontSize:19;line-height:var(--awb-custom_typography_2-line-height);\">En qu\u00e8 consisteix un implant dental?<\/h3><\/div><\/div><\/div><\/div><div style=\"text-align:left;\"><a class=\"fusion-button button-flat fusion-button-default-size button-custom fusion-button-default button-6 fusion-button-default-span fusion-button-default-type\" style=\"--awb-margin-top:10px;--awb-margin-right:15px;--awb-margin-bottom:0px;--awb-margin-left:15px;--button_accent_color:var(--awb-color1);--button_accent_hover_color:#ffffff;--button_border_hover_color:#424242;--button_gradient_top_color:var(--awb-color6);--button_gradient_bottom_color:var(--awb-color6);--button_gradient_top_color_hover:var(--awb-color5);--button_gradient_bottom_color_hover:var(--awb-color5);--button_text_transform:var(--awb-typography4-text-transform);--button_font_size:var(--awb-typography4-font-size);--button_line_height:var(--awb-typography4-line-height);--button_typography-letter-spacing:var(--awb-typography4-letter-spacing);--button_typography-font-family:var(--awb-typography4-font-family);--button_typography-font-weight:var(--awb-typography4-font-weight);--button_typography-font-style:var(--awb-typography4-font-style);\" target=\"_self\" href=\"https:\/\/doctoraminerva.es\/ca\/en-que-consisteix-un-implant-dental\/\"><span class=\"fusion-button-text awb-button__text awb-button__text--default\">M\u00e9s informaci\u00f3<\/span><\/a><\/div><\/div><\/li>\n<li class=\"fusion-layout-column fusion_builder_column fusion-builder-column-7 fusion-flex-column post-card fusion-grid-column fusion-post-cards-grid-column\" style=\"--awb-padding-top:15px;--awb-padding-right:15px;--awb-padding-bottom:15px;--awb-padding-left:15px;--awb-overflow:hidden;--awb-bg-color:var(--awb-color2);--awb-bg-color-hover:var(--awb-color2);--awb-bg-blend:overlay;--awb-bg-size:cover;--awb-border-color:var(--awb-color2);--awb-border-top:1px;--awb-border-right:1px;--awb-border-bottom:1px;--awb-border-left:1px;--awb-border-style:solid;--awb-border-radius:25px 25px 25px 25px;--awb-flex-grow:0;--awb-flex-shrink:0;--awb-flex-grow-medium:0;--awb-flex-shrink-medium:0;--awb-flex-grow-small:0;--awb-flex-shrink-small:0;\" data-scroll-devices=\"small-visibility,medium-visibility,large-visibility\"><div class=\"fusion-column-wrapper fusion-column-has-shadow fusion-flex-justify-content-flex-start fusion-content-layout-column\"><div class=\"fusion-classic-product-image-wrapper fusion-woo-product-image fusion-post-card-image fusion-post-card-image-1 has-aspect-ratio\" data-layout=\"static\" style=\"--awb-border-radius-top-left:10px;--awb-border-radius-top-right:10px;--awb-border-radius-bottom-right:10px;--awb-border-radius-bottom-left:10px;--awb-aspect-ratio:1.25;\"><div  class=\"fusion-image-wrapper\" aria-haspopup=\"true\">\n\t\t\t\t\t\t\t<a href=\"https:\/\/doctoraminerva.es\/ca\/carilles-i-estetica-dental\/\" aria-label=\"Carilles i est\u00e8tica dental\">\n\t\t\t\t\t\t\t<img decoding=\"async\" width=\"600\" height=\"446\" src=\"https:\/\/doctoraminerva.es\/wp-content\/uploads\/carillas-y-estetica-dental_x.webp\" class=\"attachment-full size-full wp-post-image\" alt=\"Carillas y est\u00e9tica dental\" srcset=\"https:\/\/doctoraminerva.es\/wp-content\/uploads\/carillas-y-estetica-dental_x-200x149.webp 200w, https:\/\/doctoraminerva.es\/wp-content\/uploads\/carillas-y-estetica-dental_x-400x297.webp 400w, https:\/\/doctoraminerva.es\/wp-content\/uploads\/carillas-y-estetica-dental_x.webp 600w\" sizes=\"(min-width: 2200px) 100vw, (min-width: 1036px) 333px, (min-width: 904px) 443px, (min-width: 772px) 665px, (min-width: 640px) 772px, \" \/>\t\t\t<\/a>\n\t\t\t\t\t\t\t<\/div>\n<\/div><div class=\"fusion-builder-row fusion-builder-row-inner fusion-row fusion-flex-align-items-flex-start fusion-flex-justify-content-center fusion-flex-content-wrap\" style=\"--awb-flex-grow:0;--awb-flex-grow-medium:0;--awb-flex-grow-small:0;--awb-flex-shrink:0;--awb-flex-shrink-medium:0;--awb-flex-shrink-small:0;width:calc( 100% + 60px ) !important;max-width:calc( 100% + 60px ) !important;margin-left: calc(-60px \/ 2 );margin-right: calc(-60px \/ 2 );\"><div class=\"fusion-layout-column fusion_builder_column_inner fusion-builder-nested-column-6 fusion_builder_column_inner_1_1 1_1 fusion-flex-column\" style=\"--awb-padding-top:20px;--awb-padding-right:15px;--awb-padding-bottom:20px;--awb-padding-left:15px;--awb-overflow:hidden;--awb-bg-size:cover;--awb-border-radius:2px 2px 2px 2px;--awb-width-large:100%;--awb-margin-top-large:0px;--awb-spacing-right-large:30px;--awb-margin-bottom-large:0px;--awb-spacing-left-large:30px;--awb-width-medium:100%;--awb-order-medium:0;--awb-spacing-right-medium:30px;--awb-spacing-left-medium:30px;--awb-width-small:100%;--awb-order-small:0;--awb-spacing-right-small:30px;--awb-spacing-left-small:30px;\" data-scroll-devices=\"small-visibility,medium-visibility,large-visibility\"><div class=\"fusion-column-wrapper fusion-column-has-shadow fusion-flex-justify-content-flex-start fusion-content-layout-column\"><div class=\"fusion-title title fusion-title-9 fusion-sep-none fusion-title-text fusion-title-size-three alturatitulos\" style=\"--awb-text-color:var(--awb-color6);--awb-margin-top:5px;--awb-margin-bottom:0px;--awb-margin-top-small:10px;--awb-margin-right-small:0px;--awb-margin-bottom-small:10px;--awb-margin-left-small:0px;--awb-font-size:var(--awb-custom_typography_2-font-size);\"><h3 class=\"fusion-title-heading title-heading-left fusion-responsive-typography-calculated\" style=\"font-family:var(--awb-custom_typography_2-font-family);font-weight:var(--awb-custom_typography_2-font-weight);font-style:var(--awb-custom_typography_2-font-style);margin:0;letter-spacing:var(--awb-custom_typography_2-letter-spacing);text-transform:var(--awb-custom_typography_2-text-transform);font-size:1em;--fontSize:19;--minFontSize:19;line-height:var(--awb-custom_typography_2-line-height);\">Carilles i est\u00e8tica dental<\/h3><\/div><\/div><\/div><\/div><div style=\"text-align:left;\"><a class=\"fusion-button button-flat fusion-button-default-size button-custom fusion-button-default button-7 fusion-button-default-span fusion-button-default-type\" style=\"--awb-margin-top:10px;--awb-margin-right:15px;--awb-margin-bottom:0px;--awb-margin-left:15px;--button_accent_color:var(--awb-color1);--button_accent_hover_color:#ffffff;--button_border_hover_color:#424242;--button_gradient_top_color:var(--awb-color6);--button_gradient_bottom_color:var(--awb-color6);--button_gradient_top_color_hover:var(--awb-color5);--button_gradient_bottom_color_hover:var(--awb-color5);--button_text_transform:var(--awb-typography4-text-transform);--button_font_size:var(--awb-typography4-font-size);--button_line_height:var(--awb-typography4-line-height);--button_typography-letter-spacing:var(--awb-typography4-letter-spacing);--button_typography-font-family:var(--awb-typography4-font-family);--button_typography-font-weight:var(--awb-typography4-font-weight);--button_typography-font-style:var(--awb-typography4-font-style);\" target=\"_self\" href=\"https:\/\/doctoraminerva.es\/ca\/carilles-i-estetica-dental\/\"><span class=\"fusion-button-text awb-button__text awb-button__text--default\">M\u00e9s informaci\u00f3<\/span><\/a><\/div><\/div><\/li>\n<li class=\"fusion-layout-column fusion_builder_column fusion-builder-column-8 fusion-flex-column post-card fusion-grid-column fusion-post-cards-grid-column\" style=\"--awb-padding-top:15px;--awb-padding-right:15px;--awb-padding-bottom:15px;--awb-padding-left:15px;--awb-overflow:hidden;--awb-bg-color:var(--awb-color2);--awb-bg-color-hover:var(--awb-color2);--awb-bg-blend:overlay;--awb-bg-size:cover;--awb-border-color:var(--awb-color2);--awb-border-top:1px;--awb-border-right:1px;--awb-border-bottom:1px;--awb-border-left:1px;--awb-border-style:solid;--awb-border-radius:25px 25px 25px 25px;--awb-flex-grow:0;--awb-flex-shrink:0;--awb-flex-grow-medium:0;--awb-flex-shrink-medium:0;--awb-flex-grow-small:0;--awb-flex-shrink-small:0;\" data-scroll-devices=\"small-visibility,medium-visibility,large-visibility\"><div class=\"fusion-column-wrapper fusion-column-has-shadow fusion-flex-justify-content-flex-start fusion-content-layout-column\"><div class=\"fusion-classic-product-image-wrapper fusion-woo-product-image fusion-post-card-image fusion-post-card-image-1 has-aspect-ratio\" data-layout=\"static\" style=\"--awb-border-radius-top-left:10px;--awb-border-radius-top-right:10px;--awb-border-radius-bottom-right:10px;--awb-border-radius-bottom-left:10px;--awb-aspect-ratio:1.25;\"><div  class=\"fusion-image-wrapper\" aria-haspopup=\"true\">\n\t\t\t\t\t\t\t<a href=\"https:\/\/doctoraminerva.es\/ca\/protectors-esportius-que-son-i-per-a-que-serveixen\/\" aria-label=\"Protectors esportius: qu\u00e8 s\u00f3n i per a qu\u00e8 serveixen\">\n\t\t\t\t\t\t\t<img decoding=\"async\" width=\"600\" height=\"446\" src=\"https:\/\/doctoraminerva.es\/wp-content\/uploads\/protectores-deportivos-que-son-y-para-que-sirven_x.webp\" class=\"attachment-full size-full wp-post-image\" alt=\"Protectores deportivos\" srcset=\"https:\/\/doctoraminerva.es\/wp-content\/uploads\/protectores-deportivos-que-son-y-para-que-sirven_x-200x149.webp 200w, https:\/\/doctoraminerva.es\/wp-content\/uploads\/protectores-deportivos-que-son-y-para-que-sirven_x-400x297.webp 400w, https:\/\/doctoraminerva.es\/wp-content\/uploads\/protectores-deportivos-que-son-y-para-que-sirven_x.webp 600w\" sizes=\"(min-width: 2200px) 100vw, (min-width: 1036px) 333px, (min-width: 904px) 443px, (min-width: 772px) 665px, (min-width: 640px) 772px, \" \/>\t\t\t<\/a>\n\t\t\t\t\t\t\t<\/div>\n<\/div><div class=\"fusion-builder-row fusion-builder-row-inner fusion-row fusion-flex-align-items-flex-start fusion-flex-justify-content-center fusion-flex-content-wrap\" style=\"--awb-flex-grow:0;--awb-flex-grow-medium:0;--awb-flex-grow-small:0;--awb-flex-shrink:0;--awb-flex-shrink-medium:0;--awb-flex-shrink-small:0;width:calc( 100% + 60px ) !important;max-width:calc( 100% + 60px ) !important;margin-left: calc(-60px \/ 2 );margin-right: calc(-60px \/ 2 );\"><div class=\"fusion-layout-column fusion_builder_column_inner fusion-builder-nested-column-7 fusion_builder_column_inner_1_1 1_1 fusion-flex-column\" style=\"--awb-padding-top:20px;--awb-padding-right:15px;--awb-padding-bottom:20px;--awb-padding-left:15px;--awb-overflow:hidden;--awb-bg-size:cover;--awb-border-radius:2px 2px 2px 2px;--awb-width-large:100%;--awb-margin-top-large:0px;--awb-spacing-right-large:30px;--awb-margin-bottom-large:0px;--awb-spacing-left-large:30px;--awb-width-medium:100%;--awb-order-medium:0;--awb-spacing-right-medium:30px;--awb-spacing-left-medium:30px;--awb-width-small:100%;--awb-order-small:0;--awb-spacing-right-small:30px;--awb-spacing-left-small:30px;\" data-scroll-devices=\"small-visibility,medium-visibility,large-visibility\"><div class=\"fusion-column-wrapper fusion-column-has-shadow fusion-flex-justify-content-flex-start fusion-content-layout-column\"><div class=\"fusion-title title fusion-title-10 fusion-sep-none fusion-title-text fusion-title-size-three alturatitulos\" style=\"--awb-text-color:var(--awb-color6);--awb-margin-top:5px;--awb-margin-bottom:0px;--awb-margin-top-small:10px;--awb-margin-right-small:0px;--awb-margin-bottom-small:10px;--awb-margin-left-small:0px;--awb-font-size:var(--awb-custom_typography_2-font-size);\"><h3 class=\"fusion-title-heading title-heading-left fusion-responsive-typography-calculated\" style=\"font-family:var(--awb-custom_typography_2-font-family);font-weight:var(--awb-custom_typography_2-font-weight);font-style:var(--awb-custom_typography_2-font-style);margin:0;letter-spacing:var(--awb-custom_typography_2-letter-spacing);text-transform:var(--awb-custom_typography_2-text-transform);font-size:1em;--fontSize:19;--minFontSize:19;line-height:var(--awb-custom_typography_2-line-height);\">Protectors esportius: qu\u00e8 s\u00f3n i per a qu\u00e8 serveixen<\/h3><\/div><\/div><\/div><\/div><div style=\"text-align:left;\"><a class=\"fusion-button button-flat fusion-button-default-size button-custom fusion-button-default button-8 fusion-button-default-span fusion-button-default-type\" style=\"--awb-margin-top:10px;--awb-margin-right:15px;--awb-margin-bottom:0px;--awb-margin-left:15px;--button_accent_color:var(--awb-color1);--button_accent_hover_color:#ffffff;--button_border_hover_color:#424242;--button_gradient_top_color:var(--awb-color6);--button_gradient_bottom_color:var(--awb-color6);--button_gradient_top_color_hover:var(--awb-color5);--button_gradient_bottom_color_hover:var(--awb-color5);--button_text_transform:var(--awb-typography4-text-transform);--button_font_size:var(--awb-typography4-font-size);--button_line_height:var(--awb-typography4-line-height);--button_typography-letter-spacing:var(--awb-typography4-letter-spacing);--button_typography-font-family:var(--awb-typography4-font-family);--button_typography-font-weight:var(--awb-typography4-font-weight);--button_typography-font-style:var(--awb-typography4-font-style);\" target=\"_self\" href=\"https:\/\/doctoraminerva.es\/ca\/protectors-esportius-que-son-i-per-a-que-serveixen\/\"><span class=\"fusion-button-text awb-button__text awb-button__text--default\">M\u00e9s informaci\u00f3<\/span><\/a><\/div><\/div><\/li>\n<li class=\"fusion-layout-column fusion_builder_column fusion-builder-column-9 fusion-flex-column post-card fusion-grid-column fusion-post-cards-grid-column\" style=\"--awb-padding-top:15px;--awb-padding-right:15px;--awb-padding-bottom:15px;--awb-padding-left:15px;--awb-overflow:hidden;--awb-bg-color:var(--awb-color2);--awb-bg-color-hover:var(--awb-color2);--awb-bg-blend:overlay;--awb-bg-size:cover;--awb-border-color:var(--awb-color2);--awb-border-top:1px;--awb-border-right:1px;--awb-border-bottom:1px;--awb-border-left:1px;--awb-border-style:solid;--awb-border-radius:25px 25px 25px 25px;--awb-flex-grow:0;--awb-flex-shrink:0;--awb-flex-grow-medium:0;--awb-flex-shrink-medium:0;--awb-flex-grow-small:0;--awb-flex-shrink-small:0;\" data-scroll-devices=\"small-visibility,medium-visibility,large-visibility\"><div class=\"fusion-column-wrapper fusion-column-has-shadow fusion-flex-justify-content-flex-start fusion-content-layout-column\"><div class=\"fusion-classic-product-image-wrapper fusion-woo-product-image fusion-post-card-image fusion-post-card-image-1 has-aspect-ratio\" data-layout=\"static\" style=\"--awb-border-radius-top-left:10px;--awb-border-radius-top-right:10px;--awb-border-radius-bottom-right:10px;--awb-border-radius-bottom-left:10px;--awb-aspect-ratio:1.25;\"><div  class=\"fusion-image-wrapper\" aria-haspopup=\"true\">\n\t\t\t\t\t\t\t<a href=\"https:\/\/doctoraminerva.es\/ca\/malalties-dentals-infantils-mes-comuns-i-com-detectar-les\/\" aria-label=\"Malalties dentals infantils m\u00e9s comuns i com detectar-les\">\n\t\t\t\t\t\t\t<img decoding=\"async\" width=\"600\" height=\"446\" src=\"https:\/\/doctoraminerva.es\/wp-content\/uploads\/enfermedades-dentales-infantiles-mas-comunes-y-como-detectarlas_x.webp\" class=\"attachment-full size-full wp-post-image\" alt=\"Malposiciones dentales\" srcset=\"https:\/\/doctoraminerva.es\/wp-content\/uploads\/enfermedades-dentales-infantiles-mas-comunes-y-como-detectarlas_x-200x149.webp 200w, https:\/\/doctoraminerva.es\/wp-content\/uploads\/enfermedades-dentales-infantiles-mas-comunes-y-como-detectarlas_x-400x297.webp 400w, https:\/\/doctoraminerva.es\/wp-content\/uploads\/enfermedades-dentales-infantiles-mas-comunes-y-como-detectarlas_x.webp 600w\" sizes=\"(min-width: 2200px) 100vw, (min-width: 1036px) 333px, (min-width: 904px) 443px, (min-width: 772px) 665px, (min-width: 640px) 772px, \" \/>\t\t\t<\/a>\n\t\t\t\t\t\t\t<\/div>\n<\/div><div class=\"fusion-builder-row fusion-builder-row-inner fusion-row fusion-flex-align-items-flex-start fusion-flex-justify-content-center fusion-flex-content-wrap\" style=\"--awb-flex-grow:0;--awb-flex-grow-medium:0;--awb-flex-grow-small:0;--awb-flex-shrink:0;--awb-flex-shrink-medium:0;--awb-flex-shrink-small:0;width:calc( 100% + 60px ) !important;max-width:calc( 100% + 60px ) !important;margin-left: calc(-60px \/ 2 );margin-right: calc(-60px \/ 2 );\"><div class=\"fusion-layout-column fusion_builder_column_inner fusion-builder-nested-column-8 fusion_builder_column_inner_1_1 1_1 fusion-flex-column\" style=\"--awb-padding-top:20px;--awb-padding-right:15px;--awb-padding-bottom:20px;--awb-padding-left:15px;--awb-overflow:hidden;--awb-bg-size:cover;--awb-border-radius:2px 2px 2px 2px;--awb-width-large:100%;--awb-margin-top-large:0px;--awb-spacing-right-large:30px;--awb-margin-bottom-large:0px;--awb-spacing-left-large:30px;--awb-width-medium:100%;--awb-order-medium:0;--awb-spacing-right-medium:30px;--awb-spacing-left-medium:30px;--awb-width-small:100%;--awb-order-small:0;--awb-spacing-right-small:30px;--awb-spacing-left-small:30px;\" data-scroll-devices=\"small-visibility,medium-visibility,large-visibility\"><div class=\"fusion-column-wrapper fusion-column-has-shadow fusion-flex-justify-content-flex-start fusion-content-layout-column\"><div class=\"fusion-title title fusion-title-11 fusion-sep-none fusion-title-text fusion-title-size-three alturatitulos\" style=\"--awb-text-color:var(--awb-color6);--awb-margin-top:5px;--awb-margin-bottom:0px;--awb-margin-top-small:10px;--awb-margin-right-small:0px;--awb-margin-bottom-small:10px;--awb-margin-left-small:0px;--awb-font-size:var(--awb-custom_typography_2-font-size);\"><h3 class=\"fusion-title-heading title-heading-left fusion-responsive-typography-calculated\" style=\"font-family:var(--awb-custom_typography_2-font-family);font-weight:var(--awb-custom_typography_2-font-weight);font-style:var(--awb-custom_typography_2-font-style);margin:0;letter-spacing:var(--awb-custom_typography_2-letter-spacing);text-transform:var(--awb-custom_typography_2-text-transform);font-size:1em;--fontSize:19;--minFontSize:19;line-height:var(--awb-custom_typography_2-line-height);\">Malalties dentals infantils m\u00e9s comuns i com detectar-les<\/h3><\/div><\/div><\/div><\/div><div style=\"text-align:left;\"><a class=\"fusion-button button-flat fusion-button-default-size button-custom fusion-button-default button-9 fusion-button-default-span fusion-button-default-type\" style=\"--awb-margin-top:10px;--awb-margin-right:15px;--awb-margin-bottom:0px;--awb-margin-left:15px;--button_accent_color:var(--awb-color1);--button_accent_hover_color:#ffffff;--button_border_hover_color:#424242;--button_gradient_top_color:var(--awb-color6);--button_gradient_bottom_color:var(--awb-color6);--button_gradient_top_color_hover:var(--awb-color5);--button_gradient_bottom_color_hover:var(--awb-color5);--button_text_transform:var(--awb-typography4-text-transform);--button_font_size:var(--awb-typography4-font-size);--button_line_height:var(--awb-typography4-line-height);--button_typography-letter-spacing:var(--awb-typography4-letter-spacing);--button_typography-font-family:var(--awb-typography4-font-family);--button_typography-font-weight:var(--awb-typography4-font-weight);--button_typography-font-style:var(--awb-typography4-font-style);\" target=\"_self\" href=\"https:\/\/doctoraminerva.es\/ca\/malalties-dentals-infantils-mes-comuns-i-com-detectar-les\/\"><span class=\"fusion-button-text awb-button__text awb-button__text--default\">M\u00e9s informaci\u00f3<\/span><\/a><\/div><\/div><\/li>\n<li class=\"fusion-layout-column fusion_builder_column fusion-builder-column-10 fusion-flex-column post-card fusion-grid-column fusion-post-cards-grid-column\" style=\"--awb-padding-top:15px;--awb-padding-right:15px;--awb-padding-bottom:15px;--awb-padding-left:15px;--awb-overflow:hidden;--awb-bg-color:var(--awb-color2);--awb-bg-color-hover:var(--awb-color2);--awb-bg-blend:overlay;--awb-bg-size:cover;--awb-border-color:var(--awb-color2);--awb-border-top:1px;--awb-border-right:1px;--awb-border-bottom:1px;--awb-border-left:1px;--awb-border-style:solid;--awb-border-radius:25px 25px 25px 25px;--awb-flex-grow:0;--awb-flex-shrink:0;--awb-flex-grow-medium:0;--awb-flex-shrink-medium:0;--awb-flex-grow-small:0;--awb-flex-shrink-small:0;\" data-scroll-devices=\"small-visibility,medium-visibility,large-visibility\"><div class=\"fusion-column-wrapper fusion-column-has-shadow fusion-flex-justify-content-flex-start fusion-content-layout-column\"><div class=\"fusion-classic-product-image-wrapper fusion-woo-product-image fusion-post-card-image fusion-post-card-image-1 has-aspect-ratio\" data-layout=\"static\" style=\"--awb-border-radius-top-left:10px;--awb-border-radius-top-right:10px;--awb-border-radius-bottom-right:10px;--awb-border-radius-bottom-left:10px;--awb-aspect-ratio:1.25;\"><div  class=\"fusion-image-wrapper\" aria-haspopup=\"true\">\n\t\t\t\t\t\t\t<a href=\"https:\/\/doctoraminerva.es\/ca\/preguntes-i-respostes-sobre-el-tractament-dendodoncia\/\" aria-label=\"Preguntes i respostes sobre el tractament d&#8217;endod\u00f2ncia\">\n\t\t\t\t\t\t\t<img decoding=\"async\" width=\"500\" height=\"350\" src=\"https:\/\/doctoraminerva.es\/wp-content\/uploads\/preguntas-y-respuestas-sobre-el-tratamiento-de-endodoncia-art_x.webp\" class=\"attachment-full size-full wp-post-image\" alt=\"Preguntas y respuestas sobre el tratamiento de endodoncia\" srcset=\"https:\/\/doctoraminerva.es\/wp-content\/uploads\/preguntas-y-respuestas-sobre-el-tratamiento-de-endodoncia-art_x-200x140.webp 200w, https:\/\/doctoraminerva.es\/wp-content\/uploads\/preguntas-y-respuestas-sobre-el-tratamiento-de-endodoncia-art_x-400x280.webp 400w, https:\/\/doctoraminerva.es\/wp-content\/uploads\/preguntas-y-respuestas-sobre-el-tratamiento-de-endodoncia-art_x.webp 500w\" sizes=\"(min-width: 2200px) 100vw, (min-width: 1036px) 333px, (min-width: 904px) 443px, (min-width: 772px) 665px, (min-width: 640px) 772px, \" \/>\t\t\t<\/a>\n\t\t\t\t\t\t\t<\/div>\n<\/div><div class=\"fusion-builder-row fusion-builder-row-inner fusion-row fusion-flex-align-items-flex-start fusion-flex-justify-content-center fusion-flex-content-wrap\" style=\"--awb-flex-grow:0;--awb-flex-grow-medium:0;--awb-flex-grow-small:0;--awb-flex-shrink:0;--awb-flex-shrink-medium:0;--awb-flex-shrink-small:0;width:calc( 100% + 60px ) !important;max-width:calc( 100% + 60px ) !important;margin-left: calc(-60px \/ 2 );margin-right: calc(-60px \/ 2 );\"><div class=\"fusion-layout-column fusion_builder_column_inner fusion-builder-nested-column-9 fusion_builder_column_inner_1_1 1_1 fusion-flex-column\" style=\"--awb-padding-top:20px;--awb-padding-right:15px;--awb-padding-bottom:20px;--awb-padding-left:15px;--awb-overflow:hidden;--awb-bg-size:cover;--awb-border-radius:2px 2px 2px 2px;--awb-width-large:100%;--awb-margin-top-large:0px;--awb-spacing-right-large:30px;--awb-margin-bottom-large:0px;--awb-spacing-left-large:30px;--awb-width-medium:100%;--awb-order-medium:0;--awb-spacing-right-medium:30px;--awb-spacing-left-medium:30px;--awb-width-small:100%;--awb-order-small:0;--awb-spacing-right-small:30px;--awb-spacing-left-small:30px;\" data-scroll-devices=\"small-visibility,medium-visibility,large-visibility\"><div class=\"fusion-column-wrapper fusion-column-has-shadow fusion-flex-justify-content-flex-start fusion-content-layout-column\"><div class=\"fusion-title title fusion-title-12 fusion-sep-none fusion-title-text fusion-title-size-three alturatitulos\" style=\"--awb-text-color:var(--awb-color6);--awb-margin-top:5px;--awb-margin-bottom:0px;--awb-margin-top-small:10px;--awb-margin-right-small:0px;--awb-margin-bottom-small:10px;--awb-margin-left-small:0px;--awb-font-size:var(--awb-custom_typography_2-font-size);\"><h3 class=\"fusion-title-heading title-heading-left fusion-responsive-typography-calculated\" style=\"font-family:var(--awb-custom_typography_2-font-family);font-weight:var(--awb-custom_typography_2-font-weight);font-style:var(--awb-custom_typography_2-font-style);margin:0;letter-spacing:var(--awb-custom_typography_2-letter-spacing);text-transform:var(--awb-custom_typography_2-text-transform);font-size:1em;--fontSize:19;--minFontSize:19;line-height:var(--awb-custom_typography_2-line-height);\">Preguntes i respostes sobre el tractament d&#8217;endod\u00f2ncia<\/h3><\/div><\/div><\/div><\/div><div style=\"text-align:left;\"><a class=\"fusion-button button-flat fusion-button-default-size button-custom fusion-button-default button-10 fusion-button-default-span fusion-button-default-type\" style=\"--awb-margin-top:10px;--awb-margin-right:15px;--awb-margin-bottom:0px;--awb-margin-left:15px;--button_accent_color:var(--awb-color1);--button_accent_hover_color:#ffffff;--button_border_hover_color:#424242;--button_gradient_top_color:var(--awb-color6);--button_gradient_bottom_color:var(--awb-color6);--button_gradient_top_color_hover:var(--awb-color5);--button_gradient_bottom_color_hover:var(--awb-color5);--button_text_transform:var(--awb-typography4-text-transform);--button_font_size:var(--awb-typography4-font-size);--button_line_height:var(--awb-typography4-line-height);--button_typography-letter-spacing:var(--awb-typography4-letter-spacing);--button_typography-font-family:var(--awb-typography4-font-family);--button_typography-font-weight:var(--awb-typography4-font-weight);--button_typography-font-style:var(--awb-typography4-font-style);\" target=\"_self\" href=\"https:\/\/doctoraminerva.es\/ca\/preguntes-i-respostes-sobre-el-tractament-dendodoncia\/\"><span class=\"fusion-button-text awb-button__text awb-button__text--default\">M\u00e9s informaci\u00f3<\/span><\/a><\/div><\/div><\/li>\n<li class=\"fusion-layout-column fusion_builder_column fusion-builder-column-11 fusion-flex-column post-card fusion-grid-column fusion-post-cards-grid-column\" style=\"--awb-padding-top:15px;--awb-padding-right:15px;--awb-padding-bottom:15px;--awb-padding-left:15px;--awb-overflow:hidden;--awb-bg-color:var(--awb-color2);--awb-bg-color-hover:var(--awb-color2);--awb-bg-blend:overlay;--awb-bg-size:cover;--awb-border-color:var(--awb-color2);--awb-border-top:1px;--awb-border-right:1px;--awb-border-bottom:1px;--awb-border-left:1px;--awb-border-style:solid;--awb-border-radius:25px 25px 25px 25px;--awb-flex-grow:0;--awb-flex-shrink:0;--awb-flex-grow-medium:0;--awb-flex-shrink-medium:0;--awb-flex-grow-small:0;--awb-flex-shrink-small:0;\" data-scroll-devices=\"small-visibility,medium-visibility,large-visibility\"><div class=\"fusion-column-wrapper fusion-column-has-shadow fusion-flex-justify-content-flex-start fusion-content-layout-column\"><div class=\"fusion-classic-product-image-wrapper fusion-woo-product-image fusion-post-card-image fusion-post-card-image-1 has-aspect-ratio\" data-layout=\"static\" style=\"--awb-border-radius-top-left:10px;--awb-border-radius-top-right:10px;--awb-border-radius-bottom-right:10px;--awb-border-radius-bottom-left:10px;--awb-aspect-ratio:1.25;\"><div  class=\"fusion-image-wrapper\" aria-haspopup=\"true\">\n\t\t\t\t\t\t\t<a href=\"https:\/\/doctoraminerva.es\/ca\/odontologia-preventiva\/\" aria-label=\"Odontologia preventiva\">\n\t\t\t\t\t\t\t<img decoding=\"async\" width=\"500\" height=\"350\" src=\"https:\/\/doctoraminerva.es\/wp-content\/uploads\/odontologia-preventiva-art.jpg\" class=\"attachment-full size-full wp-post-image\" alt=\"Odontolog\u00eda preventiva\" srcset=\"https:\/\/doctoraminerva.es\/wp-content\/uploads\/odontologia-preventiva-art-200x140.jpg 200w, https:\/\/doctoraminerva.es\/wp-content\/uploads\/odontologia-preventiva-art-400x280.jpg 400w, https:\/\/doctoraminerva.es\/wp-content\/uploads\/odontologia-preventiva-art.jpg 500w\" sizes=\"(min-width: 2200px) 100vw, (min-width: 1036px) 333px, (min-width: 904px) 443px, (min-width: 772px) 665px, (min-width: 640px) 772px, \" \/>\t\t\t<\/a>\n\t\t\t\t\t\t\t<\/div>\n<\/div><div class=\"fusion-builder-row fusion-builder-row-inner fusion-row fusion-flex-align-items-flex-start fusion-flex-justify-content-center fusion-flex-content-wrap\" style=\"--awb-flex-grow:0;--awb-flex-grow-medium:0;--awb-flex-grow-small:0;--awb-flex-shrink:0;--awb-flex-shrink-medium:0;--awb-flex-shrink-small:0;width:calc( 100% + 60px ) !important;max-width:calc( 100% + 60px ) !important;margin-left: calc(-60px \/ 2 );margin-right: calc(-60px \/ 2 );\"><div class=\"fusion-layout-column fusion_builder_column_inner fusion-builder-nested-column-10 fusion_builder_column_inner_1_1 1_1 fusion-flex-column\" style=\"--awb-padding-top:20px;--awb-padding-right:15px;--awb-padding-bottom:20px;--awb-padding-left:15px;--awb-overflow:hidden;--awb-bg-size:cover;--awb-border-radius:2px 2px 2px 2px;--awb-width-large:100%;--awb-margin-top-large:0px;--awb-spacing-right-large:30px;--awb-margin-bottom-large:0px;--awb-spacing-left-large:30px;--awb-width-medium:100%;--awb-order-medium:0;--awb-spacing-right-medium:30px;--awb-spacing-left-medium:30px;--awb-width-small:100%;--awb-order-small:0;--awb-spacing-right-small:30px;--awb-spacing-left-small:30px;\" data-scroll-devices=\"small-visibility,medium-visibility,large-visibility\"><div class=\"fusion-column-wrapper fusion-column-has-shadow fusion-flex-justify-content-flex-start fusion-content-layout-column\"><div class=\"fusion-title title fusion-title-13 fusion-sep-none fusion-title-text fusion-title-size-three alturatitulos\" style=\"--awb-text-color:var(--awb-color6);--awb-margin-top:5px;--awb-margin-bottom:0px;--awb-margin-top-small:10px;--awb-margin-right-small:0px;--awb-margin-bottom-small:10px;--awb-margin-left-small:0px;--awb-font-size:var(--awb-custom_typography_2-font-size);\"><h3 class=\"fusion-title-heading title-heading-left fusion-responsive-typography-calculated\" style=\"font-family:var(--awb-custom_typography_2-font-family);font-weight:var(--awb-custom_typography_2-font-weight);font-style:var(--awb-custom_typography_2-font-style);margin:0;letter-spacing:var(--awb-custom_typography_2-letter-spacing);text-transform:var(--awb-custom_typography_2-text-transform);font-size:1em;--fontSize:19;--minFontSize:19;line-height:var(--awb-custom_typography_2-line-height);\">Odontologia preventiva<\/h3><\/div><\/div><\/div><\/div><div style=\"text-align:left;\"><a class=\"fusion-button button-flat fusion-button-default-size button-custom fusion-button-default button-11 fusion-button-default-span fusion-button-default-type\" style=\"--awb-margin-top:10px;--awb-margin-right:15px;--awb-margin-bottom:0px;--awb-margin-left:15px;--button_accent_color:var(--awb-color1);--button_accent_hover_color:#ffffff;--button_border_hover_color:#424242;--button_gradient_top_color:var(--awb-color6);--button_gradient_bottom_color:var(--awb-color6);--button_gradient_top_color_hover:var(--awb-color5);--button_gradient_bottom_color_hover:var(--awb-color5);--button_text_transform:var(--awb-typography4-text-transform);--button_font_size:var(--awb-typography4-font-size);--button_line_height:var(--awb-typography4-line-height);--button_typography-letter-spacing:var(--awb-typography4-letter-spacing);--button_typography-font-family:var(--awb-typography4-font-family);--button_typography-font-weight:var(--awb-typography4-font-weight);--button_typography-font-style:var(--awb-typography4-font-style);\" target=\"_self\" href=\"https:\/\/doctoraminerva.es\/ca\/odontologia-preventiva\/\"><span class=\"fusion-button-text awb-button__text awb-button__text--default\">M\u00e9s informaci\u00f3<\/span><\/a><\/div><\/div><\/li>\n<li class=\"fusion-layout-column fusion_builder_column fusion-builder-column-12 fusion-flex-column post-card fusion-grid-column fusion-post-cards-grid-column\" style=\"--awb-padding-top:15px;--awb-padding-right:15px;--awb-padding-bottom:15px;--awb-padding-left:15px;--awb-overflow:hidden;--awb-bg-color:var(--awb-color2);--awb-bg-color-hover:var(--awb-color2);--awb-bg-blend:overlay;--awb-bg-size:cover;--awb-border-color:var(--awb-color2);--awb-border-top:1px;--awb-border-right:1px;--awb-border-bottom:1px;--awb-border-left:1px;--awb-border-style:solid;--awb-border-radius:25px 25px 25px 25px;--awb-flex-grow:0;--awb-flex-shrink:0;--awb-flex-grow-medium:0;--awb-flex-shrink-medium:0;--awb-flex-grow-small:0;--awb-flex-shrink-small:0;\" data-scroll-devices=\"small-visibility,medium-visibility,large-visibility\"><div class=\"fusion-column-wrapper fusion-column-has-shadow fusion-flex-justify-content-flex-start fusion-content-layout-column\"><div class=\"fusion-classic-product-image-wrapper fusion-woo-product-image fusion-post-card-image fusion-post-card-image-1 has-aspect-ratio\" data-layout=\"static\" style=\"--awb-border-radius-top-left:10px;--awb-border-radius-top-right:10px;--awb-border-radius-bottom-right:10px;--awb-border-radius-bottom-left:10px;--awb-aspect-ratio:1.25;\"><div  class=\"fusion-image-wrapper\" aria-haspopup=\"true\">\n\t\t\t\t\t\t\t<a href=\"https:\/\/doctoraminerva.es\/ca\/que-es-una-protesi-dental\/\" aria-label=\"Qu\u00e8 \u00e9s una pr\u00f2tesi dental?\">\n\t\t\t\t\t\t\t<img decoding=\"async\" width=\"500\" height=\"350\" src=\"https:\/\/doctoraminerva.es\/wp-content\/uploads\/que-es-la-protesis-dental_x.webp\" class=\"attachment-full size-full wp-post-image\" alt=\"\u00bfQu\u00e9 es una pr\u00f3tesis dental?\" srcset=\"https:\/\/doctoraminerva.es\/wp-content\/uploads\/que-es-la-protesis-dental_x-200x140.webp 200w, https:\/\/doctoraminerva.es\/wp-content\/uploads\/que-es-la-protesis-dental_x-400x280.webp 400w, https:\/\/doctoraminerva.es\/wp-content\/uploads\/que-es-la-protesis-dental_x.webp 500w\" sizes=\"(min-width: 2200px) 100vw, (min-width: 1036px) 333px, (min-width: 904px) 443px, (min-width: 772px) 665px, (min-width: 640px) 772px, \" \/>\t\t\t<\/a>\n\t\t\t\t\t\t\t<\/div>\n<\/div><div class=\"fusion-builder-row fusion-builder-row-inner fusion-row fusion-flex-align-items-flex-start fusion-flex-justify-content-center fusion-flex-content-wrap\" style=\"--awb-flex-grow:0;--awb-flex-grow-medium:0;--awb-flex-grow-small:0;--awb-flex-shrink:0;--awb-flex-shrink-medium:0;--awb-flex-shrink-small:0;width:calc( 100% + 60px ) !important;max-width:calc( 100% + 60px ) !important;margin-left: calc(-60px \/ 2 );margin-right: calc(-60px \/ 2 );\"><div class=\"fusion-layout-column fusion_builder_column_inner fusion-builder-nested-column-11 fusion_builder_column_inner_1_1 1_1 fusion-flex-column\" style=\"--awb-padding-top:20px;--awb-padding-right:15px;--awb-padding-bottom:20px;--awb-padding-left:15px;--awb-overflow:hidden;--awb-bg-size:cover;--awb-border-radius:2px 2px 2px 2px;--awb-width-large:100%;--awb-margin-top-large:0px;--awb-spacing-right-large:30px;--awb-margin-bottom-large:0px;--awb-spacing-left-large:30px;--awb-width-medium:100%;--awb-order-medium:0;--awb-spacing-right-medium:30px;--awb-spacing-left-medium:30px;--awb-width-small:100%;--awb-order-small:0;--awb-spacing-right-small:30px;--awb-spacing-left-small:30px;\" data-scroll-devices=\"small-visibility,medium-visibility,large-visibility\"><div class=\"fusion-column-wrapper fusion-column-has-shadow fusion-flex-justify-content-flex-start fusion-content-layout-column\"><div class=\"fusion-title title fusion-title-14 fusion-sep-none fusion-title-text fusion-title-size-three alturatitulos\" style=\"--awb-text-color:var(--awb-color6);--awb-margin-top:5px;--awb-margin-bottom:0px;--awb-margin-top-small:10px;--awb-margin-right-small:0px;--awb-margin-bottom-small:10px;--awb-margin-left-small:0px;--awb-font-size:var(--awb-custom_typography_2-font-size);\"><h3 class=\"fusion-title-heading title-heading-left fusion-responsive-typography-calculated\" style=\"font-family:var(--awb-custom_typography_2-font-family);font-weight:var(--awb-custom_typography_2-font-weight);font-style:var(--awb-custom_typography_2-font-style);margin:0;letter-spacing:var(--awb-custom_typography_2-letter-spacing);text-transform:var(--awb-custom_typography_2-text-transform);font-size:1em;--fontSize:19;--minFontSize:19;line-height:var(--awb-custom_typography_2-line-height);\">Qu\u00e8 \u00e9s una pr\u00f2tesi dental?<\/h3><\/div><\/div><\/div><\/div><div style=\"text-align:left;\"><a class=\"fusion-button button-flat fusion-button-default-size button-custom fusion-button-default button-12 fusion-button-default-span fusion-button-default-type\" style=\"--awb-margin-top:10px;--awb-margin-right:15px;--awb-margin-bottom:0px;--awb-margin-left:15px;--button_accent_color:var(--awb-color1);--button_accent_hover_color:#ffffff;--button_border_hover_color:#424242;--button_gradient_top_color:var(--awb-color6);--button_gradient_bottom_color:var(--awb-color6);--button_gradient_top_color_hover:var(--awb-color5);--button_gradient_bottom_color_hover:var(--awb-color5);--button_text_transform:var(--awb-typography4-text-transform);--button_font_size:var(--awb-typography4-font-size);--button_line_height:var(--awb-typography4-line-height);--button_typography-letter-spacing:var(--awb-typography4-letter-spacing);--button_typography-font-family:var(--awb-typography4-font-family);--button_typography-font-weight:var(--awb-typography4-font-weight);--button_typography-font-style:var(--awb-typography4-font-style);\" target=\"_self\" href=\"https:\/\/doctoraminerva.es\/ca\/que-es-una-protesi-dental\/\"><span class=\"fusion-button-text awb-button__text awb-button__text--default\">M\u00e9s informaci\u00f3<\/span><\/a><\/div><\/div><\/li>\n<li class=\"fusion-layout-column fusion_builder_column fusion-builder-column-13 fusion-flex-column post-card fusion-grid-column fusion-post-cards-grid-column\" style=\"--awb-padding-top:15px;--awb-padding-right:15px;--awb-padding-bottom:15px;--awb-padding-left:15px;--awb-overflow:hidden;--awb-bg-color:var(--awb-color2);--awb-bg-color-hover:var(--awb-color2);--awb-bg-blend:overlay;--awb-bg-size:cover;--awb-border-color:var(--awb-color2);--awb-border-top:1px;--awb-border-right:1px;--awb-border-bottom:1px;--awb-border-left:1px;--awb-border-style:solid;--awb-border-radius:25px 25px 25px 25px;--awb-flex-grow:0;--awb-flex-shrink:0;--awb-flex-grow-medium:0;--awb-flex-shrink-medium:0;--awb-flex-grow-small:0;--awb-flex-shrink-small:0;\" data-scroll-devices=\"small-visibility,medium-visibility,large-visibility\"><div class=\"fusion-column-wrapper fusion-column-has-shadow fusion-flex-justify-content-flex-start fusion-content-layout-column\"><div class=\"fusion-classic-product-image-wrapper fusion-woo-product-image fusion-post-card-image fusion-post-card-image-1 has-aspect-ratio\" data-layout=\"static\" style=\"--awb-border-radius-top-left:10px;--awb-border-radius-top-right:10px;--awb-border-radius-bottom-right:10px;--awb-border-radius-bottom-left:10px;--awb-aspect-ratio:1.25;\"><div  class=\"fusion-image-wrapper\" aria-haspopup=\"true\">\n\t\t\t\t\t\t\t<a href=\"https:\/\/doctoraminerva.es\/ca\/en-que-consisteix-la-periodoncia-i-quin-es-el-seu-abast\/\" aria-label=\"En qu\u00e8 consisteix la Period\u00f2ncia i quin \u00e9s el seu abast?\">\n\t\t\t\t\t\t\t<img decoding=\"async\" width=\"500\" height=\"350\" src=\"https:\/\/doctoraminerva.es\/wp-content\/uploads\/en-que-consiste-la-periodoncia-y-que-alcance-tiene_x.webp\" class=\"attachment-full size-full wp-post-image\" alt=\"\u00bfEn qu\u00e9 consiste la Periodoncia y qu\u00e9 alcance tiene?\" srcset=\"https:\/\/doctoraminerva.es\/wp-content\/uploads\/en-que-consiste-la-periodoncia-y-que-alcance-tiene_x-200x140.webp 200w, https:\/\/doctoraminerva.es\/wp-content\/uploads\/en-que-consiste-la-periodoncia-y-que-alcance-tiene_x-400x280.webp 400w, https:\/\/doctoraminerva.es\/wp-content\/uploads\/en-que-consiste-la-periodoncia-y-que-alcance-tiene_x.webp 500w\" sizes=\"(min-width: 2200px) 100vw, (min-width: 1036px) 333px, (min-width: 904px) 443px, (min-width: 772px) 665px, (min-width: 640px) 772px, \" \/>\t\t\t<\/a>\n\t\t\t\t\t\t\t<\/div>\n<\/div><div class=\"fusion-builder-row fusion-builder-row-inner fusion-row fusion-flex-align-items-flex-start fusion-flex-justify-content-center fusion-flex-content-wrap\" style=\"--awb-flex-grow:0;--awb-flex-grow-medium:0;--awb-flex-grow-small:0;--awb-flex-shrink:0;--awb-flex-shrink-medium:0;--awb-flex-shrink-small:0;width:calc( 100% + 60px ) !important;max-width:calc( 100% + 60px ) !important;margin-left: calc(-60px \/ 2 );margin-right: calc(-60px \/ 2 );\"><div class=\"fusion-layout-column fusion_builder_column_inner fusion-builder-nested-column-12 fusion_builder_column_inner_1_1 1_1 fusion-flex-column\" style=\"--awb-padding-top:20px;--awb-padding-right:15px;--awb-padding-bottom:20px;--awb-padding-left:15px;--awb-overflow:hidden;--awb-bg-size:cover;--awb-border-radius:2px 2px 2px 2px;--awb-width-large:100%;--awb-margin-top-large:0px;--awb-spacing-right-large:30px;--awb-margin-bottom-large:0px;--awb-spacing-left-large:30px;--awb-width-medium:100%;--awb-order-medium:0;--awb-spacing-right-medium:30px;--awb-spacing-left-medium:30px;--awb-width-small:100%;--awb-order-small:0;--awb-spacing-right-small:30px;--awb-spacing-left-small:30px;\" data-scroll-devices=\"small-visibility,medium-visibility,large-visibility\"><div class=\"fusion-column-wrapper fusion-column-has-shadow fusion-flex-justify-content-flex-start fusion-content-layout-column\"><div class=\"fusion-title title fusion-title-15 fusion-sep-none fusion-title-text fusion-title-size-three alturatitulos\" style=\"--awb-text-color:var(--awb-color6);--awb-margin-top:5px;--awb-margin-bottom:0px;--awb-margin-top-small:10px;--awb-margin-right-small:0px;--awb-margin-bottom-small:10px;--awb-margin-left-small:0px;--awb-font-size:var(--awb-custom_typography_2-font-size);\"><h3 class=\"fusion-title-heading title-heading-left fusion-responsive-typography-calculated\" style=\"font-family:var(--awb-custom_typography_2-font-family);font-weight:var(--awb-custom_typography_2-font-weight);font-style:var(--awb-custom_typography_2-font-style);margin:0;letter-spacing:var(--awb-custom_typography_2-letter-spacing);text-transform:var(--awb-custom_typography_2-text-transform);font-size:1em;--fontSize:19;--minFontSize:19;line-height:var(--awb-custom_typography_2-line-height);\">En qu\u00e8 consisteix la Period\u00f2ncia i quin \u00e9s el seu abast?<\/h3><\/div><\/div><\/div><\/div><div style=\"text-align:left;\"><a class=\"fusion-button button-flat fusion-button-default-size button-custom fusion-button-default button-13 fusion-button-default-span fusion-button-default-type\" style=\"--awb-margin-top:10px;--awb-margin-right:15px;--awb-margin-bottom:0px;--awb-margin-left:15px;--button_accent_color:var(--awb-color1);--button_accent_hover_color:#ffffff;--button_border_hover_color:#424242;--button_gradient_top_color:var(--awb-color6);--button_gradient_bottom_color:var(--awb-color6);--button_gradient_top_color_hover:var(--awb-color5);--button_gradient_bottom_color_hover:var(--awb-color5);--button_text_transform:var(--awb-typography4-text-transform);--button_font_size:var(--awb-typography4-font-size);--button_line_height:var(--awb-typography4-line-height);--button_typography-letter-spacing:var(--awb-typography4-letter-spacing);--button_typography-font-family:var(--awb-typography4-font-family);--button_typography-font-weight:var(--awb-typography4-font-weight);--button_typography-font-style:var(--awb-typography4-font-style);\" target=\"_self\" href=\"https:\/\/doctoraminerva.es\/ca\/en-que-consisteix-la-periodoncia-i-quin-es-el-seu-abast\/\"><span class=\"fusion-button-text awb-button__text awb-button__text--default\">M\u00e9s informaci\u00f3<\/span><\/a><\/div><\/div><\/li>\n<li class=\"fusion-layout-column fusion_builder_column fusion-builder-column-14 fusion-flex-column post-card fusion-grid-column fusion-post-cards-grid-column\" style=\"--awb-padding-top:15px;--awb-padding-right:15px;--awb-padding-bottom:15px;--awb-padding-left:15px;--awb-overflow:hidden;--awb-bg-color:var(--awb-color2);--awb-bg-color-hover:var(--awb-color2);--awb-bg-blend:overlay;--awb-bg-size:cover;--awb-border-color:var(--awb-color2);--awb-border-top:1px;--awb-border-right:1px;--awb-border-bottom:1px;--awb-border-left:1px;--awb-border-style:solid;--awb-border-radius:25px 25px 25px 25px;--awb-flex-grow:0;--awb-flex-shrink:0;--awb-flex-grow-medium:0;--awb-flex-shrink-medium:0;--awb-flex-grow-small:0;--awb-flex-shrink-small:0;\" data-scroll-devices=\"small-visibility,medium-visibility,large-visibility\"><div class=\"fusion-column-wrapper fusion-column-has-shadow fusion-flex-justify-content-flex-start fusion-content-layout-column\"><div class=\"fusion-classic-product-image-wrapper fusion-woo-product-image fusion-post-card-image fusion-post-card-image-1 has-aspect-ratio\" data-layout=\"static\" style=\"--awb-border-radius-top-left:10px;--awb-border-radius-top-right:10px;--awb-border-radius-bottom-right:10px;--awb-border-radius-bottom-left:10px;--awb-aspect-ratio:1.25;\"><div  class=\"fusion-image-wrapper\" aria-haspopup=\"true\">\n\t\t\t\t\t\t\t<a href=\"https:\/\/doctoraminerva.es\/ca\/lequip-de-la-clinica-doctora-minerva-us-volem-apropar-lesperit-de-la-festa-de-sant-jordi\/\" aria-label=\"L\u2019equip de la cl\u00ednica Doctora Minerva us volem apropar l\u2019esperit de la festa de Sant Jordi\">\n\t\t\t\t\t\t\t<img decoding=\"async\" width=\"600\" height=\"446\" src=\"https:\/\/doctoraminerva.es\/wp-content\/uploads\/sant-jordi-destacada_x.webp\" class=\"attachment-full size-full wp-post-image\" alt=\"Feliz Sant Jordi\" srcset=\"https:\/\/doctoraminerva.es\/wp-content\/uploads\/sant-jordi-destacada_x-200x149.webp 200w, https:\/\/doctoraminerva.es\/wp-content\/uploads\/sant-jordi-destacada_x-400x297.webp 400w, https:\/\/doctoraminerva.es\/wp-content\/uploads\/sant-jordi-destacada_x.webp 600w\" sizes=\"(min-width: 2200px) 100vw, (min-width: 1036px) 333px, (min-width: 904px) 443px, (min-width: 772px) 665px, (min-width: 640px) 772px, \" \/>\t\t\t<\/a>\n\t\t\t\t\t\t\t<\/div>\n<\/div><div class=\"fusion-builder-row fusion-builder-row-inner fusion-row fusion-flex-align-items-flex-start fusion-flex-justify-content-center fusion-flex-content-wrap\" style=\"--awb-flex-grow:0;--awb-flex-grow-medium:0;--awb-flex-grow-small:0;--awb-flex-shrink:0;--awb-flex-shrink-medium:0;--awb-flex-shrink-small:0;width:calc( 100% + 60px ) !important;max-width:calc( 100% + 60px ) !important;margin-left: calc(-60px \/ 2 );margin-right: calc(-60px \/ 2 );\"><div class=\"fusion-layout-column fusion_builder_column_inner fusion-builder-nested-column-13 fusion_builder_column_inner_1_1 1_1 fusion-flex-column\" style=\"--awb-padding-top:20px;--awb-padding-right:15px;--awb-padding-bottom:20px;--awb-padding-left:15px;--awb-overflow:hidden;--awb-bg-size:cover;--awb-border-radius:2px 2px 2px 2px;--awb-width-large:100%;--awb-margin-top-large:0px;--awb-spacing-right-large:30px;--awb-margin-bottom-large:0px;--awb-spacing-left-large:30px;--awb-width-medium:100%;--awb-order-medium:0;--awb-spacing-right-medium:30px;--awb-spacing-left-medium:30px;--awb-width-small:100%;--awb-order-small:0;--awb-spacing-right-small:30px;--awb-spacing-left-small:30px;\" data-scroll-devices=\"small-visibility,medium-visibility,large-visibility\"><div class=\"fusion-column-wrapper fusion-column-has-shadow fusion-flex-justify-content-flex-start fusion-content-layout-column\"><div class=\"fusion-title title fusion-title-16 fusion-sep-none fusion-title-text fusion-title-size-three alturatitulos\" style=\"--awb-text-color:var(--awb-color6);--awb-margin-top:5px;--awb-margin-bottom:0px;--awb-margin-top-small:10px;--awb-margin-right-small:0px;--awb-margin-bottom-small:10px;--awb-margin-left-small:0px;--awb-font-size:var(--awb-custom_typography_2-font-size);\"><h3 class=\"fusion-title-heading title-heading-left fusion-responsive-typography-calculated\" style=\"font-family:var(--awb-custom_typography_2-font-family);font-weight:var(--awb-custom_typography_2-font-weight);font-style:var(--awb-custom_typography_2-font-style);margin:0;letter-spacing:var(--awb-custom_typography_2-letter-spacing);text-transform:var(--awb-custom_typography_2-text-transform);font-size:1em;--fontSize:19;--minFontSize:19;line-height:var(--awb-custom_typography_2-line-height);\">L\u2019equip de la cl\u00ednica Doctora Minerva us volem apropar l\u2019esperit de la festa de Sant Jordi<\/h3><\/div><\/div><\/div><\/div><div style=\"text-align:left;\"><a class=\"fusion-button button-flat fusion-button-default-size button-custom fusion-button-default button-14 fusion-button-default-span fusion-button-default-type\" style=\"--awb-margin-top:10px;--awb-margin-right:15px;--awb-margin-bottom:0px;--awb-margin-left:15px;--button_accent_color:var(--awb-color1);--button_accent_hover_color:#ffffff;--button_border_hover_color:#424242;--button_gradient_top_color:var(--awb-color6);--button_gradient_bottom_color:var(--awb-color6);--button_gradient_top_color_hover:var(--awb-color5);--button_gradient_bottom_color_hover:var(--awb-color5);--button_text_transform:var(--awb-typography4-text-transform);--button_font_size:var(--awb-typography4-font-size);--button_line_height:var(--awb-typography4-line-height);--button_typography-letter-spacing:var(--awb-typography4-letter-spacing);--button_typography-font-family:var(--awb-typography4-font-family);--button_typography-font-weight:var(--awb-typography4-font-weight);--button_typography-font-style:var(--awb-typography4-font-style);\" target=\"_self\" href=\"https:\/\/doctoraminerva.es\/ca\/lequip-de-la-clinica-doctora-minerva-us-volem-apropar-lesperit-de-la-festa-de-sant-jordi\/\"><span class=\"fusion-button-text awb-button__text awb-button__text--default\">M\u00e9s informaci\u00f3<\/span><\/a><\/div><\/div><\/li>\n<li class=\"fusion-layout-column fusion_builder_column fusion-builder-column-15 fusion-flex-column post-card fusion-grid-column fusion-post-cards-grid-column\" style=\"--awb-padding-top:15px;--awb-padding-right:15px;--awb-padding-bottom:15px;--awb-padding-left:15px;--awb-overflow:hidden;--awb-bg-color:var(--awb-color2);--awb-bg-color-hover:var(--awb-color2);--awb-bg-blend:overlay;--awb-bg-size:cover;--awb-border-color:var(--awb-color2);--awb-border-top:1px;--awb-border-right:1px;--awb-border-bottom:1px;--awb-border-left:1px;--awb-border-style:solid;--awb-border-radius:25px 25px 25px 25px;--awb-flex-grow:0;--awb-flex-shrink:0;--awb-flex-grow-medium:0;--awb-flex-shrink-medium:0;--awb-flex-grow-small:0;--awb-flex-shrink-small:0;\" data-scroll-devices=\"small-visibility,medium-visibility,large-visibility\"><div class=\"fusion-column-wrapper fusion-column-has-shadow fusion-flex-justify-content-flex-start fusion-content-layout-column\"><div class=\"fusion-classic-product-image-wrapper fusion-woo-product-image fusion-post-card-image fusion-post-card-image-1 has-aspect-ratio\" data-layout=\"static\" style=\"--awb-border-radius-top-left:10px;--awb-border-radius-top-right:10px;--awb-border-radius-bottom-right:10px;--awb-border-radius-bottom-left:10px;--awb-aspect-ratio:1.25;\"><div  class=\"fusion-image-wrapper\" aria-haspopup=\"true\">\n\t\t\t\t\t\t\t<a href=\"https:\/\/doctoraminerva.es\/ca\/tot-anira-be\/\" aria-label=\"Tot anir\u00e0 b\u00e9\">\n\t\t\t\t\t\t\t<img decoding=\"async\" width=\"600\" height=\"446\" src=\"https:\/\/doctoraminerva.es\/wp-content\/uploads\/todo-ira-bien_x.webp\" class=\"attachment-full size-full wp-post-image\" alt=\"El equipo de la Cl\u00ednica Doctora Minerva queremos enviar un mensaje lleno de positivismo\" srcset=\"https:\/\/doctoraminerva.es\/wp-content\/uploads\/todo-ira-bien_x-200x149.webp 200w, https:\/\/doctoraminerva.es\/wp-content\/uploads\/todo-ira-bien_x-400x297.webp 400w, https:\/\/doctoraminerva.es\/wp-content\/uploads\/todo-ira-bien_x.webp 600w\" sizes=\"(min-width: 2200px) 100vw, (min-width: 1036px) 333px, (min-width: 904px) 443px, (min-width: 772px) 665px, (min-width: 640px) 772px, \" \/>\t\t\t<\/a>\n\t\t\t\t\t\t\t<\/div>\n<\/div><div class=\"fusion-builder-row fusion-builder-row-inner fusion-row fusion-flex-align-items-flex-start fusion-flex-justify-content-center fusion-flex-content-wrap\" style=\"--awb-flex-grow:0;--awb-flex-grow-medium:0;--awb-flex-grow-small:0;--awb-flex-shrink:0;--awb-flex-shrink-medium:0;--awb-flex-shrink-small:0;width:calc( 100% + 60px ) !important;max-width:calc( 100% + 60px ) !important;margin-left: calc(-60px \/ 2 );margin-right: calc(-60px \/ 2 );\"><div class=\"fusion-layout-column fusion_builder_column_inner fusion-builder-nested-column-14 fusion_builder_column_inner_1_1 1_1 fusion-flex-column\" style=\"--awb-padding-top:20px;--awb-padding-right:15px;--awb-padding-bottom:20px;--awb-padding-left:15px;--awb-overflow:hidden;--awb-bg-size:cover;--awb-border-radius:2px 2px 2px 2px;--awb-width-large:100%;--awb-margin-top-large:0px;--awb-spacing-right-large:30px;--awb-margin-bottom-large:0px;--awb-spacing-left-large:30px;--awb-width-medium:100%;--awb-order-medium:0;--awb-spacing-right-medium:30px;--awb-spacing-left-medium:30px;--awb-width-small:100%;--awb-order-small:0;--awb-spacing-right-small:30px;--awb-spacing-left-small:30px;\" data-scroll-devices=\"small-visibility,medium-visibility,large-visibility\"><div class=\"fusion-column-wrapper fusion-column-has-shadow fusion-flex-justify-content-flex-start fusion-content-layout-column\"><div class=\"fusion-title title fusion-title-17 fusion-sep-none fusion-title-text fusion-title-size-three alturatitulos\" style=\"--awb-text-color:var(--awb-color6);--awb-margin-top:5px;--awb-margin-bottom:0px;--awb-margin-top-small:10px;--awb-margin-right-small:0px;--awb-margin-bottom-small:10px;--awb-margin-left-small:0px;--awb-font-size:var(--awb-custom_typography_2-font-size);\"><h3 class=\"fusion-title-heading title-heading-left fusion-responsive-typography-calculated\" style=\"font-family:var(--awb-custom_typography_2-font-family);font-weight:var(--awb-custom_typography_2-font-weight);font-style:var(--awb-custom_typography_2-font-style);margin:0;letter-spacing:var(--awb-custom_typography_2-letter-spacing);text-transform:var(--awb-custom_typography_2-text-transform);font-size:1em;--fontSize:19;--minFontSize:19;line-height:var(--awb-custom_typography_2-line-height);\">Tot anir\u00e0 b\u00e9<\/h3><\/div><\/div><\/div><\/div><div style=\"text-align:left;\"><a class=\"fusion-button button-flat fusion-button-default-size button-custom fusion-button-default button-15 fusion-button-default-span fusion-button-default-type\" style=\"--awb-margin-top:10px;--awb-margin-right:15px;--awb-margin-bottom:0px;--awb-margin-left:15px;--button_accent_color:var(--awb-color1);--button_accent_hover_color:#ffffff;--button_border_hover_color:#424242;--button_gradient_top_color:var(--awb-color6);--button_gradient_bottom_color:var(--awb-color6);--button_gradient_top_color_hover:var(--awb-color5);--button_gradient_bottom_color_hover:var(--awb-color5);--button_text_transform:var(--awb-typography4-text-transform);--button_font_size:var(--awb-typography4-font-size);--button_line_height:var(--awb-typography4-line-height);--button_typography-letter-spacing:var(--awb-typography4-letter-spacing);--button_typography-font-family:var(--awb-typography4-font-family);--button_typography-font-weight:var(--awb-typography4-font-weight);--button_typography-font-style:var(--awb-typography4-font-style);\" target=\"_self\" href=\"https:\/\/doctoraminerva.es\/ca\/tot-anira-be\/\"><span class=\"fusion-button-text awb-button__text awb-button__text--default\">M\u00e9s informaci\u00f3<\/span><\/a><\/div><\/div><\/li>\n<li class=\"fusion-layout-column fusion_builder_column fusion-builder-column-16 fusion-flex-column post-card fusion-grid-column fusion-post-cards-grid-column\" style=\"--awb-padding-top:15px;--awb-padding-right:15px;--awb-padding-bottom:15px;--awb-padding-left:15px;--awb-overflow:hidden;--awb-bg-color:var(--awb-color2);--awb-bg-color-hover:var(--awb-color2);--awb-bg-blend:overlay;--awb-bg-size:cover;--awb-border-color:var(--awb-color2);--awb-border-top:1px;--awb-border-right:1px;--awb-border-bottom:1px;--awb-border-left:1px;--awb-border-style:solid;--awb-border-radius:25px 25px 25px 25px;--awb-flex-grow:0;--awb-flex-shrink:0;--awb-flex-grow-medium:0;--awb-flex-shrink-medium:0;--awb-flex-grow-small:0;--awb-flex-shrink-small:0;\" data-scroll-devices=\"small-visibility,medium-visibility,large-visibility\"><div class=\"fusion-column-wrapper fusion-column-has-shadow fusion-flex-justify-content-flex-start fusion-content-layout-column\"><div class=\"fusion-classic-product-image-wrapper fusion-woo-product-image fusion-post-card-image fusion-post-card-image-1 has-aspect-ratio\" data-layout=\"static\" style=\"--awb-border-radius-top-left:10px;--awb-border-radius-top-right:10px;--awb-border-radius-bottom-right:10px;--awb-border-radius-bottom-left:10px;--awb-aspect-ratio:1.25;\"><div  class=\"fusion-image-wrapper\" aria-haspopup=\"true\">\n\t\t\t\t\t\t\t<a href=\"https:\/\/doctoraminerva.es\/ca\/comunicat-situacio-actual-covid-19\/\" aria-label=\"Comunicat situaci\u00f3 actual Covid-19\">\n\t\t\t\t\t\t\t<img decoding=\"async\" width=\"600\" height=\"446\" src=\"https:\/\/doctoraminerva.es\/wp-content\/uploads\/comunicado-1_x.webp\" class=\"attachment-full size-full wp-post-image\" alt=\"Comunicado covid\" srcset=\"https:\/\/doctoraminerva.es\/wp-content\/uploads\/comunicado-1_x-200x149.webp 200w, https:\/\/doctoraminerva.es\/wp-content\/uploads\/comunicado-1_x-400x297.webp 400w, https:\/\/doctoraminerva.es\/wp-content\/uploads\/comunicado-1_x.webp 600w\" sizes=\"(min-width: 2200px) 100vw, (min-width: 1036px) 333px, (min-width: 904px) 443px, (min-width: 772px) 665px, (min-width: 640px) 772px, \" \/>\t\t\t<\/a>\n\t\t\t\t\t\t\t<\/div>\n<\/div><div class=\"fusion-builder-row fusion-builder-row-inner fusion-row fusion-flex-align-items-flex-start fusion-flex-justify-content-center fusion-flex-content-wrap\" style=\"--awb-flex-grow:0;--awb-flex-grow-medium:0;--awb-flex-grow-small:0;--awb-flex-shrink:0;--awb-flex-shrink-medium:0;--awb-flex-shrink-small:0;width:calc( 100% + 60px ) !important;max-width:calc( 100% + 60px ) !important;margin-left: calc(-60px \/ 2 );margin-right: calc(-60px \/ 2 );\"><div class=\"fusion-layout-column fusion_builder_column_inner fusion-builder-nested-column-15 fusion_builder_column_inner_1_1 1_1 fusion-flex-column\" style=\"--awb-padding-top:20px;--awb-padding-right:15px;--awb-padding-bottom:20px;--awb-padding-left:15px;--awb-overflow:hidden;--awb-bg-size:cover;--awb-border-radius:2px 2px 2px 2px;--awb-width-large:100%;--awb-margin-top-large:0px;--awb-spacing-right-large:30px;--awb-margin-bottom-large:0px;--awb-spacing-left-large:30px;--awb-width-medium:100%;--awb-order-medium:0;--awb-spacing-right-medium:30px;--awb-spacing-left-medium:30px;--awb-width-small:100%;--awb-order-small:0;--awb-spacing-right-small:30px;--awb-spacing-left-small:30px;\" data-scroll-devices=\"small-visibility,medium-visibility,large-visibility\"><div class=\"fusion-column-wrapper fusion-column-has-shadow fusion-flex-justify-content-flex-start fusion-content-layout-column\"><div class=\"fusion-title title fusion-title-18 fusion-sep-none fusion-title-text fusion-title-size-three alturatitulos\" style=\"--awb-text-color:var(--awb-color6);--awb-margin-top:5px;--awb-margin-bottom:0px;--awb-margin-top-small:10px;--awb-margin-right-small:0px;--awb-margin-bottom-small:10px;--awb-margin-left-small:0px;--awb-font-size:var(--awb-custom_typography_2-font-size);\"><h3 class=\"fusion-title-heading title-heading-left fusion-responsive-typography-calculated\" style=\"font-family:var(--awb-custom_typography_2-font-family);font-weight:var(--awb-custom_typography_2-font-weight);font-style:var(--awb-custom_typography_2-font-style);margin:0;letter-spacing:var(--awb-custom_typography_2-letter-spacing);text-transform:var(--awb-custom_typography_2-text-transform);font-size:1em;--fontSize:19;--minFontSize:19;line-height:var(--awb-custom_typography_2-line-height);\">Comunicat situaci\u00f3 actual Covid-19<\/h3><\/div><\/div><\/div><\/div><div style=\"text-align:left;\"><a class=\"fusion-button button-flat fusion-button-default-size button-custom fusion-button-default button-16 fusion-button-default-span fusion-button-default-type\" style=\"--awb-margin-top:10px;--awb-margin-right:15px;--awb-margin-bottom:0px;--awb-margin-left:15px;--button_accent_color:var(--awb-color1);--button_accent_hover_color:#ffffff;--button_border_hover_color:#424242;--button_gradient_top_color:var(--awb-color6);--button_gradient_bottom_color:var(--awb-color6);--button_gradient_top_color_hover:var(--awb-color5);--button_gradient_bottom_color_hover:var(--awb-color5);--button_text_transform:var(--awb-typography4-text-transform);--button_font_size:var(--awb-typography4-font-size);--button_line_height:var(--awb-typography4-line-height);--button_typography-letter-spacing:var(--awb-typography4-letter-spacing);--button_typography-font-family:var(--awb-typography4-font-family);--button_typography-font-weight:var(--awb-typography4-font-weight);--button_typography-font-style:var(--awb-typography4-font-style);\" target=\"_self\" href=\"https:\/\/doctoraminerva.es\/ca\/comunicat-situacio-actual-covid-19\/\"><span class=\"fusion-button-text awb-button__text awb-button__text--default\">M\u00e9s informaci\u00f3<\/span><\/a><\/div><\/div><\/li>\n<li class=\"fusion-layout-column fusion_builder_column fusion-builder-column-17 fusion-flex-column post-card fusion-grid-column fusion-post-cards-grid-column\" style=\"--awb-padding-top:15px;--awb-padding-right:15px;--awb-padding-bottom:15px;--awb-padding-left:15px;--awb-overflow:hidden;--awb-bg-color:var(--awb-color2);--awb-bg-color-hover:var(--awb-color2);--awb-bg-blend:overlay;--awb-bg-size:cover;--awb-border-color:var(--awb-color2);--awb-border-top:1px;--awb-border-right:1px;--awb-border-bottom:1px;--awb-border-left:1px;--awb-border-style:solid;--awb-border-radius:25px 25px 25px 25px;--awb-flex-grow:0;--awb-flex-shrink:0;--awb-flex-grow-medium:0;--awb-flex-shrink-medium:0;--awb-flex-grow-small:0;--awb-flex-shrink-small:0;\" data-scroll-devices=\"small-visibility,medium-visibility,large-visibility\"><div class=\"fusion-column-wrapper fusion-column-has-shadow fusion-flex-justify-content-flex-start fusion-content-layout-column\"><div class=\"fusion-classic-product-image-wrapper fusion-woo-product-image fusion-post-card-image fusion-post-card-image-1 has-aspect-ratio\" data-layout=\"static\" style=\"--awb-border-radius-top-left:10px;--awb-border-radius-top-right:10px;--awb-border-radius-bottom-right:10px;--awb-border-radius-bottom-left:10px;--awb-aspect-ratio:1.25;\"><div  class=\"fusion-image-wrapper\" aria-haspopup=\"true\">\n\t\t\t\t\t\t\t<a href=\"https:\/\/doctoraminerva.es\/ca\/dra-marta-rep-el-premi-a-la-millor-comunicacio-poster-de-casos-clinics\/\" aria-label=\"Dra. Marta rep el Premi a la millor comunicaci\u00f3 p\u00f2ster de casos cl\u00ednics\">\n\t\t\t\t\t\t\t<img decoding=\"async\" width=\"584\" height=\"800\" src=\"https:\/\/doctoraminerva.es\/wp-content\/uploads\/dra-marta-congreso_x.webp\" class=\"attachment-full size-full wp-post-image\" alt=\"\" srcset=\"https:\/\/doctoraminerva.es\/wp-content\/uploads\/dra-marta-congreso_x-200x274.webp 200w, https:\/\/doctoraminerva.es\/wp-content\/uploads\/dra-marta-congreso_x-400x548.webp 400w, https:\/\/doctoraminerva.es\/wp-content\/uploads\/dra-marta-congreso_x.webp 584w\" sizes=\"(min-width: 2200px) 100vw, (min-width: 1036px) 333px, (min-width: 904px) 443px, (min-width: 772px) 665px, (min-width: 640px) 772px, \" \/>\t\t\t<\/a>\n\t\t\t\t\t\t\t<\/div>\n<\/div><div class=\"fusion-builder-row fusion-builder-row-inner fusion-row fusion-flex-align-items-flex-start fusion-flex-justify-content-center fusion-flex-content-wrap\" style=\"--awb-flex-grow:0;--awb-flex-grow-medium:0;--awb-flex-grow-small:0;--awb-flex-shrink:0;--awb-flex-shrink-medium:0;--awb-flex-shrink-small:0;width:calc( 100% + 60px ) !important;max-width:calc( 100% + 60px ) !important;margin-left: calc(-60px \/ 2 );margin-right: calc(-60px \/ 2 );\"><div class=\"fusion-layout-column fusion_builder_column_inner fusion-builder-nested-column-16 fusion_builder_column_inner_1_1 1_1 fusion-flex-column\" style=\"--awb-padding-top:20px;--awb-padding-right:15px;--awb-padding-bottom:20px;--awb-padding-left:15px;--awb-overflow:hidden;--awb-bg-size:cover;--awb-border-radius:2px 2px 2px 2px;--awb-width-large:100%;--awb-margin-top-large:0px;--awb-spacing-right-large:30px;--awb-margin-bottom-large:0px;--awb-spacing-left-large:30px;--awb-width-medium:100%;--awb-order-medium:0;--awb-spacing-right-medium:30px;--awb-spacing-left-medium:30px;--awb-width-small:100%;--awb-order-small:0;--awb-spacing-right-small:30px;--awb-spacing-left-small:30px;\" data-scroll-devices=\"small-visibility,medium-visibility,large-visibility\"><div class=\"fusion-column-wrapper fusion-column-has-shadow fusion-flex-justify-content-flex-start fusion-content-layout-column\"><div class=\"fusion-title title fusion-title-19 fusion-sep-none fusion-title-text fusion-title-size-three alturatitulos\" style=\"--awb-text-color:var(--awb-color6);--awb-margin-top:5px;--awb-margin-bottom:0px;--awb-margin-top-small:10px;--awb-margin-right-small:0px;--awb-margin-bottom-small:10px;--awb-margin-left-small:0px;--awb-font-size:var(--awb-custom_typography_2-font-size);\"><h3 class=\"fusion-title-heading title-heading-left fusion-responsive-typography-calculated\" style=\"font-family:var(--awb-custom_typography_2-font-family);font-weight:var(--awb-custom_typography_2-font-weight);font-style:var(--awb-custom_typography_2-font-style);margin:0;letter-spacing:var(--awb-custom_typography_2-letter-spacing);text-transform:var(--awb-custom_typography_2-text-transform);font-size:1em;--fontSize:19;--minFontSize:19;line-height:var(--awb-custom_typography_2-line-height);\">Dra. Marta rep el Premi a la millor comunicaci\u00f3 p\u00f2ster de casos cl\u00ednics<\/h3><\/div><\/div><\/div><\/div><div style=\"text-align:left;\"><a class=\"fusion-button button-flat fusion-button-default-size button-custom fusion-button-default button-17 fusion-button-default-span fusion-button-default-type\" style=\"--awb-margin-top:10px;--awb-margin-right:15px;--awb-margin-bottom:0px;--awb-margin-left:15px;--button_accent_color:var(--awb-color1);--button_accent_hover_color:#ffffff;--button_border_hover_color:#424242;--button_gradient_top_color:var(--awb-color6);--button_gradient_bottom_color:var(--awb-color6);--button_gradient_top_color_hover:var(--awb-color5);--button_gradient_bottom_color_hover:var(--awb-color5);--button_text_transform:var(--awb-typography4-text-transform);--button_font_size:var(--awb-typography4-font-size);--button_line_height:var(--awb-typography4-line-height);--button_typography-letter-spacing:var(--awb-typography4-letter-spacing);--button_typography-font-family:var(--awb-typography4-font-family);--button_typography-font-weight:var(--awb-typography4-font-weight);--button_typography-font-style:var(--awb-typography4-font-style);\" target=\"_self\" href=\"https:\/\/doctoraminerva.es\/ca\/dra-marta-rep-el-premi-a-la-millor-comunicacio-poster-de-casos-clinics\/\"><span class=\"fusion-button-text awb-button__text awb-button__text--default\">M\u00e9s informaci\u00f3<\/span><\/a><\/div><\/div><\/li>\n<li class=\"fusion-layout-column fusion_builder_column fusion-builder-column-18 fusion-flex-column post-card fusion-grid-column fusion-post-cards-grid-column\" style=\"--awb-padding-top:15px;--awb-padding-right:15px;--awb-padding-bottom:15px;--awb-padding-left:15px;--awb-overflow:hidden;--awb-bg-color:var(--awb-color2);--awb-bg-color-hover:var(--awb-color2);--awb-bg-blend:overlay;--awb-bg-size:cover;--awb-border-color:var(--awb-color2);--awb-border-top:1px;--awb-border-right:1px;--awb-border-bottom:1px;--awb-border-left:1px;--awb-border-style:solid;--awb-border-radius:25px 25px 25px 25px;--awb-flex-grow:0;--awb-flex-shrink:0;--awb-flex-grow-medium:0;--awb-flex-shrink-medium:0;--awb-flex-grow-small:0;--awb-flex-shrink-small:0;\" data-scroll-devices=\"small-visibility,medium-visibility,large-visibility\"><div class=\"fusion-column-wrapper fusion-column-has-shadow fusion-flex-justify-content-flex-start fusion-content-layout-column\"><div class=\"fusion-classic-product-image-wrapper fusion-woo-product-image fusion-post-card-image fusion-post-card-image-1 has-aspect-ratio\" data-layout=\"static\" style=\"--awb-border-radius-top-left:10px;--awb-border-radius-top-right:10px;--awb-border-radius-bottom-right:10px;--awb-border-radius-bottom-left:10px;--awb-aspect-ratio:1.25;\"><div  class=\"fusion-image-wrapper\" aria-haspopup=\"true\">\n\t\t\t\t\t\t\t<a href=\"https:\/\/doctoraminerva.es\/ca\/dra-sara-participa-en-el-curs-microcargols-en-ortodoncia\/\" aria-label=\"Dra. Sara participa en el curs microcargols en Ortod\u00f2ncia\">\n\t\t\t\t\t\t\t<img decoding=\"async\" width=\"900\" height=\"675\" src=\"https:\/\/doctoraminerva.es\/wp-content\/uploads\/curso-microtornillos-1_x.webp\" class=\"attachment-full size-full wp-post-image\" alt=\"curso microtornillos\" srcset=\"https:\/\/doctoraminerva.es\/wp-content\/uploads\/curso-microtornillos-1_x-200x150.webp 200w, https:\/\/doctoraminerva.es\/wp-content\/uploads\/curso-microtornillos-1_x-400x300.webp 400w, https:\/\/doctoraminerva.es\/wp-content\/uploads\/curso-microtornillos-1_x-600x450.webp 600w, https:\/\/doctoraminerva.es\/wp-content\/uploads\/curso-microtornillos-1_x-800x600.webp 800w, https:\/\/doctoraminerva.es\/wp-content\/uploads\/curso-microtornillos-1_x.webp 900w\" sizes=\"(min-width: 2200px) 100vw, (min-width: 1036px) 333px, (min-width: 904px) 443px, (min-width: 772px) 665px, (min-width: 640px) 772px, \" \/>\t\t\t<\/a>\n\t\t\t\t\t\t\t<\/div>\n<\/div><div class=\"fusion-builder-row fusion-builder-row-inner fusion-row fusion-flex-align-items-flex-start fusion-flex-justify-content-center fusion-flex-content-wrap\" style=\"--awb-flex-grow:0;--awb-flex-grow-medium:0;--awb-flex-grow-small:0;--awb-flex-shrink:0;--awb-flex-shrink-medium:0;--awb-flex-shrink-small:0;width:calc( 100% + 60px ) !important;max-width:calc( 100% + 60px ) !important;margin-left: calc(-60px \/ 2 );margin-right: calc(-60px \/ 2 );\"><div class=\"fusion-layout-column fusion_builder_column_inner fusion-builder-nested-column-17 fusion_builder_column_inner_1_1 1_1 fusion-flex-column\" style=\"--awb-padding-top:20px;--awb-padding-right:15px;--awb-padding-bottom:20px;--awb-padding-left:15px;--awb-overflow:hidden;--awb-bg-size:cover;--awb-border-radius:2px 2px 2px 2px;--awb-width-large:100%;--awb-margin-top-large:0px;--awb-spacing-right-large:30px;--awb-margin-bottom-large:0px;--awb-spacing-left-large:30px;--awb-width-medium:100%;--awb-order-medium:0;--awb-spacing-right-medium:30px;--awb-spacing-left-medium:30px;--awb-width-small:100%;--awb-order-small:0;--awb-spacing-right-small:30px;--awb-spacing-left-small:30px;\" data-scroll-devices=\"small-visibility,medium-visibility,large-visibility\"><div class=\"fusion-column-wrapper fusion-column-has-shadow fusion-flex-justify-content-flex-start fusion-content-layout-column\"><div class=\"fusion-title title fusion-title-20 fusion-sep-none fusion-title-text fusion-title-size-three alturatitulos\" style=\"--awb-text-color:var(--awb-color6);--awb-margin-top:5px;--awb-margin-bottom:0px;--awb-margin-top-small:10px;--awb-margin-right-small:0px;--awb-margin-bottom-small:10px;--awb-margin-left-small:0px;--awb-font-size:var(--awb-custom_typography_2-font-size);\"><h3 class=\"fusion-title-heading title-heading-left fusion-responsive-typography-calculated\" style=\"font-family:var(--awb-custom_typography_2-font-family);font-weight:var(--awb-custom_typography_2-font-weight);font-style:var(--awb-custom_typography_2-font-style);margin:0;letter-spacing:var(--awb-custom_typography_2-letter-spacing);text-transform:var(--awb-custom_typography_2-text-transform);font-size:1em;--fontSize:19;--minFontSize:19;line-height:var(--awb-custom_typography_2-line-height);\">Dra. Sara participa en el curs microcargols en Ortod\u00f2ncia<\/h3><\/div><\/div><\/div><\/div><div style=\"text-align:left;\"><a class=\"fusion-button button-flat fusion-button-default-size button-custom fusion-button-default button-18 fusion-button-default-span fusion-button-default-type\" style=\"--awb-margin-top:10px;--awb-margin-right:15px;--awb-margin-bottom:0px;--awb-margin-left:15px;--button_accent_color:var(--awb-color1);--button_accent_hover_color:#ffffff;--button_border_hover_color:#424242;--button_gradient_top_color:var(--awb-color6);--button_gradient_bottom_color:var(--awb-color6);--button_gradient_top_color_hover:var(--awb-color5);--button_gradient_bottom_color_hover:var(--awb-color5);--button_text_transform:var(--awb-typography4-text-transform);--button_font_size:var(--awb-typography4-font-size);--button_line_height:var(--awb-typography4-line-height);--button_typography-letter-spacing:var(--awb-typography4-letter-spacing);--button_typography-font-family:var(--awb-typography4-font-family);--button_typography-font-weight:var(--awb-typography4-font-weight);--button_typography-font-style:var(--awb-typography4-font-style);\" target=\"_self\" href=\"https:\/\/doctoraminerva.es\/ca\/dra-sara-participa-en-el-curs-microcargols-en-ortodoncia\/\"><span class=\"fusion-button-text awb-button__text awb-button__text--default\">M\u00e9s informaci\u00f3<\/span><\/a><\/div><\/div><\/li>\n<li class=\"fusion-layout-column fusion_builder_column fusion-builder-column-19 fusion-flex-column post-card fusion-grid-column fusion-post-cards-grid-column\" style=\"--awb-padding-top:15px;--awb-padding-right:15px;--awb-padding-bottom:15px;--awb-padding-left:15px;--awb-overflow:hidden;--awb-bg-color:var(--awb-color2);--awb-bg-color-hover:var(--awb-color2);--awb-bg-blend:overlay;--awb-bg-size:cover;--awb-border-color:var(--awb-color2);--awb-border-top:1px;--awb-border-right:1px;--awb-border-bottom:1px;--awb-border-left:1px;--awb-border-style:solid;--awb-border-radius:25px 25px 25px 25px;--awb-flex-grow:0;--awb-flex-shrink:0;--awb-flex-grow-medium:0;--awb-flex-shrink-medium:0;--awb-flex-grow-small:0;--awb-flex-shrink-small:0;\" data-scroll-devices=\"small-visibility,medium-visibility,large-visibility\"><div class=\"fusion-column-wrapper fusion-column-has-shadow fusion-flex-justify-content-flex-start fusion-content-layout-column\"><div class=\"fusion-classic-product-image-wrapper fusion-woo-product-image fusion-post-card-image fusion-post-card-image-1 has-aspect-ratio\" data-layout=\"static\" style=\"--awb-border-radius-top-left:10px;--awb-border-radius-top-right:10px;--awb-border-radius-bottom-right:10px;--awb-border-radius-bottom-left:10px;--awb-aspect-ratio:1.25;\"><div  class=\"fusion-image-wrapper\" aria-haspopup=\"true\">\n\t\t\t\t\t\t\t<a href=\"https:\/\/doctoraminerva.es\/ca\/dra-paola-titulada-per-lumineers-per-a-laplicacio-de-carilles-ultra-primes\/\" aria-label=\"Dra. Paola, titulada per Lumineers per a l&#8217;aplicaci\u00f3 de carilles ultra-primes\">\n\t\t\t\t\t\t\t<img decoding=\"async\" width=\"1024\" height=\"683\" src=\"https:\/\/doctoraminerva.es\/wp-content\/uploads\/curso-abril-paola-lumineers-1024x683_x.webp\" class=\"attachment-full size-full wp-post-image\" alt=\"\" srcset=\"https:\/\/doctoraminerva.es\/wp-content\/uploads\/curso-abril-paola-lumineers-1024x683_x-200x133.webp 200w, https:\/\/doctoraminerva.es\/wp-content\/uploads\/curso-abril-paola-lumineers-1024x683_x-400x267.webp 400w, https:\/\/doctoraminerva.es\/wp-content\/uploads\/curso-abril-paola-lumineers-1024x683_x-600x400.webp 600w, https:\/\/doctoraminerva.es\/wp-content\/uploads\/curso-abril-paola-lumineers-1024x683_x-800x534.webp 800w, https:\/\/doctoraminerva.es\/wp-content\/uploads\/curso-abril-paola-lumineers-1024x683_x.webp 1024w\" sizes=\"(min-width: 2200px) 100vw, (min-width: 1036px) 333px, (min-width: 904px) 443px, (min-width: 772px) 665px, (min-width: 640px) 772px, \" \/>\t\t\t<\/a>\n\t\t\t\t\t\t\t<\/div>\n<\/div><div class=\"fusion-builder-row fusion-builder-row-inner fusion-row fusion-flex-align-items-flex-start fusion-flex-justify-content-center fusion-flex-content-wrap\" style=\"--awb-flex-grow:0;--awb-flex-grow-medium:0;--awb-flex-grow-small:0;--awb-flex-shrink:0;--awb-flex-shrink-medium:0;--awb-flex-shrink-small:0;width:calc( 100% + 60px ) !important;max-width:calc( 100% + 60px ) !important;margin-left: calc(-60px \/ 2 );margin-right: calc(-60px \/ 2 );\"><div class=\"fusion-layout-column fusion_builder_column_inner fusion-builder-nested-column-18 fusion_builder_column_inner_1_1 1_1 fusion-flex-column\" style=\"--awb-padding-top:20px;--awb-padding-right:15px;--awb-padding-bottom:20px;--awb-padding-left:15px;--awb-overflow:hidden;--awb-bg-size:cover;--awb-border-radius:2px 2px 2px 2px;--awb-width-large:100%;--awb-margin-top-large:0px;--awb-spacing-right-large:30px;--awb-margin-bottom-large:0px;--awb-spacing-left-large:30px;--awb-width-medium:100%;--awb-order-medium:0;--awb-spacing-right-medium:30px;--awb-spacing-left-medium:30px;--awb-width-small:100%;--awb-order-small:0;--awb-spacing-right-small:30px;--awb-spacing-left-small:30px;\" data-scroll-devices=\"small-visibility,medium-visibility,large-visibility\"><div class=\"fusion-column-wrapper fusion-column-has-shadow fusion-flex-justify-content-flex-start fusion-content-layout-column\"><div class=\"fusion-title title fusion-title-21 fusion-sep-none fusion-title-text fusion-title-size-three alturatitulos\" style=\"--awb-text-color:var(--awb-color6);--awb-margin-top:5px;--awb-margin-bottom:0px;--awb-margin-top-small:10px;--awb-margin-right-small:0px;--awb-margin-bottom-small:10px;--awb-margin-left-small:0px;--awb-font-size:var(--awb-custom_typography_2-font-size);\"><h3 class=\"fusion-title-heading title-heading-left fusion-responsive-typography-calculated\" style=\"font-family:var(--awb-custom_typography_2-font-family);font-weight:var(--awb-custom_typography_2-font-weight);font-style:var(--awb-custom_typography_2-font-style);margin:0;letter-spacing:var(--awb-custom_typography_2-letter-spacing);text-transform:var(--awb-custom_typography_2-text-transform);font-size:1em;--fontSize:19;--minFontSize:19;line-height:var(--awb-custom_typography_2-line-height);\">Dra. Paola, titulada per Lumineers per a l&#8217;aplicaci\u00f3 de carilles ultra-primes<\/h3><\/div><\/div><\/div><\/div><div style=\"text-align:left;\"><a class=\"fusion-button button-flat fusion-button-default-size button-custom fusion-button-default button-19 fusion-button-default-span fusion-button-default-type\" style=\"--awb-margin-top:10px;--awb-margin-right:15px;--awb-margin-bottom:0px;--awb-margin-left:15px;--button_accent_color:var(--awb-color1);--button_accent_hover_color:#ffffff;--button_border_hover_color:#424242;--button_gradient_top_color:var(--awb-color6);--button_gradient_bottom_color:var(--awb-color6);--button_gradient_top_color_hover:var(--awb-color5);--button_gradient_bottom_color_hover:var(--awb-color5);--button_text_transform:var(--awb-typography4-text-transform);--button_font_size:var(--awb-typography4-font-size);--button_line_height:var(--awb-typography4-line-height);--button_typography-letter-spacing:var(--awb-typography4-letter-spacing);--button_typography-font-family:var(--awb-typography4-font-family);--button_typography-font-weight:var(--awb-typography4-font-weight);--button_typography-font-style:var(--awb-typography4-font-style);\" target=\"_self\" href=\"https:\/\/doctoraminerva.es\/ca\/dra-paola-titulada-per-lumineers-per-a-laplicacio-de-carilles-ultra-primes\/\"><span class=\"fusion-button-text awb-button__text awb-button__text--default\">M\u00e9s informaci\u00f3<\/span><\/a><\/div><\/div><\/li>\n<li class=\"fusion-layout-column fusion_builder_column fusion-builder-column-20 fusion-flex-column post-card fusion-grid-column fusion-post-cards-grid-column\" style=\"--awb-padding-top:15px;--awb-padding-right:15px;--awb-padding-bottom:15px;--awb-padding-left:15px;--awb-overflow:hidden;--awb-bg-color:var(--awb-color2);--awb-bg-color-hover:var(--awb-color2);--awb-bg-blend:overlay;--awb-bg-size:cover;--awb-border-color:var(--awb-color2);--awb-border-top:1px;--awb-border-right:1px;--awb-border-bottom:1px;--awb-border-left:1px;--awb-border-style:solid;--awb-border-radius:25px 25px 25px 25px;--awb-flex-grow:0;--awb-flex-shrink:0;--awb-flex-grow-medium:0;--awb-flex-shrink-medium:0;--awb-flex-grow-small:0;--awb-flex-shrink-small:0;\" data-scroll-devices=\"small-visibility,medium-visibility,large-visibility\"><div class=\"fusion-column-wrapper fusion-column-has-shadow fusion-flex-justify-content-flex-start fusion-content-layout-column\"><div class=\"fusion-classic-product-image-wrapper fusion-woo-product-image fusion-post-card-image fusion-post-card-image-1 has-aspect-ratio\" data-layout=\"static\" style=\"--awb-border-radius-top-left:10px;--awb-border-radius-top-right:10px;--awb-border-radius-bottom-right:10px;--awb-border-radius-bottom-left:10px;--awb-aspect-ratio:1.25;\"><div  class=\"fusion-image-wrapper\" aria-haspopup=\"true\">\n\t\t\t\t\t\t\t<a href=\"https:\/\/doctoraminerva.es\/ca\/formacions-i-cursos-de-lequip-de-la-dra-minerva\/\" aria-label=\"Formacions i cursos de l&#8217;equip de la Dra.Minerva\">\n\t\t\t\t\t\t\t<img decoding=\"async\" width=\"379\" height=\"287\" src=\"https:\/\/doctoraminerva.es\/wp-content\/uploads\/sara-curso-doctora-minerva_x.webp\" class=\"attachment-full size-full wp-post-image\" alt=\"Formaci\u00f3n y Cursos del equipo de la Dra.Minerva\" srcset=\"https:\/\/doctoraminerva.es\/wp-content\/uploads\/sara-curso-doctora-minerva_x-200x151.webp 200w, https:\/\/doctoraminerva.es\/wp-content\/uploads\/sara-curso-doctora-minerva_x.webp 379w\" sizes=\"(min-width: 2200px) 100vw, (min-width: 1036px) 333px, (min-width: 904px) 443px, (min-width: 772px) 665px, (min-width: 640px) 772px, \" \/>\t\t\t<\/a>\n\t\t\t\t\t\t\t<\/div>\n<\/div><div class=\"fusion-builder-row fusion-builder-row-inner fusion-row fusion-flex-align-items-flex-start fusion-flex-justify-content-center fusion-flex-content-wrap\" style=\"--awb-flex-grow:0;--awb-flex-grow-medium:0;--awb-flex-grow-small:0;--awb-flex-shrink:0;--awb-flex-shrink-medium:0;--awb-flex-shrink-small:0;width:calc( 100% + 60px ) !important;max-width:calc( 100% + 60px ) !important;margin-left: calc(-60px \/ 2 );margin-right: calc(-60px \/ 2 );\"><div class=\"fusion-layout-column fusion_builder_column_inner fusion-builder-nested-column-19 fusion_builder_column_inner_1_1 1_1 fusion-flex-column\" style=\"--awb-padding-top:20px;--awb-padding-right:15px;--awb-padding-bottom:20px;--awb-padding-left:15px;--awb-overflow:hidden;--awb-bg-size:cover;--awb-border-radius:2px 2px 2px 2px;--awb-width-large:100%;--awb-margin-top-large:0px;--awb-spacing-right-large:30px;--awb-margin-bottom-large:0px;--awb-spacing-left-large:30px;--awb-width-medium:100%;--awb-order-medium:0;--awb-spacing-right-medium:30px;--awb-spacing-left-medium:30px;--awb-width-small:100%;--awb-order-small:0;--awb-spacing-right-small:30px;--awb-spacing-left-small:30px;\" data-scroll-devices=\"small-visibility,medium-visibility,large-visibility\"><div class=\"fusion-column-wrapper fusion-column-has-shadow fusion-flex-justify-content-flex-start fusion-content-layout-column\"><div class=\"fusion-title title fusion-title-22 fusion-sep-none fusion-title-text fusion-title-size-three alturatitulos\" style=\"--awb-text-color:var(--awb-color6);--awb-margin-top:5px;--awb-margin-bottom:0px;--awb-margin-top-small:10px;--awb-margin-right-small:0px;--awb-margin-bottom-small:10px;--awb-margin-left-small:0px;--awb-font-size:var(--awb-custom_typography_2-font-size);\"><h3 class=\"fusion-title-heading title-heading-left fusion-responsive-typography-calculated\" style=\"font-family:var(--awb-custom_typography_2-font-family);font-weight:var(--awb-custom_typography_2-font-weight);font-style:var(--awb-custom_typography_2-font-style);margin:0;letter-spacing:var(--awb-custom_typography_2-letter-spacing);text-transform:var(--awb-custom_typography_2-text-transform);font-size:1em;--fontSize:19;--minFontSize:19;line-height:var(--awb-custom_typography_2-line-height);\">Formacions i cursos de l&#8217;equip de la Dra.Minerva<\/h3><\/div><\/div><\/div><\/div><div style=\"text-align:left;\"><a class=\"fusion-button button-flat fusion-button-default-size button-custom fusion-button-default button-20 fusion-button-default-span fusion-button-default-type\" style=\"--awb-margin-top:10px;--awb-margin-right:15px;--awb-margin-bottom:0px;--awb-margin-left:15px;--button_accent_color:var(--awb-color1);--button_accent_hover_color:#ffffff;--button_border_hover_color:#424242;--button_gradient_top_color:var(--awb-color6);--button_gradient_bottom_color:var(--awb-color6);--button_gradient_top_color_hover:var(--awb-color5);--button_gradient_bottom_color_hover:var(--awb-color5);--button_text_transform:var(--awb-typography4-text-transform);--button_font_size:var(--awb-typography4-font-size);--button_line_height:var(--awb-typography4-line-height);--button_typography-letter-spacing:var(--awb-typography4-letter-spacing);--button_typography-font-family:var(--awb-typography4-font-family);--button_typography-font-weight:var(--awb-typography4-font-weight);--button_typography-font-style:var(--awb-typography4-font-style);\" target=\"_self\" href=\"https:\/\/doctoraminerva.es\/ca\/formacions-i-cursos-de-lequip-de-la-dra-minerva\/\"><span class=\"fusion-button-text awb-button__text awb-button__text--default\">M\u00e9s informaci\u00f3<\/span><\/a><\/div><\/div><\/li>\n<li class=\"fusion-layout-column fusion_builder_column fusion-builder-column-21 fusion-flex-column post-card fusion-grid-column fusion-post-cards-grid-column\" style=\"--awb-padding-top:15px;--awb-padding-right:15px;--awb-padding-bottom:15px;--awb-padding-left:15px;--awb-overflow:hidden;--awb-bg-color:var(--awb-color2);--awb-bg-color-hover:var(--awb-color2);--awb-bg-blend:overlay;--awb-bg-size:cover;--awb-border-color:var(--awb-color2);--awb-border-top:1px;--awb-border-right:1px;--awb-border-bottom:1px;--awb-border-left:1px;--awb-border-style:solid;--awb-border-radius:25px 25px 25px 25px;--awb-flex-grow:0;--awb-flex-shrink:0;--awb-flex-grow-medium:0;--awb-flex-shrink-medium:0;--awb-flex-grow-small:0;--awb-flex-shrink-small:0;\" data-scroll-devices=\"small-visibility,medium-visibility,large-visibility\"><div class=\"fusion-column-wrapper fusion-column-has-shadow fusion-flex-justify-content-flex-start fusion-content-layout-column\"><div class=\"fusion-classic-product-image-wrapper fusion-woo-product-image fusion-post-card-image fusion-post-card-image-1 has-aspect-ratio\" data-layout=\"static\" style=\"--awb-border-radius-top-left:10px;--awb-border-radius-top-right:10px;--awb-border-radius-bottom-right:10px;--awb-border-radius-bottom-left:10px;--awb-aspect-ratio:1.25;\"><div  class=\"fusion-image-wrapper\" aria-haspopup=\"true\">\n\t\t\t\t\t\t\t<a href=\"https:\/\/doctoraminerva.es\/ca\/saps-com-mantenir-la-salut-dental-dels-teus-fills\/\" aria-label=\"Saps com mantenir la salut dental dels teus fills?\">\n\t\t\t\t\t\t\t<img decoding=\"async\" width=\"700\" height=\"500\" src=\"https:\/\/doctoraminerva.es\/wp-content\/uploads\/3-1_x.webp\" class=\"attachment-full size-full wp-post-image\" alt=\"\u00bfSabes c\u00f3mo cuidar la salud dental de tus hijos?\" srcset=\"https:\/\/doctoraminerva.es\/wp-content\/uploads\/3-1_x-200x143.webp 200w, https:\/\/doctoraminerva.es\/wp-content\/uploads\/3-1_x-400x286.webp 400w, https:\/\/doctoraminerva.es\/wp-content\/uploads\/3-1_x-600x429.webp 600w, https:\/\/doctoraminerva.es\/wp-content\/uploads\/3-1_x.webp 700w\" sizes=\"(min-width: 2200px) 100vw, (min-width: 1036px) 333px, (min-width: 904px) 443px, (min-width: 772px) 665px, (min-width: 640px) 772px, \" \/>\t\t\t<\/a>\n\t\t\t\t\t\t\t<\/div>\n<\/div><div class=\"fusion-builder-row fusion-builder-row-inner fusion-row fusion-flex-align-items-flex-start fusion-flex-justify-content-center fusion-flex-content-wrap\" style=\"--awb-flex-grow:0;--awb-flex-grow-medium:0;--awb-flex-grow-small:0;--awb-flex-shrink:0;--awb-flex-shrink-medium:0;--awb-flex-shrink-small:0;width:calc( 100% + 60px ) !important;max-width:calc( 100% + 60px ) !important;margin-left: calc(-60px \/ 2 );margin-right: calc(-60px \/ 2 );\"><div class=\"fusion-layout-column fusion_builder_column_inner fusion-builder-nested-column-20 fusion_builder_column_inner_1_1 1_1 fusion-flex-column\" style=\"--awb-padding-top:20px;--awb-padding-right:15px;--awb-padding-bottom:20px;--awb-padding-left:15px;--awb-overflow:hidden;--awb-bg-size:cover;--awb-border-radius:2px 2px 2px 2px;--awb-width-large:100%;--awb-margin-top-large:0px;--awb-spacing-right-large:30px;--awb-margin-bottom-large:0px;--awb-spacing-left-large:30px;--awb-width-medium:100%;--awb-order-medium:0;--awb-spacing-right-medium:30px;--awb-spacing-left-medium:30px;--awb-width-small:100%;--awb-order-small:0;--awb-spacing-right-small:30px;--awb-spacing-left-small:30px;\" data-scroll-devices=\"small-visibility,medium-visibility,large-visibility\"><div class=\"fusion-column-wrapper fusion-column-has-shadow fusion-flex-justify-content-flex-start fusion-content-layout-column\"><div class=\"fusion-title title fusion-title-23 fusion-sep-none fusion-title-text fusion-title-size-three alturatitulos\" style=\"--awb-text-color:var(--awb-color6);--awb-margin-top:5px;--awb-margin-bottom:0px;--awb-margin-top-small:10px;--awb-margin-right-small:0px;--awb-margin-bottom-small:10px;--awb-margin-left-small:0px;--awb-font-size:var(--awb-custom_typography_2-font-size);\"><h3 class=\"fusion-title-heading title-heading-left fusion-responsive-typography-calculated\" style=\"font-family:var(--awb-custom_typography_2-font-family);font-weight:var(--awb-custom_typography_2-font-weight);font-style:var(--awb-custom_typography_2-font-style);margin:0;letter-spacing:var(--awb-custom_typography_2-letter-spacing);text-transform:var(--awb-custom_typography_2-text-transform);font-size:1em;--fontSize:19;--minFontSize:19;line-height:var(--awb-custom_typography_2-line-height);\">Saps com mantenir la salut dental dels teus fills?<\/h3><\/div><\/div><\/div><\/div><div style=\"text-align:left;\"><a class=\"fusion-button button-flat fusion-button-default-size button-custom fusion-button-default button-21 fusion-button-default-span fusion-button-default-type\" style=\"--awb-margin-top:10px;--awb-margin-right:15px;--awb-margin-bottom:0px;--awb-margin-left:15px;--button_accent_color:var(--awb-color1);--button_accent_hover_color:#ffffff;--button_border_hover_color:#424242;--button_gradient_top_color:var(--awb-color6);--button_gradient_bottom_color:var(--awb-color6);--button_gradient_top_color_hover:var(--awb-color5);--button_gradient_bottom_color_hover:var(--awb-color5);--button_text_transform:var(--awb-typography4-text-transform);--button_font_size:var(--awb-typography4-font-size);--button_line_height:var(--awb-typography4-line-height);--button_typography-letter-spacing:var(--awb-typography4-letter-spacing);--button_typography-font-family:var(--awb-typography4-font-family);--button_typography-font-weight:var(--awb-typography4-font-weight);--button_typography-font-style:var(--awb-typography4-font-style);\" target=\"_self\" href=\"https:\/\/doctoraminerva.es\/ca\/saps-com-mantenir-la-salut-dental-dels-teus-fills\/\"><span class=\"fusion-button-text awb-button__text awb-button__text--default\">M\u00e9s informaci\u00f3<\/span><\/a><\/div><\/div><\/li>\n<li class=\"fusion-layout-column fusion_builder_column fusion-builder-column-22 fusion-flex-column post-card fusion-grid-column fusion-post-cards-grid-column\" style=\"--awb-padding-top:15px;--awb-padding-right:15px;--awb-padding-bottom:15px;--awb-padding-left:15px;--awb-overflow:hidden;--awb-bg-color:var(--awb-color2);--awb-bg-color-hover:var(--awb-color2);--awb-bg-blend:overlay;--awb-bg-size:cover;--awb-border-color:var(--awb-color2);--awb-border-top:1px;--awb-border-right:1px;--awb-border-bottom:1px;--awb-border-left:1px;--awb-border-style:solid;--awb-border-radius:25px 25px 25px 25px;--awb-flex-grow:0;--awb-flex-shrink:0;--awb-flex-grow-medium:0;--awb-flex-shrink-medium:0;--awb-flex-grow-small:0;--awb-flex-shrink-small:0;\" data-scroll-devices=\"small-visibility,medium-visibility,large-visibility\"><div class=\"fusion-column-wrapper fusion-column-has-shadow fusion-flex-justify-content-flex-start fusion-content-layout-column\"><div class=\"fusion-classic-product-image-wrapper fusion-woo-product-image fusion-post-card-image fusion-post-card-image-1 has-aspect-ratio\" data-layout=\"static\" style=\"--awb-border-radius-top-left:10px;--awb-border-radius-top-right:10px;--awb-border-radius-bottom-right:10px;--awb-border-radius-bottom-left:10px;--awb-aspect-ratio:1.25;\"><div  class=\"fusion-image-wrapper\" aria-haspopup=\"true\">\n\t\t\t\t\t\t\t<a href=\"https:\/\/doctoraminerva.es\/ca\/8-de-cada-10-adults-pateixen-afeccions-bucodentals\/\" aria-label=\"8 de cada 10 adults pateixen afeccions bucodentals\">\n\t\t\t\t\t\t\t<img decoding=\"async\" width=\"966\" height=\"630\" src=\"https:\/\/doctoraminerva.es\/wp-content\/uploads\/encias-cuidado-adultos_x.webp\" class=\"attachment-full size-full wp-post-image\" alt=\"afecciones bucodentales minerva barcelona\" srcset=\"https:\/\/doctoraminerva.es\/wp-content\/uploads\/encias-cuidado-adultos_x-200x130.webp 200w, https:\/\/doctoraminerva.es\/wp-content\/uploads\/encias-cuidado-adultos_x-400x261.webp 400w, https:\/\/doctoraminerva.es\/wp-content\/uploads\/encias-cuidado-adultos_x-600x391.webp 600w, https:\/\/doctoraminerva.es\/wp-content\/uploads\/encias-cuidado-adultos_x-800x522.webp 800w, https:\/\/doctoraminerva.es\/wp-content\/uploads\/encias-cuidado-adultos_x.webp 966w\" sizes=\"(min-width: 2200px) 100vw, (min-width: 1036px) 333px, (min-width: 904px) 443px, (min-width: 772px) 665px, (min-width: 640px) 772px, \" \/>\t\t\t<\/a>\n\t\t\t\t\t\t\t<\/div>\n<\/div><div class=\"fusion-builder-row fusion-builder-row-inner fusion-row fusion-flex-align-items-flex-start fusion-flex-justify-content-center fusion-flex-content-wrap\" style=\"--awb-flex-grow:0;--awb-flex-grow-medium:0;--awb-flex-grow-small:0;--awb-flex-shrink:0;--awb-flex-shrink-medium:0;--awb-flex-shrink-small:0;width:calc( 100% + 60px ) !important;max-width:calc( 100% + 60px ) !important;margin-left: calc(-60px \/ 2 );margin-right: calc(-60px \/ 2 );\"><div class=\"fusion-layout-column fusion_builder_column_inner fusion-builder-nested-column-21 fusion_builder_column_inner_1_1 1_1 fusion-flex-column\" style=\"--awb-padding-top:20px;--awb-padding-right:15px;--awb-padding-bottom:20px;--awb-padding-left:15px;--awb-overflow:hidden;--awb-bg-size:cover;--awb-border-radius:2px 2px 2px 2px;--awb-width-large:100%;--awb-margin-top-large:0px;--awb-spacing-right-large:30px;--awb-margin-bottom-large:0px;--awb-spacing-left-large:30px;--awb-width-medium:100%;--awb-order-medium:0;--awb-spacing-right-medium:30px;--awb-spacing-left-medium:30px;--awb-width-small:100%;--awb-order-small:0;--awb-spacing-right-small:30px;--awb-spacing-left-small:30px;\" data-scroll-devices=\"small-visibility,medium-visibility,large-visibility\"><div class=\"fusion-column-wrapper fusion-column-has-shadow fusion-flex-justify-content-flex-start fusion-content-layout-column\"><div class=\"fusion-title title fusion-title-24 fusion-sep-none fusion-title-text fusion-title-size-three alturatitulos\" style=\"--awb-text-color:var(--awb-color6);--awb-margin-top:5px;--awb-margin-bottom:0px;--awb-margin-top-small:10px;--awb-margin-right-small:0px;--awb-margin-bottom-small:10px;--awb-margin-left-small:0px;--awb-font-size:var(--awb-custom_typography_2-font-size);\"><h3 class=\"fusion-title-heading title-heading-left fusion-responsive-typography-calculated\" style=\"font-family:var(--awb-custom_typography_2-font-family);font-weight:var(--awb-custom_typography_2-font-weight);font-style:var(--awb-custom_typography_2-font-style);margin:0;letter-spacing:var(--awb-custom_typography_2-letter-spacing);text-transform:var(--awb-custom_typography_2-text-transform);font-size:1em;--fontSize:19;--minFontSize:19;line-height:var(--awb-custom_typography_2-line-height);\">8 de cada 10 adults pateixen afeccions bucodentals<\/h3><\/div><\/div><\/div><\/div><div style=\"text-align:left;\"><a class=\"fusion-button button-flat fusion-button-default-size button-custom fusion-button-default button-22 fusion-button-default-span fusion-button-default-type\" style=\"--awb-margin-top:10px;--awb-margin-right:15px;--awb-margin-bottom:0px;--awb-margin-left:15px;--button_accent_color:var(--awb-color1);--button_accent_hover_color:#ffffff;--button_border_hover_color:#424242;--button_gradient_top_color:var(--awb-color6);--button_gradient_bottom_color:var(--awb-color6);--button_gradient_top_color_hover:var(--awb-color5);--button_gradient_bottom_color_hover:var(--awb-color5);--button_text_transform:var(--awb-typography4-text-transform);--button_font_size:var(--awb-typography4-font-size);--button_line_height:var(--awb-typography4-line-height);--button_typography-letter-spacing:var(--awb-typography4-letter-spacing);--button_typography-font-family:var(--awb-typography4-font-family);--button_typography-font-weight:var(--awb-typography4-font-weight);--button_typography-font-style:var(--awb-typography4-font-style);\" target=\"_self\" href=\"https:\/\/doctoraminerva.es\/ca\/8-de-cada-10-adults-pateixen-afeccions-bucodentals\/\"><span class=\"fusion-button-text awb-button__text awb-button__text--default\">M\u00e9s informaci\u00f3<\/span><\/a><\/div><\/div><\/li>\n<li class=\"fusion-layout-column fusion_builder_column fusion-builder-column-23 fusion-flex-column post-card fusion-grid-column fusion-post-cards-grid-column\" style=\"--awb-padding-top:15px;--awb-padding-right:15px;--awb-padding-bottom:15px;--awb-padding-left:15px;--awb-overflow:hidden;--awb-bg-color:var(--awb-color2);--awb-bg-color-hover:var(--awb-color2);--awb-bg-blend:overlay;--awb-bg-size:cover;--awb-border-color:var(--awb-color2);--awb-border-top:1px;--awb-border-right:1px;--awb-border-bottom:1px;--awb-border-left:1px;--awb-border-style:solid;--awb-border-radius:25px 25px 25px 25px;--awb-flex-grow:0;--awb-flex-shrink:0;--awb-flex-grow-medium:0;--awb-flex-shrink-medium:0;--awb-flex-grow-small:0;--awb-flex-shrink-small:0;\" data-scroll-devices=\"small-visibility,medium-visibility,large-visibility\"><div class=\"fusion-column-wrapper fusion-column-has-shadow fusion-flex-justify-content-flex-start fusion-content-layout-column\"><div class=\"fusion-classic-product-image-wrapper fusion-woo-product-image fusion-post-card-image fusion-post-card-image-1 has-aspect-ratio\" data-layout=\"static\" style=\"--awb-border-radius-top-left:10px;--awb-border-radius-top-right:10px;--awb-border-radius-bottom-right:10px;--awb-border-radius-bottom-left:10px;--awb-aspect-ratio:1.25;\"><div  class=\"fusion-image-wrapper\" aria-haspopup=\"true\">\n\t\t\t\t\t\t\t<a href=\"https:\/\/doctoraminerva.es\/ca\/ortodoncia-en-adults-perque-es-cada-cop-mes-frequent\/\" aria-label=\"Ortod\u00f2ncia en adults, perqu\u00e8 \u00e9s cada cop m\u00e9s freq\u00fcent?\">\n\t\t\t\t\t\t\t<img decoding=\"async\" width=\"966\" height=\"630\" src=\"https:\/\/doctoraminerva.es\/wp-content\/uploads\/ortodoncia-personas-adultas_x.webp\" class=\"attachment-full size-full wp-post-image\" alt=\"Ortodoncia en adultos\" srcset=\"https:\/\/doctoraminerva.es\/wp-content\/uploads\/ortodoncia-personas-adultas_x-200x130.webp 200w, https:\/\/doctoraminerva.es\/wp-content\/uploads\/ortodoncia-personas-adultas_x-400x261.webp 400w, https:\/\/doctoraminerva.es\/wp-content\/uploads\/ortodoncia-personas-adultas_x-600x391.webp 600w, https:\/\/doctoraminerva.es\/wp-content\/uploads\/ortodoncia-personas-adultas_x-800x522.webp 800w, https:\/\/doctoraminerva.es\/wp-content\/uploads\/ortodoncia-personas-adultas_x.webp 966w\" sizes=\"(min-width: 2200px) 100vw, (min-width: 1036px) 333px, (min-width: 904px) 443px, (min-width: 772px) 665px, (min-width: 640px) 772px, \" \/>\t\t\t<\/a>\n\t\t\t\t\t\t\t<\/div>\n<\/div><div class=\"fusion-builder-row fusion-builder-row-inner fusion-row fusion-flex-align-items-flex-start fusion-flex-justify-content-center fusion-flex-content-wrap\" style=\"--awb-flex-grow:0;--awb-flex-grow-medium:0;--awb-flex-grow-small:0;--awb-flex-shrink:0;--awb-flex-shrink-medium:0;--awb-flex-shrink-small:0;width:calc( 100% + 60px ) !important;max-width:calc( 100% + 60px ) !important;margin-left: calc(-60px \/ 2 );margin-right: calc(-60px \/ 2 );\"><div class=\"fusion-layout-column fusion_builder_column_inner fusion-builder-nested-column-22 fusion_builder_column_inner_1_1 1_1 fusion-flex-column\" style=\"--awb-padding-top:20px;--awb-padding-right:15px;--awb-padding-bottom:20px;--awb-padding-left:15px;--awb-overflow:hidden;--awb-bg-size:cover;--awb-border-radius:2px 2px 2px 2px;--awb-width-large:100%;--awb-margin-top-large:0px;--awb-spacing-right-large:30px;--awb-margin-bottom-large:0px;--awb-spacing-left-large:30px;--awb-width-medium:100%;--awb-order-medium:0;--awb-spacing-right-medium:30px;--awb-spacing-left-medium:30px;--awb-width-small:100%;--awb-order-small:0;--awb-spacing-right-small:30px;--awb-spacing-left-small:30px;\" data-scroll-devices=\"small-visibility,medium-visibility,large-visibility\"><div class=\"fusion-column-wrapper fusion-column-has-shadow fusion-flex-justify-content-flex-start fusion-content-layout-column\"><div class=\"fusion-title title fusion-title-25 fusion-sep-none fusion-title-text fusion-title-size-three alturatitulos\" style=\"--awb-text-color:var(--awb-color6);--awb-margin-top:5px;--awb-margin-bottom:0px;--awb-margin-top-small:10px;--awb-margin-right-small:0px;--awb-margin-bottom-small:10px;--awb-margin-left-small:0px;--awb-font-size:var(--awb-custom_typography_2-font-size);\"><h3 class=\"fusion-title-heading title-heading-left fusion-responsive-typography-calculated\" style=\"font-family:var(--awb-custom_typography_2-font-family);font-weight:var(--awb-custom_typography_2-font-weight);font-style:var(--awb-custom_typography_2-font-style);margin:0;letter-spacing:var(--awb-custom_typography_2-letter-spacing);text-transform:var(--awb-custom_typography_2-text-transform);font-size:1em;--fontSize:19;--minFontSize:19;line-height:var(--awb-custom_typography_2-line-height);\">Ortod\u00f2ncia en adults, perqu\u00e8 \u00e9s cada cop m\u00e9s freq\u00fcent?<\/h3><\/div><\/div><\/div><\/div><div style=\"text-align:left;\"><a class=\"fusion-button button-flat fusion-button-default-size button-custom fusion-button-default button-23 fusion-button-default-span fusion-button-default-type\" style=\"--awb-margin-top:10px;--awb-margin-right:15px;--awb-margin-bottom:0px;--awb-margin-left:15px;--button_accent_color:var(--awb-color1);--button_accent_hover_color:#ffffff;--button_border_hover_color:#424242;--button_gradient_top_color:var(--awb-color6);--button_gradient_bottom_color:var(--awb-color6);--button_gradient_top_color_hover:var(--awb-color5);--button_gradient_bottom_color_hover:var(--awb-color5);--button_text_transform:var(--awb-typography4-text-transform);--button_font_size:var(--awb-typography4-font-size);--button_line_height:var(--awb-typography4-line-height);--button_typography-letter-spacing:var(--awb-typography4-letter-spacing);--button_typography-font-family:var(--awb-typography4-font-family);--button_typography-font-weight:var(--awb-typography4-font-weight);--button_typography-font-style:var(--awb-typography4-font-style);\" target=\"_self\" href=\"https:\/\/doctoraminerva.es\/ca\/ortodoncia-en-adults-perque-es-cada-cop-mes-frequent\/\"><span class=\"fusion-button-text awb-button__text awb-button__text--default\">M\u00e9s informaci\u00f3<\/span><\/a><\/div><\/div><\/li>\n<li class=\"fusion-layout-column fusion_builder_column fusion-builder-column-24 fusion-flex-column post-card fusion-grid-column fusion-post-cards-grid-column\" style=\"--awb-padding-top:15px;--awb-padding-right:15px;--awb-padding-bottom:15px;--awb-padding-left:15px;--awb-overflow:hidden;--awb-bg-color:var(--awb-color2);--awb-bg-color-hover:var(--awb-color2);--awb-bg-blend:overlay;--awb-bg-size:cover;--awb-border-color:var(--awb-color2);--awb-border-top:1px;--awb-border-right:1px;--awb-border-bottom:1px;--awb-border-left:1px;--awb-border-style:solid;--awb-border-radius:25px 25px 25px 25px;--awb-flex-grow:0;--awb-flex-shrink:0;--awb-flex-grow-medium:0;--awb-flex-shrink-medium:0;--awb-flex-grow-small:0;--awb-flex-shrink-small:0;\" data-scroll-devices=\"small-visibility,medium-visibility,large-visibility\"><div class=\"fusion-column-wrapper fusion-column-has-shadow fusion-flex-justify-content-flex-start fusion-content-layout-column\"><div class=\"fusion-classic-product-image-wrapper fusion-woo-product-image fusion-post-card-image fusion-post-card-image-1 has-aspect-ratio\" data-layout=\"static\" style=\"--awb-border-radius-top-left:10px;--awb-border-radius-top-right:10px;--awb-border-radius-bottom-right:10px;--awb-border-radius-bottom-left:10px;--awb-aspect-ratio:1.25;\"><div  class=\"fusion-image-wrapper\" aria-haspopup=\"true\">\n\t\t\t\t\t\t\t<a href=\"https:\/\/doctoraminerva.es\/ca\/entrega-v-edicio-del-premi-somriure-de-lany-2016\/\" aria-label=\"Entrega V edici\u00f3 del premi somriure de l\u2019any 2016\">\n\t\t\t\t\t\t\t<img decoding=\"async\" width=\"800\" height=\"533\" src=\"https:\/\/doctoraminerva.es\/wp-content\/uploads\/premio-somriure-2016_x.webp\" class=\"attachment-full size-full wp-post-image\" alt=\"Entrega V edici\u00f3n del Premio Somriure de l&#039;any\" srcset=\"https:\/\/doctoraminerva.es\/wp-content\/uploads\/premio-somriure-2016_x-200x133.webp 200w, https:\/\/doctoraminerva.es\/wp-content\/uploads\/premio-somriure-2016_x-400x267.webp 400w, https:\/\/doctoraminerva.es\/wp-content\/uploads\/premio-somriure-2016_x-600x400.webp 600w, https:\/\/doctoraminerva.es\/wp-content\/uploads\/premio-somriure-2016_x.webp 800w\" sizes=\"(min-width: 2200px) 100vw, (min-width: 1036px) 333px, (min-width: 904px) 443px, (min-width: 772px) 665px, (min-width: 640px) 772px, \" \/>\t\t\t<\/a>\n\t\t\t\t\t\t\t<\/div>\n<\/div><div class=\"fusion-builder-row fusion-builder-row-inner fusion-row fusion-flex-align-items-flex-start fusion-flex-justify-content-center fusion-flex-content-wrap\" style=\"--awb-flex-grow:0;--awb-flex-grow-medium:0;--awb-flex-grow-small:0;--awb-flex-shrink:0;--awb-flex-shrink-medium:0;--awb-flex-shrink-small:0;width:calc( 100% + 60px ) !important;max-width:calc( 100% + 60px ) !important;margin-left: calc(-60px \/ 2 );margin-right: calc(-60px \/ 2 );\"><div class=\"fusion-layout-column fusion_builder_column_inner fusion-builder-nested-column-23 fusion_builder_column_inner_1_1 1_1 fusion-flex-column\" style=\"--awb-padding-top:20px;--awb-padding-right:15px;--awb-padding-bottom:20px;--awb-padding-left:15px;--awb-overflow:hidden;--awb-bg-size:cover;--awb-border-radius:2px 2px 2px 2px;--awb-width-large:100%;--awb-margin-top-large:0px;--awb-spacing-right-large:30px;--awb-margin-bottom-large:0px;--awb-spacing-left-large:30px;--awb-width-medium:100%;--awb-order-medium:0;--awb-spacing-right-medium:30px;--awb-spacing-left-medium:30px;--awb-width-small:100%;--awb-order-small:0;--awb-spacing-right-small:30px;--awb-spacing-left-small:30px;\" data-scroll-devices=\"small-visibility,medium-visibility,large-visibility\"><div class=\"fusion-column-wrapper fusion-column-has-shadow fusion-flex-justify-content-flex-start fusion-content-layout-column\"><div class=\"fusion-title title fusion-title-26 fusion-sep-none fusion-title-text fusion-title-size-three alturatitulos\" style=\"--awb-text-color:var(--awb-color6);--awb-margin-top:5px;--awb-margin-bottom:0px;--awb-margin-top-small:10px;--awb-margin-right-small:0px;--awb-margin-bottom-small:10px;--awb-margin-left-small:0px;--awb-font-size:var(--awb-custom_typography_2-font-size);\"><h3 class=\"fusion-title-heading title-heading-left fusion-responsive-typography-calculated\" style=\"font-family:var(--awb-custom_typography_2-font-family);font-weight:var(--awb-custom_typography_2-font-weight);font-style:var(--awb-custom_typography_2-font-style);margin:0;letter-spacing:var(--awb-custom_typography_2-letter-spacing);text-transform:var(--awb-custom_typography_2-text-transform);font-size:1em;--fontSize:19;--minFontSize:19;line-height:var(--awb-custom_typography_2-line-height);\">Entrega V edici\u00f3 del premi somriure de l\u2019any 2016<\/h3><\/div><\/div><\/div><\/div><div style=\"text-align:left;\"><a class=\"fusion-button button-flat fusion-button-default-size button-custom fusion-button-default button-24 fusion-button-default-span fusion-button-default-type\" style=\"--awb-margin-top:10px;--awb-margin-right:15px;--awb-margin-bottom:0px;--awb-margin-left:15px;--button_accent_color:var(--awb-color1);--button_accent_hover_color:#ffffff;--button_border_hover_color:#424242;--button_gradient_top_color:var(--awb-color6);--button_gradient_bottom_color:var(--awb-color6);--button_gradient_top_color_hover:var(--awb-color5);--button_gradient_bottom_color_hover:var(--awb-color5);--button_text_transform:var(--awb-typography4-text-transform);--button_font_size:var(--awb-typography4-font-size);--button_line_height:var(--awb-typography4-line-height);--button_typography-letter-spacing:var(--awb-typography4-letter-spacing);--button_typography-font-family:var(--awb-typography4-font-family);--button_typography-font-weight:var(--awb-typography4-font-weight);--button_typography-font-style:var(--awb-typography4-font-style);\" target=\"_self\" href=\"https:\/\/doctoraminerva.es\/ca\/entrega-v-edicio-del-premi-somriure-de-lany-2016\/\"><span class=\"fusion-button-text awb-button__text awb-button__text--default\">M\u00e9s informaci\u00f3<\/span><\/a><\/div><\/div><\/li>\n<li class=\"fusion-layout-column fusion_builder_column fusion-builder-column-25 fusion-flex-column post-card fusion-grid-column fusion-post-cards-grid-column\" style=\"--awb-padding-top:15px;--awb-padding-right:15px;--awb-padding-bottom:15px;--awb-padding-left:15px;--awb-overflow:hidden;--awb-bg-color:var(--awb-color2);--awb-bg-color-hover:var(--awb-color2);--awb-bg-blend:overlay;--awb-bg-size:cover;--awb-border-color:var(--awb-color2);--awb-border-top:1px;--awb-border-right:1px;--awb-border-bottom:1px;--awb-border-left:1px;--awb-border-style:solid;--awb-border-radius:25px 25px 25px 25px;--awb-flex-grow:0;--awb-flex-shrink:0;--awb-flex-grow-medium:0;--awb-flex-shrink-medium:0;--awb-flex-grow-small:0;--awb-flex-shrink-small:0;\" data-scroll-devices=\"small-visibility,medium-visibility,large-visibility\"><div class=\"fusion-column-wrapper fusion-column-has-shadow fusion-flex-justify-content-flex-start fusion-content-layout-column\"><div class=\"fusion-classic-product-image-wrapper fusion-woo-product-image fusion-post-card-image fusion-post-card-image-1 has-aspect-ratio\" data-layout=\"static\" style=\"--awb-border-radius-top-left:10px;--awb-border-radius-top-right:10px;--awb-border-radius-bottom-right:10px;--awb-border-radius-bottom-left:10px;--awb-aspect-ratio:1.25;\"><div  class=\"fusion-image-wrapper\" aria-haspopup=\"true\">\n\t\t\t\t\t\t\t<a href=\"https:\/\/doctoraminerva.es\/ca\/iii-edicio-del-premi-somriure-de-lany\/\" aria-label=\"III Edici\u00f3 del Premi \u201cSomriure de l\u2019any\u201d\">\n\t\t\t\t\t\t\t<img decoding=\"async\" width=\"789\" height=\"526\" src=\"https:\/\/doctoraminerva.es\/wp-content\/uploads\/premio-somriure-2014_x.webp\" class=\"attachment-full size-full wp-post-image\" alt=\"\" srcset=\"https:\/\/doctoraminerva.es\/wp-content\/uploads\/premio-somriure-2014_x-200x133.webp 200w, https:\/\/doctoraminerva.es\/wp-content\/uploads\/premio-somriure-2014_x-400x267.webp 400w, https:\/\/doctoraminerva.es\/wp-content\/uploads\/premio-somriure-2014_x-600x400.webp 600w, https:\/\/doctoraminerva.es\/wp-content\/uploads\/premio-somriure-2014_x.webp 789w\" sizes=\"(min-width: 2200px) 100vw, (min-width: 1036px) 333px, (min-width: 904px) 443px, (min-width: 772px) 665px, (min-width: 640px) 772px, \" \/>\t\t\t<\/a>\n\t\t\t\t\t\t\t<\/div>\n<\/div><div class=\"fusion-builder-row fusion-builder-row-inner fusion-row fusion-flex-align-items-flex-start fusion-flex-justify-content-center fusion-flex-content-wrap\" style=\"--awb-flex-grow:0;--awb-flex-grow-medium:0;--awb-flex-grow-small:0;--awb-flex-shrink:0;--awb-flex-shrink-medium:0;--awb-flex-shrink-small:0;width:calc( 100% + 60px ) !important;max-width:calc( 100% + 60px ) !important;margin-left: calc(-60px \/ 2 );margin-right: calc(-60px \/ 2 );\"><div class=\"fusion-layout-column fusion_builder_column_inner fusion-builder-nested-column-24 fusion_builder_column_inner_1_1 1_1 fusion-flex-column\" style=\"--awb-padding-top:20px;--awb-padding-right:15px;--awb-padding-bottom:20px;--awb-padding-left:15px;--awb-overflow:hidden;--awb-bg-size:cover;--awb-border-radius:2px 2px 2px 2px;--awb-width-large:100%;--awb-margin-top-large:0px;--awb-spacing-right-large:30px;--awb-margin-bottom-large:0px;--awb-spacing-left-large:30px;--awb-width-medium:100%;--awb-order-medium:0;--awb-spacing-right-medium:30px;--awb-spacing-left-medium:30px;--awb-width-small:100%;--awb-order-small:0;--awb-spacing-right-small:30px;--awb-spacing-left-small:30px;\" data-scroll-devices=\"small-visibility,medium-visibility,large-visibility\"><div class=\"fusion-column-wrapper fusion-column-has-shadow fusion-flex-justify-content-flex-start fusion-content-layout-column\"><div class=\"fusion-title title fusion-title-27 fusion-sep-none fusion-title-text fusion-title-size-three alturatitulos\" style=\"--awb-text-color:var(--awb-color6);--awb-margin-top:5px;--awb-margin-bottom:0px;--awb-margin-top-small:10px;--awb-margin-right-small:0px;--awb-margin-bottom-small:10px;--awb-margin-left-small:0px;--awb-font-size:var(--awb-custom_typography_2-font-size);\"><h3 class=\"fusion-title-heading title-heading-left fusion-responsive-typography-calculated\" style=\"font-family:var(--awb-custom_typography_2-font-family);font-weight:var(--awb-custom_typography_2-font-weight);font-style:var(--awb-custom_typography_2-font-style);margin:0;letter-spacing:var(--awb-custom_typography_2-letter-spacing);text-transform:var(--awb-custom_typography_2-text-transform);font-size:1em;--fontSize:19;--minFontSize:19;line-height:var(--awb-custom_typography_2-line-height);\">III Edici\u00f3 del Premi \u201cSomriure de l\u2019any\u201d<\/h3><\/div><\/div><\/div><\/div><div style=\"text-align:left;\"><a class=\"fusion-button button-flat fusion-button-default-size button-custom fusion-button-default button-25 fusion-button-default-span fusion-button-default-type\" style=\"--awb-margin-top:10px;--awb-margin-right:15px;--awb-margin-bottom:0px;--awb-margin-left:15px;--button_accent_color:var(--awb-color1);--button_accent_hover_color:#ffffff;--button_border_hover_color:#424242;--button_gradient_top_color:var(--awb-color6);--button_gradient_bottom_color:var(--awb-color6);--button_gradient_top_color_hover:var(--awb-color5);--button_gradient_bottom_color_hover:var(--awb-color5);--button_text_transform:var(--awb-typography4-text-transform);--button_font_size:var(--awb-typography4-font-size);--button_line_height:var(--awb-typography4-line-height);--button_typography-letter-spacing:var(--awb-typography4-letter-spacing);--button_typography-font-family:var(--awb-typography4-font-family);--button_typography-font-weight:var(--awb-typography4-font-weight);--button_typography-font-style:var(--awb-typography4-font-style);\" target=\"_self\" href=\"https:\/\/doctoraminerva.es\/ca\/iii-edicio-del-premi-somriure-de-lany\/\"><span class=\"fusion-button-text awb-button__text awb-button__text--default\">M\u00e9s informaci\u00f3<\/span><\/a><\/div><\/div><\/li>\n<li class=\"fusion-layout-column fusion_builder_column fusion-builder-column-26 fusion-flex-column post-card fusion-grid-column fusion-post-cards-grid-column\" style=\"--awb-padding-top:15px;--awb-padding-right:15px;--awb-padding-bottom:15px;--awb-padding-left:15px;--awb-overflow:hidden;--awb-bg-color:var(--awb-color2);--awb-bg-color-hover:var(--awb-color2);--awb-bg-blend:overlay;--awb-bg-size:cover;--awb-border-color:var(--awb-color2);--awb-border-top:1px;--awb-border-right:1px;--awb-border-bottom:1px;--awb-border-left:1px;--awb-border-style:solid;--awb-border-radius:25px 25px 25px 25px;--awb-flex-grow:0;--awb-flex-shrink:0;--awb-flex-grow-medium:0;--awb-flex-shrink-medium:0;--awb-flex-grow-small:0;--awb-flex-shrink-small:0;\" data-scroll-devices=\"small-visibility,medium-visibility,large-visibility\"><div class=\"fusion-column-wrapper fusion-column-has-shadow fusion-flex-justify-content-flex-start fusion-content-layout-column\"><div class=\"fusion-classic-product-image-wrapper fusion-woo-product-image fusion-post-card-image fusion-post-card-image-1 has-aspect-ratio\" data-layout=\"static\" style=\"--awb-border-radius-top-left:10px;--awb-border-radius-top-right:10px;--awb-border-radius-bottom-right:10px;--awb-border-radius-bottom-left:10px;--awb-aspect-ratio:1.25;\"><div  class=\"fusion-image-wrapper\" aria-haspopup=\"true\">\n\t\t\t\t\t\t\t<a href=\"https:\/\/doctoraminerva.es\/ca\/entrega-iv-edicio-del-premi-somriure-de-lany-2015\/\" aria-label=\"Entrega IV edici\u00f3 del premi somriure de l\u2019any 2015\">\n\t\t\t\t\t\t\t<img decoding=\"async\" width=\"800\" height=\"533\" src=\"https:\/\/doctoraminerva.es\/wp-content\/uploads\/premio-somriure-2015_x.webp\" class=\"attachment-full size-full wp-post-image\" alt=\"premio somriure de l&#039;any\" srcset=\"https:\/\/doctoraminerva.es\/wp-content\/uploads\/premio-somriure-2015_x-200x133.webp 200w, https:\/\/doctoraminerva.es\/wp-content\/uploads\/premio-somriure-2015_x-400x267.webp 400w, https:\/\/doctoraminerva.es\/wp-content\/uploads\/premio-somriure-2015_x-600x400.webp 600w, https:\/\/doctoraminerva.es\/wp-content\/uploads\/premio-somriure-2015_x.webp 800w\" sizes=\"(min-width: 2200px) 100vw, (min-width: 1036px) 333px, (min-width: 904px) 443px, (min-width: 772px) 665px, (min-width: 640px) 772px, \" \/>\t\t\t<\/a>\n\t\t\t\t\t\t\t<\/div>\n<\/div><div class=\"fusion-builder-row fusion-builder-row-inner fusion-row fusion-flex-align-items-flex-start fusion-flex-justify-content-center fusion-flex-content-wrap\" style=\"--awb-flex-grow:0;--awb-flex-grow-medium:0;--awb-flex-grow-small:0;--awb-flex-shrink:0;--awb-flex-shrink-medium:0;--awb-flex-shrink-small:0;width:calc( 100% + 60px ) !important;max-width:calc( 100% + 60px ) !important;margin-left: calc(-60px \/ 2 );margin-right: calc(-60px \/ 2 );\"><div class=\"fusion-layout-column fusion_builder_column_inner fusion-builder-nested-column-25 fusion_builder_column_inner_1_1 1_1 fusion-flex-column\" style=\"--awb-padding-top:20px;--awb-padding-right:15px;--awb-padding-bottom:20px;--awb-padding-left:15px;--awb-overflow:hidden;--awb-bg-size:cover;--awb-border-radius:2px 2px 2px 2px;--awb-width-large:100%;--awb-margin-top-large:0px;--awb-spacing-right-large:30px;--awb-margin-bottom-large:0px;--awb-spacing-left-large:30px;--awb-width-medium:100%;--awb-order-medium:0;--awb-spacing-right-medium:30px;--awb-spacing-left-medium:30px;--awb-width-small:100%;--awb-order-small:0;--awb-spacing-right-small:30px;--awb-spacing-left-small:30px;\" data-scroll-devices=\"small-visibility,medium-visibility,large-visibility\"><div class=\"fusion-column-wrapper fusion-column-has-shadow fusion-flex-justify-content-flex-start fusion-content-layout-column\"><div class=\"fusion-title title fusion-title-28 fusion-sep-none fusion-title-text fusion-title-size-three alturatitulos\" style=\"--awb-text-color:var(--awb-color6);--awb-margin-top:5px;--awb-margin-bottom:0px;--awb-margin-top-small:10px;--awb-margin-right-small:0px;--awb-margin-bottom-small:10px;--awb-margin-left-small:0px;--awb-font-size:var(--awb-custom_typography_2-font-size);\"><h3 class=\"fusion-title-heading title-heading-left fusion-responsive-typography-calculated\" style=\"font-family:var(--awb-custom_typography_2-font-family);font-weight:var(--awb-custom_typography_2-font-weight);font-style:var(--awb-custom_typography_2-font-style);margin:0;letter-spacing:var(--awb-custom_typography_2-letter-spacing);text-transform:var(--awb-custom_typography_2-text-transform);font-size:1em;--fontSize:19;--minFontSize:19;line-height:var(--awb-custom_typography_2-line-height);\">Entrega IV edici\u00f3 del premi somriure de l\u2019any 2015<\/h3><\/div><\/div><\/div><\/div><div style=\"text-align:left;\"><a class=\"fusion-button button-flat fusion-button-default-size button-custom fusion-button-default button-26 fusion-button-default-span fusion-button-default-type\" style=\"--awb-margin-top:10px;--awb-margin-right:15px;--awb-margin-bottom:0px;--awb-margin-left:15px;--button_accent_color:var(--awb-color1);--button_accent_hover_color:#ffffff;--button_border_hover_color:#424242;--button_gradient_top_color:var(--awb-color6);--button_gradient_bottom_color:var(--awb-color6);--button_gradient_top_color_hover:var(--awb-color5);--button_gradient_bottom_color_hover:var(--awb-color5);--button_text_transform:var(--awb-typography4-text-transform);--button_font_size:var(--awb-typography4-font-size);--button_line_height:var(--awb-typography4-line-height);--button_typography-letter-spacing:var(--awb-typography4-letter-spacing);--button_typography-font-family:var(--awb-typography4-font-family);--button_typography-font-weight:var(--awb-typography4-font-weight);--button_typography-font-style:var(--awb-typography4-font-style);\" target=\"_self\" href=\"https:\/\/doctoraminerva.es\/ca\/entrega-iv-edicio-del-premi-somriure-de-lany-2015\/\"><span class=\"fusion-button-text awb-button__text awb-button__text--default\">M\u00e9s informaci\u00f3<\/span><\/a><\/div><\/div><\/li>\n<li class=\"fusion-layout-column fusion_builder_column fusion-builder-column-27 fusion-flex-column post-card fusion-grid-column fusion-post-cards-grid-column\" style=\"--awb-padding-top:15px;--awb-padding-right:15px;--awb-padding-bottom:15px;--awb-padding-left:15px;--awb-overflow:hidden;--awb-bg-color:var(--awb-color2);--awb-bg-color-hover:var(--awb-color2);--awb-bg-blend:overlay;--awb-bg-size:cover;--awb-border-color:var(--awb-color2);--awb-border-top:1px;--awb-border-right:1px;--awb-border-bottom:1px;--awb-border-left:1px;--awb-border-style:solid;--awb-border-radius:25px 25px 25px 25px;--awb-flex-grow:0;--awb-flex-shrink:0;--awb-flex-grow-medium:0;--awb-flex-shrink-medium:0;--awb-flex-grow-small:0;--awb-flex-shrink-small:0;\" data-scroll-devices=\"small-visibility,medium-visibility,large-visibility\"><div class=\"fusion-column-wrapper fusion-column-has-shadow fusion-flex-justify-content-flex-start fusion-content-layout-column\"><div class=\"fusion-classic-product-image-wrapper fusion-woo-product-image fusion-post-card-image fusion-post-card-image-1 has-aspect-ratio\" data-layout=\"static\" style=\"--awb-border-radius-top-left:10px;--awb-border-radius-top-right:10px;--awb-border-radius-bottom-right:10px;--awb-border-radius-bottom-left:10px;--awb-aspect-ratio:1.25;\"><div  class=\"fusion-image-wrapper\" aria-haspopup=\"true\">\n\t\t\t\t\t\t\t<a href=\"https:\/\/doctoraminerva.es\/ca\/les-ulleres-anti-estres-et-relaxaran-en-el-teu-tractament-en-la-nostra-clinica\/\" aria-label=\"Les ulleres anti estr\u00e8s et relaxaran en el teu tractament en la nostra cl\u00ednica\">\n\t\t\t\t\t\t\t<img decoding=\"async\" width=\"800\" height=\"597\" src=\"https:\/\/doctoraminerva.es\/wp-content\/uploads\/gafas-antistress-doctoraminerva_x.webp\" class=\"attachment-full size-full wp-post-image\" alt=\"Gafas anti estr\u00e9s cl\u00ednica dental\" srcset=\"https:\/\/doctoraminerva.es\/wp-content\/uploads\/gafas-antistress-doctoraminerva_x-200x149.webp 200w, https:\/\/doctoraminerva.es\/wp-content\/uploads\/gafas-antistress-doctoraminerva_x-400x299.webp 400w, https:\/\/doctoraminerva.es\/wp-content\/uploads\/gafas-antistress-doctoraminerva_x-600x448.webp 600w, https:\/\/doctoraminerva.es\/wp-content\/uploads\/gafas-antistress-doctoraminerva_x.webp 800w\" sizes=\"(min-width: 2200px) 100vw, (min-width: 1036px) 333px, (min-width: 904px) 443px, (min-width: 772px) 665px, (min-width: 640px) 772px, \" \/>\t\t\t<\/a>\n\t\t\t\t\t\t\t<\/div>\n<\/div><div class=\"fusion-builder-row fusion-builder-row-inner fusion-row fusion-flex-align-items-flex-start fusion-flex-justify-content-center fusion-flex-content-wrap\" style=\"--awb-flex-grow:0;--awb-flex-grow-medium:0;--awb-flex-grow-small:0;--awb-flex-shrink:0;--awb-flex-shrink-medium:0;--awb-flex-shrink-small:0;width:calc( 100% + 60px ) !important;max-width:calc( 100% + 60px ) !important;margin-left: calc(-60px \/ 2 );margin-right: calc(-60px \/ 2 );\"><div class=\"fusion-layout-column fusion_builder_column_inner fusion-builder-nested-column-26 fusion_builder_column_inner_1_1 1_1 fusion-flex-column\" style=\"--awb-padding-top:20px;--awb-padding-right:15px;--awb-padding-bottom:20px;--awb-padding-left:15px;--awb-overflow:hidden;--awb-bg-size:cover;--awb-border-radius:2px 2px 2px 2px;--awb-width-large:100%;--awb-margin-top-large:0px;--awb-spacing-right-large:30px;--awb-margin-bottom-large:0px;--awb-spacing-left-large:30px;--awb-width-medium:100%;--awb-order-medium:0;--awb-spacing-right-medium:30px;--awb-spacing-left-medium:30px;--awb-width-small:100%;--awb-order-small:0;--awb-spacing-right-small:30px;--awb-spacing-left-small:30px;\" data-scroll-devices=\"small-visibility,medium-visibility,large-visibility\"><div class=\"fusion-column-wrapper fusion-column-has-shadow fusion-flex-justify-content-flex-start fusion-content-layout-column\"><div class=\"fusion-title title fusion-title-29 fusion-sep-none fusion-title-text fusion-title-size-three alturatitulos\" style=\"--awb-text-color:var(--awb-color6);--awb-margin-top:5px;--awb-margin-bottom:0px;--awb-margin-top-small:10px;--awb-margin-right-small:0px;--awb-margin-bottom-small:10px;--awb-margin-left-small:0px;--awb-font-size:var(--awb-custom_typography_2-font-size);\"><h3 class=\"fusion-title-heading title-heading-left fusion-responsive-typography-calculated\" style=\"font-family:var(--awb-custom_typography_2-font-family);font-weight:var(--awb-custom_typography_2-font-weight);font-style:var(--awb-custom_typography_2-font-style);margin:0;letter-spacing:var(--awb-custom_typography_2-letter-spacing);text-transform:var(--awb-custom_typography_2-text-transform);font-size:1em;--fontSize:19;--minFontSize:19;line-height:var(--awb-custom_typography_2-line-height);\">Les ulleres anti estr\u00e8s et relaxaran en el teu tractament en la nostra cl\u00ednica<\/h3><\/div><\/div><\/div><\/div><div style=\"text-align:left;\"><a class=\"fusion-button button-flat fusion-button-default-size button-custom fusion-button-default button-27 fusion-button-default-span fusion-button-default-type\" style=\"--awb-margin-top:10px;--awb-margin-right:15px;--awb-margin-bottom:0px;--awb-margin-left:15px;--button_accent_color:var(--awb-color1);--button_accent_hover_color:#ffffff;--button_border_hover_color:#424242;--button_gradient_top_color:var(--awb-color6);--button_gradient_bottom_color:var(--awb-color6);--button_gradient_top_color_hover:var(--awb-color5);--button_gradient_bottom_color_hover:var(--awb-color5);--button_text_transform:var(--awb-typography4-text-transform);--button_font_size:var(--awb-typography4-font-size);--button_line_height:var(--awb-typography4-line-height);--button_typography-letter-spacing:var(--awb-typography4-letter-spacing);--button_typography-font-family:var(--awb-typography4-font-family);--button_typography-font-weight:var(--awb-typography4-font-weight);--button_typography-font-style:var(--awb-typography4-font-style);\" target=\"_self\" href=\"https:\/\/doctoraminerva.es\/ca\/les-ulleres-anti-estres-et-relaxaran-en-el-teu-tractament-en-la-nostra-clinica\/\"><span class=\"fusion-button-text awb-button__text awb-button__text--default\">M\u00e9s informaci\u00f3<\/span><\/a><\/div><\/div><\/li>\n<li class=\"fusion-layout-column fusion_builder_column fusion-builder-column-28 fusion-flex-column post-card fusion-grid-column fusion-post-cards-grid-column\" style=\"--awb-padding-top:15px;--awb-padding-right:15px;--awb-padding-bottom:15px;--awb-padding-left:15px;--awb-overflow:hidden;--awb-bg-color:var(--awb-color2);--awb-bg-color-hover:var(--awb-color2);--awb-bg-blend:overlay;--awb-bg-size:cover;--awb-border-color:var(--awb-color2);--awb-border-top:1px;--awb-border-right:1px;--awb-border-bottom:1px;--awb-border-left:1px;--awb-border-style:solid;--awb-border-radius:25px 25px 25px 25px;--awb-flex-grow:0;--awb-flex-shrink:0;--awb-flex-grow-medium:0;--awb-flex-shrink-medium:0;--awb-flex-grow-small:0;--awb-flex-shrink-small:0;\" data-scroll-devices=\"small-visibility,medium-visibility,large-visibility\"><div class=\"fusion-column-wrapper fusion-column-has-shadow fusion-flex-justify-content-flex-start fusion-content-layout-column\"><div class=\"fusion-classic-product-image-wrapper fusion-woo-product-image fusion-post-card-image fusion-post-card-image-1 has-aspect-ratio\" data-layout=\"static\" style=\"--awb-border-radius-top-left:10px;--awb-border-radius-top-right:10px;--awb-border-radius-bottom-right:10px;--awb-border-radius-bottom-left:10px;--awb-aspect-ratio:1.25;\"><div  class=\"fusion-image-wrapper\" aria-haspopup=\"true\">\n\t\t\t\t\t\t\t<a href=\"https:\/\/doctoraminerva.es\/ca\/doctora-minerva-a-lavantguarda-en-esterilitzacio\/\" aria-label=\"Doctora Minerva: A l&#8217;avantguarda en esterilitzaci\u00f3\">\n\t\t\t\t\t\t\t<img decoding=\"async\" width=\"800\" height=\"597\" src=\"https:\/\/doctoraminerva.es\/wp-content\/uploads\/esterilizacion-doctoraminerva_x.webp\" class=\"attachment-full size-full wp-post-image\" alt=\"esterilizaci\u00f3n\" srcset=\"https:\/\/doctoraminerva.es\/wp-content\/uploads\/esterilizacion-doctoraminerva_x-200x149.webp 200w, https:\/\/doctoraminerva.es\/wp-content\/uploads\/esterilizacion-doctoraminerva_x-400x299.webp 400w, https:\/\/doctoraminerva.es\/wp-content\/uploads\/esterilizacion-doctoraminerva_x-600x448.webp 600w, https:\/\/doctoraminerva.es\/wp-content\/uploads\/esterilizacion-doctoraminerva_x.webp 800w\" sizes=\"(min-width: 2200px) 100vw, (min-width: 1036px) 333px, (min-width: 904px) 443px, (min-width: 772px) 665px, (min-width: 640px) 772px, \" \/>\t\t\t<\/a>\n\t\t\t\t\t\t\t<\/div>\n<\/div><div class=\"fusion-builder-row fusion-builder-row-inner fusion-row fusion-flex-align-items-flex-start fusion-flex-justify-content-center fusion-flex-content-wrap\" style=\"--awb-flex-grow:0;--awb-flex-grow-medium:0;--awb-flex-grow-small:0;--awb-flex-shrink:0;--awb-flex-shrink-medium:0;--awb-flex-shrink-small:0;width:calc( 100% + 60px ) !important;max-width:calc( 100% + 60px ) !important;margin-left: calc(-60px \/ 2 );margin-right: calc(-60px \/ 2 );\"><div class=\"fusion-layout-column fusion_builder_column_inner fusion-builder-nested-column-27 fusion_builder_column_inner_1_1 1_1 fusion-flex-column\" style=\"--awb-padding-top:20px;--awb-padding-right:15px;--awb-padding-bottom:20px;--awb-padding-left:15px;--awb-overflow:hidden;--awb-bg-size:cover;--awb-border-radius:2px 2px 2px 2px;--awb-width-large:100%;--awb-margin-top-large:0px;--awb-spacing-right-large:30px;--awb-margin-bottom-large:0px;--awb-spacing-left-large:30px;--awb-width-medium:100%;--awb-order-medium:0;--awb-spacing-right-medium:30px;--awb-spacing-left-medium:30px;--awb-width-small:100%;--awb-order-small:0;--awb-spacing-right-small:30px;--awb-spacing-left-small:30px;\" data-scroll-devices=\"small-visibility,medium-visibility,large-visibility\"><div class=\"fusion-column-wrapper fusion-column-has-shadow fusion-flex-justify-content-flex-start fusion-content-layout-column\"><div class=\"fusion-title title fusion-title-30 fusion-sep-none fusion-title-text fusion-title-size-three alturatitulos\" style=\"--awb-text-color:var(--awb-color6);--awb-margin-top:5px;--awb-margin-bottom:0px;--awb-margin-top-small:10px;--awb-margin-right-small:0px;--awb-margin-bottom-small:10px;--awb-margin-left-small:0px;--awb-font-size:var(--awb-custom_typography_2-font-size);\"><h3 class=\"fusion-title-heading title-heading-left fusion-responsive-typography-calculated\" style=\"font-family:var(--awb-custom_typography_2-font-family);font-weight:var(--awb-custom_typography_2-font-weight);font-style:var(--awb-custom_typography_2-font-style);margin:0;letter-spacing:var(--awb-custom_typography_2-letter-spacing);text-transform:var(--awb-custom_typography_2-text-transform);font-size:1em;--fontSize:19;--minFontSize:19;line-height:var(--awb-custom_typography_2-line-height);\">Doctora Minerva: A l&#8217;avantguarda en esterilitzaci\u00f3<\/h3><\/div><\/div><\/div><\/div><div style=\"text-align:left;\"><a class=\"fusion-button button-flat fusion-button-default-size button-custom fusion-button-default button-28 fusion-button-default-span fusion-button-default-type\" style=\"--awb-margin-top:10px;--awb-margin-right:15px;--awb-margin-bottom:0px;--awb-margin-left:15px;--button_accent_color:var(--awb-color1);--button_accent_hover_color:#ffffff;--button_border_hover_color:#424242;--button_gradient_top_color:var(--awb-color6);--button_gradient_bottom_color:var(--awb-color6);--button_gradient_top_color_hover:var(--awb-color5);--button_gradient_bottom_color_hover:var(--awb-color5);--button_text_transform:var(--awb-typography4-text-transform);--button_font_size:var(--awb-typography4-font-size);--button_line_height:var(--awb-typography4-line-height);--button_typography-letter-spacing:var(--awb-typography4-letter-spacing);--button_typography-font-family:var(--awb-typography4-font-family);--button_typography-font-weight:var(--awb-typography4-font-weight);--button_typography-font-style:var(--awb-typography4-font-style);\" target=\"_self\" href=\"https:\/\/doctoraminerva.es\/ca\/doctora-minerva-a-lavantguarda-en-esterilitzacio\/\"><span class=\"fusion-button-text awb-button__text awb-button__text--default\">M\u00e9s informaci\u00f3<\/span><\/a><\/div><\/div><\/li>\n<li class=\"fusion-layout-column fusion_builder_column fusion-builder-column-29 fusion-flex-column post-card fusion-grid-column fusion-post-cards-grid-column\" style=\"--awb-padding-top:15px;--awb-padding-right:15px;--awb-padding-bottom:15px;--awb-padding-left:15px;--awb-overflow:hidden;--awb-bg-color:var(--awb-color2);--awb-bg-color-hover:var(--awb-color2);--awb-bg-blend:overlay;--awb-bg-size:cover;--awb-border-color:var(--awb-color2);--awb-border-top:1px;--awb-border-right:1px;--awb-border-bottom:1px;--awb-border-left:1px;--awb-border-style:solid;--awb-border-radius:25px 25px 25px 25px;--awb-flex-grow:0;--awb-flex-shrink:0;--awb-flex-grow-medium:0;--awb-flex-shrink-medium:0;--awb-flex-grow-small:0;--awb-flex-shrink-small:0;\" data-scroll-devices=\"small-visibility,medium-visibility,large-visibility\"><div class=\"fusion-column-wrapper fusion-column-has-shadow fusion-flex-justify-content-flex-start fusion-content-layout-column\"><div class=\"fusion-classic-product-image-wrapper fusion-woo-product-image fusion-post-card-image fusion-post-card-image-1 has-aspect-ratio\" data-layout=\"static\" style=\"--awb-border-radius-top-left:10px;--awb-border-radius-top-right:10px;--awb-border-radius-bottom-right:10px;--awb-border-radius-bottom-left:10px;--awb-aspect-ratio:1.25;\"><div  class=\"fusion-image-wrapper\" aria-haspopup=\"true\">\n\t\t\t\t\t\t\t<a href=\"https:\/\/doctoraminerva.es\/ca\/xerrades-informatives-als-escolars-de-montcada-i-reixac\/\" aria-label=\"Xerrades informatives als escolars de Montcada i Reixac\">\n\t\t\t\t\t\t\t<img decoding=\"async\" width=\"801\" height=\"597\" src=\"https:\/\/doctoraminerva.es\/wp-content\/uploads\/charlas-escolares-doctoraminerva_x.webp\" class=\"attachment-full size-full wp-post-image\" alt=\"Charlas informativas a los escolares de Montcada i Reixac\" srcset=\"https:\/\/doctoraminerva.es\/wp-content\/uploads\/charlas-escolares-doctoraminerva_x-200x149.webp 200w, https:\/\/doctoraminerva.es\/wp-content\/uploads\/charlas-escolares-doctoraminerva_x-400x298.webp 400w, https:\/\/doctoraminerva.es\/wp-content\/uploads\/charlas-escolares-doctoraminerva_x-600x447.webp 600w, https:\/\/doctoraminerva.es\/wp-content\/uploads\/charlas-escolares-doctoraminerva_x.webp 801w\" sizes=\"(min-width: 2200px) 100vw, (min-width: 1036px) 333px, (min-width: 904px) 443px, (min-width: 772px) 665px, (min-width: 640px) 772px, \" \/>\t\t\t<\/a>\n\t\t\t\t\t\t\t<\/div>\n<\/div><div class=\"fusion-builder-row fusion-builder-row-inner fusion-row fusion-flex-align-items-flex-start fusion-flex-justify-content-center fusion-flex-content-wrap\" style=\"--awb-flex-grow:0;--awb-flex-grow-medium:0;--awb-flex-grow-small:0;--awb-flex-shrink:0;--awb-flex-shrink-medium:0;--awb-flex-shrink-small:0;width:calc( 100% + 60px ) !important;max-width:calc( 100% + 60px ) !important;margin-left: calc(-60px \/ 2 );margin-right: calc(-60px \/ 2 );\"><div class=\"fusion-layout-column fusion_builder_column_inner fusion-builder-nested-column-28 fusion_builder_column_inner_1_1 1_1 fusion-flex-column\" style=\"--awb-padding-top:20px;--awb-padding-right:15px;--awb-padding-bottom:20px;--awb-padding-left:15px;--awb-overflow:hidden;--awb-bg-size:cover;--awb-border-radius:2px 2px 2px 2px;--awb-width-large:100%;--awb-margin-top-large:0px;--awb-spacing-right-large:30px;--awb-margin-bottom-large:0px;--awb-spacing-left-large:30px;--awb-width-medium:100%;--awb-order-medium:0;--awb-spacing-right-medium:30px;--awb-spacing-left-medium:30px;--awb-width-small:100%;--awb-order-small:0;--awb-spacing-right-small:30px;--awb-spacing-left-small:30px;\" data-scroll-devices=\"small-visibility,medium-visibility,large-visibility\"><div class=\"fusion-column-wrapper fusion-column-has-shadow fusion-flex-justify-content-flex-start fusion-content-layout-column\"><div class=\"fusion-title title fusion-title-31 fusion-sep-none fusion-title-text fusion-title-size-three alturatitulos\" style=\"--awb-text-color:var(--awb-color6);--awb-margin-top:5px;--awb-margin-bottom:0px;--awb-margin-top-small:10px;--awb-margin-right-small:0px;--awb-margin-bottom-small:10px;--awb-margin-left-small:0px;--awb-font-size:var(--awb-custom_typography_2-font-size);\"><h3 class=\"fusion-title-heading title-heading-left fusion-responsive-typography-calculated\" style=\"font-family:var(--awb-custom_typography_2-font-family);font-weight:var(--awb-custom_typography_2-font-weight);font-style:var(--awb-custom_typography_2-font-style);margin:0;letter-spacing:var(--awb-custom_typography_2-letter-spacing);text-transform:var(--awb-custom_typography_2-text-transform);font-size:1em;--fontSize:19;--minFontSize:19;line-height:var(--awb-custom_typography_2-line-height);\">Xerrades informatives als escolars de Montcada i Reixac<\/h3><\/div><\/div><\/div><\/div><div style=\"text-align:left;\"><a class=\"fusion-button button-flat fusion-button-default-size button-custom fusion-button-default button-29 fusion-button-default-span fusion-button-default-type\" style=\"--awb-margin-top:10px;--awb-margin-right:15px;--awb-margin-bottom:0px;--awb-margin-left:15px;--button_accent_color:var(--awb-color1);--button_accent_hover_color:#ffffff;--button_border_hover_color:#424242;--button_gradient_top_color:var(--awb-color6);--button_gradient_bottom_color:var(--awb-color6);--button_gradient_top_color_hover:var(--awb-color5);--button_gradient_bottom_color_hover:var(--awb-color5);--button_text_transform:var(--awb-typography4-text-transform);--button_font_size:var(--awb-typography4-font-size);--button_line_height:var(--awb-typography4-line-height);--button_typography-letter-spacing:var(--awb-typography4-letter-spacing);--button_typography-font-family:var(--awb-typography4-font-family);--button_typography-font-weight:var(--awb-typography4-font-weight);--button_typography-font-style:var(--awb-typography4-font-style);\" target=\"_self\" href=\"https:\/\/doctoraminerva.es\/ca\/xerrades-informatives-als-escolars-de-montcada-i-reixac\/\"><span class=\"fusion-button-text awb-button__text awb-button__text--default\">M\u00e9s informaci\u00f3<\/span><\/a><\/div><\/div><\/li>\n<li class=\"fusion-layout-column fusion_builder_column fusion-builder-column-30 fusion-flex-column post-card fusion-grid-column fusion-post-cards-grid-column\" style=\"--awb-padding-top:15px;--awb-padding-right:15px;--awb-padding-bottom:15px;--awb-padding-left:15px;--awb-overflow:hidden;--awb-bg-color:var(--awb-color2);--awb-bg-color-hover:var(--awb-color2);--awb-bg-blend:overlay;--awb-bg-size:cover;--awb-border-color:var(--awb-color2);--awb-border-top:1px;--awb-border-right:1px;--awb-border-bottom:1px;--awb-border-left:1px;--awb-border-style:solid;--awb-border-radius:25px 25px 25px 25px;--awb-flex-grow:0;--awb-flex-shrink:0;--awb-flex-grow-medium:0;--awb-flex-shrink-medium:0;--awb-flex-grow-small:0;--awb-flex-shrink-small:0;\" data-scroll-devices=\"small-visibility,medium-visibility,large-visibility\"><div class=\"fusion-column-wrapper fusion-column-has-shadow fusion-flex-justify-content-flex-start fusion-content-layout-column\"><div class=\"fusion-classic-product-image-wrapper fusion-woo-product-image fusion-post-card-image fusion-post-card-image-1 has-aspect-ratio\" data-layout=\"static\" style=\"--awb-border-radius-top-left:10px;--awb-border-radius-top-right:10px;--awb-border-radius-bottom-right:10px;--awb-border-radius-bottom-left:10px;--awb-aspect-ratio:1.25;\"><div  class=\"fusion-image-wrapper\" aria-haspopup=\"true\">\n\t\t\t\t\t\t\t<a href=\"https:\/\/doctoraminerva.es\/ca\/caritas-parroquial-guanyadora-de-la-2a-edicio-del-somriure-de-lany\/\" aria-label=\"C\u00e0ritas Parroquial, guanyadora de la 2\u00aa edici\u00f3 del &#8220;Somriure de l&#8217;any&#8221;\">\n\t\t\t\t\t\t\t<img decoding=\"async\" width=\"966\" height=\"630\" src=\"https:\/\/doctoraminerva.es\/wp-content\/uploads\/caritas-montcada_x.webp\" class=\"attachment-full size-full wp-post-image\" alt=\"C\u00e0ritas Montcada i Reixac\" srcset=\"https:\/\/doctoraminerva.es\/wp-content\/uploads\/caritas-montcada_x-200x130.webp 200w, https:\/\/doctoraminerva.es\/wp-content\/uploads\/caritas-montcada_x-400x261.webp 400w, https:\/\/doctoraminerva.es\/wp-content\/uploads\/caritas-montcada_x-600x391.webp 600w, https:\/\/doctoraminerva.es\/wp-content\/uploads\/caritas-montcada_x-800x522.webp 800w, https:\/\/doctoraminerva.es\/wp-content\/uploads\/caritas-montcada_x.webp 966w\" sizes=\"(min-width: 2200px) 100vw, (min-width: 1036px) 333px, (min-width: 904px) 443px, (min-width: 772px) 665px, (min-width: 640px) 772px, \" \/>\t\t\t<\/a>\n\t\t\t\t\t\t\t<\/div>\n<\/div><div class=\"fusion-builder-row fusion-builder-row-inner fusion-row fusion-flex-align-items-flex-start fusion-flex-justify-content-center fusion-flex-content-wrap\" style=\"--awb-flex-grow:0;--awb-flex-grow-medium:0;--awb-flex-grow-small:0;--awb-flex-shrink:0;--awb-flex-shrink-medium:0;--awb-flex-shrink-small:0;width:calc( 100% + 60px ) !important;max-width:calc( 100% + 60px ) !important;margin-left: calc(-60px \/ 2 );margin-right: calc(-60px \/ 2 );\"><div class=\"fusion-layout-column fusion_builder_column_inner fusion-builder-nested-column-29 fusion_builder_column_inner_1_1 1_1 fusion-flex-column\" style=\"--awb-padding-top:20px;--awb-padding-right:15px;--awb-padding-bottom:20px;--awb-padding-left:15px;--awb-overflow:hidden;--awb-bg-size:cover;--awb-border-radius:2px 2px 2px 2px;--awb-width-large:100%;--awb-margin-top-large:0px;--awb-spacing-right-large:30px;--awb-margin-bottom-large:0px;--awb-spacing-left-large:30px;--awb-width-medium:100%;--awb-order-medium:0;--awb-spacing-right-medium:30px;--awb-spacing-left-medium:30px;--awb-width-small:100%;--awb-order-small:0;--awb-spacing-right-small:30px;--awb-spacing-left-small:30px;\" data-scroll-devices=\"small-visibility,medium-visibility,large-visibility\"><div class=\"fusion-column-wrapper fusion-column-has-shadow fusion-flex-justify-content-flex-start fusion-content-layout-column\"><div class=\"fusion-title title fusion-title-32 fusion-sep-none fusion-title-text fusion-title-size-three alturatitulos\" style=\"--awb-text-color:var(--awb-color6);--awb-margin-top:5px;--awb-margin-bottom:0px;--awb-margin-top-small:10px;--awb-margin-right-small:0px;--awb-margin-bottom-small:10px;--awb-margin-left-small:0px;--awb-font-size:var(--awb-custom_typography_2-font-size);\"><h3 class=\"fusion-title-heading title-heading-left fusion-responsive-typography-calculated\" style=\"font-family:var(--awb-custom_typography_2-font-family);font-weight:var(--awb-custom_typography_2-font-weight);font-style:var(--awb-custom_typography_2-font-style);margin:0;letter-spacing:var(--awb-custom_typography_2-letter-spacing);text-transform:var(--awb-custom_typography_2-text-transform);font-size:1em;--fontSize:19;--minFontSize:19;line-height:var(--awb-custom_typography_2-line-height);\">C\u00e0ritas Parroquial, guanyadora de la 2\u00aa edici\u00f3 del &#8220;Somriure de l&#8217;any&#8221;<\/h3><\/div><\/div><\/div><\/div><div style=\"text-align:left;\"><a class=\"fusion-button button-flat fusion-button-default-size button-custom fusion-button-default button-30 fusion-button-default-span fusion-button-default-type\" style=\"--awb-margin-top:10px;--awb-margin-right:15px;--awb-margin-bottom:0px;--awb-margin-left:15px;--button_accent_color:var(--awb-color1);--button_accent_hover_color:#ffffff;--button_border_hover_color:#424242;--button_gradient_top_color:var(--awb-color6);--button_gradient_bottom_color:var(--awb-color6);--button_gradient_top_color_hover:var(--awb-color5);--button_gradient_bottom_color_hover:var(--awb-color5);--button_text_transform:var(--awb-typography4-text-transform);--button_font_size:var(--awb-typography4-font-size);--button_line_height:var(--awb-typography4-line-height);--button_typography-letter-spacing:var(--awb-typography4-letter-spacing);--button_typography-font-family:var(--awb-typography4-font-family);--button_typography-font-weight:var(--awb-typography4-font-weight);--button_typography-font-style:var(--awb-typography4-font-style);\" target=\"_self\" href=\"https:\/\/doctoraminerva.es\/ca\/caritas-parroquial-guanyadora-de-la-2a-edicio-del-somriure-de-lany\/\"><span class=\"fusion-button-text awb-button__text awb-button__text--default\">M\u00e9s informaci\u00f3<\/span><\/a><\/div><\/div><\/li>\n<li class=\"fusion-layout-column fusion_builder_column fusion-builder-column-31 fusion-flex-column post-card fusion-grid-column fusion-post-cards-grid-column\" style=\"--awb-padding-top:15px;--awb-padding-right:15px;--awb-padding-bottom:15px;--awb-padding-left:15px;--awb-overflow:hidden;--awb-bg-color:var(--awb-color2);--awb-bg-color-hover:var(--awb-color2);--awb-bg-blend:overlay;--awb-bg-size:cover;--awb-border-color:var(--awb-color2);--awb-border-top:1px;--awb-border-right:1px;--awb-border-bottom:1px;--awb-border-left:1px;--awb-border-style:solid;--awb-border-radius:25px 25px 25px 25px;--awb-flex-grow:0;--awb-flex-shrink:0;--awb-flex-grow-medium:0;--awb-flex-shrink-medium:0;--awb-flex-grow-small:0;--awb-flex-shrink-small:0;\" data-scroll-devices=\"small-visibility,medium-visibility,large-visibility\"><div class=\"fusion-column-wrapper fusion-column-has-shadow fusion-flex-justify-content-flex-start fusion-content-layout-column\"><div class=\"fusion-classic-product-image-wrapper fusion-woo-product-image fusion-post-card-image fusion-post-card-image-1 has-aspect-ratio\" data-layout=\"static\" style=\"--awb-border-radius-top-left:10px;--awb-border-radius-top-right:10px;--awb-border-radius-bottom-right:10px;--awb-border-radius-bottom-left:10px;--awb-aspect-ratio:1.25;\"><div  class=\"fusion-image-wrapper\" aria-haspopup=\"true\">\n\t\t\t\t\t\t\t<a href=\"https:\/\/doctoraminerva.es\/ca\/noticia-a-la-vanguardia-premi-somriure-de-lany-a-caritas\/\" aria-label=\"Not\u00edcia a La Vanguardia: Premi Somriure de l\u2019any a C\u00e0ritas\">\n\t\t\t\t\t\t\t<img decoding=\"async\" width=\"966\" height=\"630\" src=\"https:\/\/doctoraminerva.es\/wp-content\/uploads\/caritas-montcada_x.webp\" class=\"attachment-full size-full wp-post-image\" alt=\"C\u00e0ritas Montcada i Reixac\" srcset=\"https:\/\/doctoraminerva.es\/wp-content\/uploads\/caritas-montcada_x-200x130.webp 200w, https:\/\/doctoraminerva.es\/wp-content\/uploads\/caritas-montcada_x-400x261.webp 400w, https:\/\/doctoraminerva.es\/wp-content\/uploads\/caritas-montcada_x-600x391.webp 600w, https:\/\/doctoraminerva.es\/wp-content\/uploads\/caritas-montcada_x-800x522.webp 800w, https:\/\/doctoraminerva.es\/wp-content\/uploads\/caritas-montcada_x.webp 966w\" sizes=\"(min-width: 2200px) 100vw, (min-width: 1036px) 333px, (min-width: 904px) 443px, (min-width: 772px) 665px, (min-width: 640px) 772px, \" \/>\t\t\t<\/a>\n\t\t\t\t\t\t\t<\/div>\n<\/div><div class=\"fusion-builder-row fusion-builder-row-inner fusion-row fusion-flex-align-items-flex-start fusion-flex-justify-content-center fusion-flex-content-wrap\" style=\"--awb-flex-grow:0;--awb-flex-grow-medium:0;--awb-flex-grow-small:0;--awb-flex-shrink:0;--awb-flex-shrink-medium:0;--awb-flex-shrink-small:0;width:calc( 100% + 60px ) !important;max-width:calc( 100% + 60px ) !important;margin-left: calc(-60px \/ 2 );margin-right: calc(-60px \/ 2 );\"><div class=\"fusion-layout-column fusion_builder_column_inner fusion-builder-nested-column-30 fusion_builder_column_inner_1_1 1_1 fusion-flex-column\" style=\"--awb-padding-top:20px;--awb-padding-right:15px;--awb-padding-bottom:20px;--awb-padding-left:15px;--awb-overflow:hidden;--awb-bg-size:cover;--awb-border-radius:2px 2px 2px 2px;--awb-width-large:100%;--awb-margin-top-large:0px;--awb-spacing-right-large:30px;--awb-margin-bottom-large:0px;--awb-spacing-left-large:30px;--awb-width-medium:100%;--awb-order-medium:0;--awb-spacing-right-medium:30px;--awb-spacing-left-medium:30px;--awb-width-small:100%;--awb-order-small:0;--awb-spacing-right-small:30px;--awb-spacing-left-small:30px;\" data-scroll-devices=\"small-visibility,medium-visibility,large-visibility\"><div class=\"fusion-column-wrapper fusion-column-has-shadow fusion-flex-justify-content-flex-start fusion-content-layout-column\"><div class=\"fusion-title title fusion-title-33 fusion-sep-none fusion-title-text fusion-title-size-three alturatitulos\" style=\"--awb-text-color:var(--awb-color6);--awb-margin-top:5px;--awb-margin-bottom:0px;--awb-margin-top-small:10px;--awb-margin-right-small:0px;--awb-margin-bottom-small:10px;--awb-margin-left-small:0px;--awb-font-size:var(--awb-custom_typography_2-font-size);\"><h3 class=\"fusion-title-heading title-heading-left fusion-responsive-typography-calculated\" style=\"font-family:var(--awb-custom_typography_2-font-family);font-weight:var(--awb-custom_typography_2-font-weight);font-style:var(--awb-custom_typography_2-font-style);margin:0;letter-spacing:var(--awb-custom_typography_2-letter-spacing);text-transform:var(--awb-custom_typography_2-text-transform);font-size:1em;--fontSize:19;--minFontSize:19;line-height:var(--awb-custom_typography_2-line-height);\">Not\u00edcia a La Vanguardia: Premi Somriure de l\u2019any a C\u00e0ritas<\/h3><\/div><\/div><\/div><\/div><div style=\"text-align:left;\"><a class=\"fusion-button button-flat fusion-button-default-size button-custom fusion-button-default button-31 fusion-button-default-span fusion-button-default-type\" style=\"--awb-margin-top:10px;--awb-margin-right:15px;--awb-margin-bottom:0px;--awb-margin-left:15px;--button_accent_color:var(--awb-color1);--button_accent_hover_color:#ffffff;--button_border_hover_color:#424242;--button_gradient_top_color:var(--awb-color6);--button_gradient_bottom_color:var(--awb-color6);--button_gradient_top_color_hover:var(--awb-color5);--button_gradient_bottom_color_hover:var(--awb-color5);--button_text_transform:var(--awb-typography4-text-transform);--button_font_size:var(--awb-typography4-font-size);--button_line_height:var(--awb-typography4-line-height);--button_typography-letter-spacing:var(--awb-typography4-letter-spacing);--button_typography-font-family:var(--awb-typography4-font-family);--button_typography-font-weight:var(--awb-typography4-font-weight);--button_typography-font-style:var(--awb-typography4-font-style);\" target=\"_self\" href=\"https:\/\/doctoraminerva.es\/ca\/noticia-a-la-vanguardia-premi-somriure-de-lany-a-caritas\/\"><span class=\"fusion-button-text awb-button__text awb-button__text--default\">M\u00e9s informaci\u00f3<\/span><\/a><\/div><\/div><\/li>\n<li class=\"fusion-layout-column fusion_builder_column fusion-builder-column-32 fusion-flex-column post-card fusion-grid-column fusion-post-cards-grid-column\" style=\"--awb-padding-top:15px;--awb-padding-right:15px;--awb-padding-bottom:15px;--awb-padding-left:15px;--awb-overflow:hidden;--awb-bg-color:var(--awb-color2);--awb-bg-color-hover:var(--awb-color2);--awb-bg-blend:overlay;--awb-bg-size:cover;--awb-border-color:var(--awb-color2);--awb-border-top:1px;--awb-border-right:1px;--awb-border-bottom:1px;--awb-border-left:1px;--awb-border-style:solid;--awb-border-radius:25px 25px 25px 25px;--awb-flex-grow:0;--awb-flex-shrink:0;--awb-flex-grow-medium:0;--awb-flex-shrink-medium:0;--awb-flex-grow-small:0;--awb-flex-shrink-small:0;\" data-scroll-devices=\"small-visibility,medium-visibility,large-visibility\"><div class=\"fusion-column-wrapper fusion-column-has-shadow fusion-flex-justify-content-flex-start fusion-content-layout-column\"><div class=\"fusion-classic-product-image-wrapper fusion-woo-product-image fusion-post-card-image fusion-post-card-image-1 has-aspect-ratio\" data-layout=\"static\" style=\"--awb-border-radius-top-left:10px;--awb-border-radius-top-right:10px;--awb-border-radius-bottom-right:10px;--awb-border-radius-bottom-left:10px;--awb-aspect-ratio:1.25;\"><div  class=\"fusion-image-wrapper\" aria-haspopup=\"true\">\n\t\t\t\t\t\t\t<a href=\"https:\/\/doctoraminerva.es\/ca\/doctora-minerva-agraiment-a-pedro-madueno\/\" aria-label=\"Doctora Minerva: agra\u00efment a Pedro Madue\u00f1o\">\n\t\t\t\t\t\t\t<img decoding=\"async\" width=\"800\" height=\"597\" src=\"https:\/\/doctoraminerva.es\/wp-content\/uploads\/homenaje-doctoraminerva_x.webp\" class=\"attachment-full size-full wp-post-image\" alt=\"Homenaje a Pedro Madue\u00f1o\" srcset=\"https:\/\/doctoraminerva.es\/wp-content\/uploads\/homenaje-doctoraminerva_x-200x149.webp 200w, https:\/\/doctoraminerva.es\/wp-content\/uploads\/homenaje-doctoraminerva_x-400x299.webp 400w, https:\/\/doctoraminerva.es\/wp-content\/uploads\/homenaje-doctoraminerva_x-600x448.webp 600w, https:\/\/doctoraminerva.es\/wp-content\/uploads\/homenaje-doctoraminerva_x.webp 800w\" sizes=\"(min-width: 2200px) 100vw, (min-width: 1036px) 333px, (min-width: 904px) 443px, (min-width: 772px) 665px, (min-width: 640px) 772px, \" \/>\t\t\t<\/a>\n\t\t\t\t\t\t\t<\/div>\n<\/div><div class=\"fusion-builder-row fusion-builder-row-inner fusion-row fusion-flex-align-items-flex-start fusion-flex-justify-content-center fusion-flex-content-wrap\" style=\"--awb-flex-grow:0;--awb-flex-grow-medium:0;--awb-flex-grow-small:0;--awb-flex-shrink:0;--awb-flex-shrink-medium:0;--awb-flex-shrink-small:0;width:calc( 100% + 60px ) !important;max-width:calc( 100% + 60px ) !important;margin-left: calc(-60px \/ 2 );margin-right: calc(-60px \/ 2 );\"><div class=\"fusion-layout-column fusion_builder_column_inner fusion-builder-nested-column-31 fusion_builder_column_inner_1_1 1_1 fusion-flex-column\" style=\"--awb-padding-top:20px;--awb-padding-right:15px;--awb-padding-bottom:20px;--awb-padding-left:15px;--awb-overflow:hidden;--awb-bg-size:cover;--awb-border-radius:2px 2px 2px 2px;--awb-width-large:100%;--awb-margin-top-large:0px;--awb-spacing-right-large:30px;--awb-margin-bottom-large:0px;--awb-spacing-left-large:30px;--awb-width-medium:100%;--awb-order-medium:0;--awb-spacing-right-medium:30px;--awb-spacing-left-medium:30px;--awb-width-small:100%;--awb-order-small:0;--awb-spacing-right-small:30px;--awb-spacing-left-small:30px;\" data-scroll-devices=\"small-visibility,medium-visibility,large-visibility\"><div class=\"fusion-column-wrapper fusion-column-has-shadow fusion-flex-justify-content-flex-start fusion-content-layout-column\"><div class=\"fusion-title title fusion-title-34 fusion-sep-none fusion-title-text fusion-title-size-three alturatitulos\" style=\"--awb-text-color:var(--awb-color6);--awb-margin-top:5px;--awb-margin-bottom:0px;--awb-margin-top-small:10px;--awb-margin-right-small:0px;--awb-margin-bottom-small:10px;--awb-margin-left-small:0px;--awb-font-size:var(--awb-custom_typography_2-font-size);\"><h3 class=\"fusion-title-heading title-heading-left fusion-responsive-typography-calculated\" style=\"font-family:var(--awb-custom_typography_2-font-family);font-weight:var(--awb-custom_typography_2-font-weight);font-style:var(--awb-custom_typography_2-font-style);margin:0;letter-spacing:var(--awb-custom_typography_2-letter-spacing);text-transform:var(--awb-custom_typography_2-text-transform);font-size:1em;--fontSize:19;--minFontSize:19;line-height:var(--awb-custom_typography_2-line-height);\">Doctora Minerva: agra\u00efment a Pedro Madue\u00f1o<\/h3><\/div><\/div><\/div><\/div><div style=\"text-align:left;\"><a class=\"fusion-button button-flat fusion-button-default-size button-custom fusion-button-default button-32 fusion-button-default-span fusion-button-default-type\" style=\"--awb-margin-top:10px;--awb-margin-right:15px;--awb-margin-bottom:0px;--awb-margin-left:15px;--button_accent_color:var(--awb-color1);--button_accent_hover_color:#ffffff;--button_border_hover_color:#424242;--button_gradient_top_color:var(--awb-color6);--button_gradient_bottom_color:var(--awb-color6);--button_gradient_top_color_hover:var(--awb-color5);--button_gradient_bottom_color_hover:var(--awb-color5);--button_text_transform:var(--awb-typography4-text-transform);--button_font_size:var(--awb-typography4-font-size);--button_line_height:var(--awb-typography4-line-height);--button_typography-letter-spacing:var(--awb-typography4-letter-spacing);--button_typography-font-family:var(--awb-typography4-font-family);--button_typography-font-weight:var(--awb-typography4-font-weight);--button_typography-font-style:var(--awb-typography4-font-style);\" target=\"_self\" href=\"https:\/\/doctoraminerva.es\/ca\/doctora-minerva-agraiment-a-pedro-madueno\/\"><span class=\"fusion-button-text awb-button__text awb-button__text--default\">M\u00e9s informaci\u00f3<\/span><\/a><\/div><\/div><\/li>\n<li class=\"fusion-layout-column fusion_builder_column fusion-builder-column-33 fusion-flex-column post-card fusion-grid-column fusion-post-cards-grid-column\" style=\"--awb-padding-top:15px;--awb-padding-right:15px;--awb-padding-bottom:15px;--awb-padding-left:15px;--awb-overflow:hidden;--awb-bg-color:var(--awb-color2);--awb-bg-color-hover:var(--awb-color2);--awb-bg-blend:overlay;--awb-bg-size:cover;--awb-border-color:var(--awb-color2);--awb-border-top:1px;--awb-border-right:1px;--awb-border-bottom:1px;--awb-border-left:1px;--awb-border-style:solid;--awb-border-radius:25px 25px 25px 25px;--awb-flex-grow:0;--awb-flex-shrink:0;--awb-flex-grow-medium:0;--awb-flex-shrink-medium:0;--awb-flex-grow-small:0;--awb-flex-shrink-small:0;\" data-scroll-devices=\"small-visibility,medium-visibility,large-visibility\"><div class=\"fusion-column-wrapper fusion-column-has-shadow fusion-flex-justify-content-flex-start fusion-content-layout-column\"><div class=\"fusion-classic-product-image-wrapper fusion-woo-product-image fusion-post-card-image fusion-post-card-image-1 has-aspect-ratio\" data-layout=\"static\" style=\"--awb-border-radius-top-left:10px;--awb-border-radius-top-right:10px;--awb-border-radius-bottom-right:10px;--awb-border-radius-bottom-left:10px;--awb-aspect-ratio:1.25;\"><div  class=\"fusion-image-wrapper\" aria-haspopup=\"true\">\n\t\t\t\t\t\t\t<a href=\"https:\/\/doctoraminerva.es\/ca\/primera-edicio-del-premi-somriure-de-lany-atorgat-a-adimir\/\" aria-label=\"Primera edici\u00f3 del premi &#8220;Somriure de l&#8217;Any&#8221;, atorgat a ADIMIR\">\n\t\t\t\t\t\t\t<img decoding=\"async\" width=\"966\" height=\"630\" src=\"https:\/\/doctoraminerva.es\/wp-content\/uploads\/adimir_x.webp\" class=\"attachment-full size-full wp-post-image\" alt=\"adimir premio somriure de l&#039;any\" srcset=\"https:\/\/doctoraminerva.es\/wp-content\/uploads\/adimir_x-200x130.webp 200w, https:\/\/doctoraminerva.es\/wp-content\/uploads\/adimir_x-400x261.webp 400w, https:\/\/doctoraminerva.es\/wp-content\/uploads\/adimir_x-600x391.webp 600w, https:\/\/doctoraminerva.es\/wp-content\/uploads\/adimir_x-800x522.webp 800w, https:\/\/doctoraminerva.es\/wp-content\/uploads\/adimir_x.webp 966w\" sizes=\"(min-width: 2200px) 100vw, (min-width: 1036px) 333px, (min-width: 904px) 443px, (min-width: 772px) 665px, (min-width: 640px) 772px, \" \/>\t\t\t<\/a>\n\t\t\t\t\t\t\t<\/div>\n<\/div><div class=\"fusion-builder-row fusion-builder-row-inner fusion-row fusion-flex-align-items-flex-start fusion-flex-justify-content-center fusion-flex-content-wrap\" style=\"--awb-flex-grow:0;--awb-flex-grow-medium:0;--awb-flex-grow-small:0;--awb-flex-shrink:0;--awb-flex-shrink-medium:0;--awb-flex-shrink-small:0;width:calc( 100% + 60px ) !important;max-width:calc( 100% + 60px ) !important;margin-left: calc(-60px \/ 2 );margin-right: calc(-60px \/ 2 );\"><div class=\"fusion-layout-column fusion_builder_column_inner fusion-builder-nested-column-32 fusion_builder_column_inner_1_1 1_1 fusion-flex-column\" style=\"--awb-padding-top:20px;--awb-padding-right:15px;--awb-padding-bottom:20px;--awb-padding-left:15px;--awb-overflow:hidden;--awb-bg-size:cover;--awb-border-radius:2px 2px 2px 2px;--awb-width-large:100%;--awb-margin-top-large:0px;--awb-spacing-right-large:30px;--awb-margin-bottom-large:0px;--awb-spacing-left-large:30px;--awb-width-medium:100%;--awb-order-medium:0;--awb-spacing-right-medium:30px;--awb-spacing-left-medium:30px;--awb-width-small:100%;--awb-order-small:0;--awb-spacing-right-small:30px;--awb-spacing-left-small:30px;\" data-scroll-devices=\"small-visibility,medium-visibility,large-visibility\"><div class=\"fusion-column-wrapper fusion-column-has-shadow fusion-flex-justify-content-flex-start fusion-content-layout-column\"><div class=\"fusion-title title fusion-title-35 fusion-sep-none fusion-title-text fusion-title-size-three alturatitulos\" style=\"--awb-text-color:var(--awb-color6);--awb-margin-top:5px;--awb-margin-bottom:0px;--awb-margin-top-small:10px;--awb-margin-right-small:0px;--awb-margin-bottom-small:10px;--awb-margin-left-small:0px;--awb-font-size:var(--awb-custom_typography_2-font-size);\"><h3 class=\"fusion-title-heading title-heading-left fusion-responsive-typography-calculated\" style=\"font-family:var(--awb-custom_typography_2-font-family);font-weight:var(--awb-custom_typography_2-font-weight);font-style:var(--awb-custom_typography_2-font-style);margin:0;letter-spacing:var(--awb-custom_typography_2-letter-spacing);text-transform:var(--awb-custom_typography_2-text-transform);font-size:1em;--fontSize:19;--minFontSize:19;line-height:var(--awb-custom_typography_2-line-height);\">Primera edici\u00f3 del premi &#8220;Somriure de l&#8217;Any&#8221;, atorgat a ADIMIR<\/h3><\/div><\/div><\/div><\/div><div style=\"text-align:left;\"><a class=\"fusion-button button-flat fusion-button-default-size button-custom fusion-button-default button-33 fusion-button-default-span fusion-button-default-type\" style=\"--awb-margin-top:10px;--awb-margin-right:15px;--awb-margin-bottom:0px;--awb-margin-left:15px;--button_accent_color:var(--awb-color1);--button_accent_hover_color:#ffffff;--button_border_hover_color:#424242;--button_gradient_top_color:var(--awb-color6);--button_gradient_bottom_color:var(--awb-color6);--button_gradient_top_color_hover:var(--awb-color5);--button_gradient_bottom_color_hover:var(--awb-color5);--button_text_transform:var(--awb-typography4-text-transform);--button_font_size:var(--awb-typography4-font-size);--button_line_height:var(--awb-typography4-line-height);--button_typography-letter-spacing:var(--awb-typography4-letter-spacing);--button_typography-font-family:var(--awb-typography4-font-family);--button_typography-font-weight:var(--awb-typography4-font-weight);--button_typography-font-style:var(--awb-typography4-font-style);\" target=\"_self\" href=\"https:\/\/doctoraminerva.es\/ca\/primera-edicio-del-premi-somriure-de-lany-atorgat-a-adimir\/\"><span class=\"fusion-button-text awb-button__text awb-button__text--default\">M\u00e9s informaci\u00f3<\/span><\/a><\/div><\/div><\/li>\n<li class=\"fusion-layout-column fusion_builder_column fusion-builder-column-34 fusion-flex-column post-card fusion-grid-column fusion-post-cards-grid-column\" style=\"--awb-padding-top:15px;--awb-padding-right:15px;--awb-padding-bottom:15px;--awb-padding-left:15px;--awb-overflow:hidden;--awb-bg-color:var(--awb-color2);--awb-bg-color-hover:var(--awb-color2);--awb-bg-blend:overlay;--awb-bg-size:cover;--awb-border-color:var(--awb-color2);--awb-border-top:1px;--awb-border-right:1px;--awb-border-bottom:1px;--awb-border-left:1px;--awb-border-style:solid;--awb-border-radius:25px 25px 25px 25px;--awb-flex-grow:0;--awb-flex-shrink:0;--awb-flex-grow-medium:0;--awb-flex-shrink-medium:0;--awb-flex-grow-small:0;--awb-flex-shrink-small:0;\" data-scroll-devices=\"small-visibility,medium-visibility,large-visibility\"><div class=\"fusion-column-wrapper fusion-column-has-shadow fusion-flex-justify-content-flex-start fusion-content-layout-column\"><div class=\"fusion-classic-product-image-wrapper fusion-woo-product-image fusion-post-card-image fusion-post-card-image-1 has-aspect-ratio\" data-layout=\"static\" style=\"--awb-border-radius-top-left:10px;--awb-border-radius-top-right:10px;--awb-border-radius-bottom-right:10px;--awb-border-radius-bottom-left:10px;--awb-aspect-ratio:1.25;\"><div  class=\"fusion-image-wrapper\" aria-haspopup=\"true\">\n\t\t\t\t\t\t\t<a href=\"https:\/\/doctoraminerva.es\/ca\/la-clinica-celebra-el-seu-15-aniversari-en-el-local-del-carrer-colom\/\" aria-label=\"La cl\u00ednica celebra el seu 15 aniversari en el local del carrer Colom\">\n\t\t\t\t\t\t\t<img decoding=\"async\" width=\"500\" height=\"373\" src=\"https:\/\/doctoraminerva.es\/wp-content\/uploads\/aniversario-doctoraminerva_x.webp\" class=\"attachment-full size-full wp-post-image\" alt=\"La cl\u00ednica dental celebra su 15 aniversario en el local de la calle Col\u00f3n.\" srcset=\"https:\/\/doctoraminerva.es\/wp-content\/uploads\/aniversario-doctoraminerva_x-200x149.webp 200w, https:\/\/doctoraminerva.es\/wp-content\/uploads\/aniversario-doctoraminerva_x-400x298.webp 400w, https:\/\/doctoraminerva.es\/wp-content\/uploads\/aniversario-doctoraminerva_x.webp 500w\" sizes=\"(min-width: 2200px) 100vw, (min-width: 1036px) 333px, (min-width: 904px) 443px, (min-width: 772px) 665px, (min-width: 640px) 772px, \" \/>\t\t\t<\/a>\n\t\t\t\t\t\t\t<\/div>\n<\/div><div class=\"fusion-builder-row fusion-builder-row-inner fusion-row fusion-flex-align-items-flex-start fusion-flex-justify-content-center fusion-flex-content-wrap\" style=\"--awb-flex-grow:0;--awb-flex-grow-medium:0;--awb-flex-grow-small:0;--awb-flex-shrink:0;--awb-flex-shrink-medium:0;--awb-flex-shrink-small:0;width:calc( 100% + 60px ) !important;max-width:calc( 100% + 60px ) !important;margin-left: calc(-60px \/ 2 );margin-right: calc(-60px \/ 2 );\"><div class=\"fusion-layout-column fusion_builder_column_inner fusion-builder-nested-column-33 fusion_builder_column_inner_1_1 1_1 fusion-flex-column\" style=\"--awb-padding-top:20px;--awb-padding-right:15px;--awb-padding-bottom:20px;--awb-padding-left:15px;--awb-overflow:hidden;--awb-bg-size:cover;--awb-border-radius:2px 2px 2px 2px;--awb-width-large:100%;--awb-margin-top-large:0px;--awb-spacing-right-large:30px;--awb-margin-bottom-large:0px;--awb-spacing-left-large:30px;--awb-width-medium:100%;--awb-order-medium:0;--awb-spacing-right-medium:30px;--awb-spacing-left-medium:30px;--awb-width-small:100%;--awb-order-small:0;--awb-spacing-right-small:30px;--awb-spacing-left-small:30px;\" data-scroll-devices=\"small-visibility,medium-visibility,large-visibility\"><div class=\"fusion-column-wrapper fusion-column-has-shadow fusion-flex-justify-content-flex-start fusion-content-layout-column\"><div class=\"fusion-title title fusion-title-36 fusion-sep-none fusion-title-text fusion-title-size-three alturatitulos\" style=\"--awb-text-color:var(--awb-color6);--awb-margin-top:5px;--awb-margin-bottom:0px;--awb-margin-top-small:10px;--awb-margin-right-small:0px;--awb-margin-bottom-small:10px;--awb-margin-left-small:0px;--awb-font-size:var(--awb-custom_typography_2-font-size);\"><h3 class=\"fusion-title-heading title-heading-left fusion-responsive-typography-calculated\" style=\"font-family:var(--awb-custom_typography_2-font-family);font-weight:var(--awb-custom_typography_2-font-weight);font-style:var(--awb-custom_typography_2-font-style);margin:0;letter-spacing:var(--awb-custom_typography_2-letter-spacing);text-transform:var(--awb-custom_typography_2-text-transform);font-size:1em;--fontSize:19;--minFontSize:19;line-height:var(--awb-custom_typography_2-line-height);\">La cl\u00ednica celebra el seu 15 aniversari en el local del carrer Colom<\/h3><\/div><\/div><\/div><\/div><div style=\"text-align:left;\"><a class=\"fusion-button button-flat fusion-button-default-size button-custom fusion-button-default button-34 fusion-button-default-span fusion-button-default-type\" style=\"--awb-margin-top:10px;--awb-margin-right:15px;--awb-margin-bottom:0px;--awb-margin-left:15px;--button_accent_color:var(--awb-color1);--button_accent_hover_color:#ffffff;--button_border_hover_color:#424242;--button_gradient_top_color:var(--awb-color6);--button_gradient_bottom_color:var(--awb-color6);--button_gradient_top_color_hover:var(--awb-color5);--button_gradient_bottom_color_hover:var(--awb-color5);--button_text_transform:var(--awb-typography4-text-transform);--button_font_size:var(--awb-typography4-font-size);--button_line_height:var(--awb-typography4-line-height);--button_typography-letter-spacing:var(--awb-typography4-letter-spacing);--button_typography-font-family:var(--awb-typography4-font-family);--button_typography-font-weight:var(--awb-typography4-font-weight);--button_typography-font-style:var(--awb-typography4-font-style);\" target=\"_self\" href=\"https:\/\/doctoraminerva.es\/ca\/la-clinica-celebra-el-seu-15-aniversari-en-el-local-del-carrer-colom\/\"><span class=\"fusion-button-text awb-button__text awb-button__text--default\">M\u00e9s informaci\u00f3<\/span><\/a><\/div><\/div><\/li>\n<li class=\"fusion-layout-column fusion_builder_column fusion-builder-column-35 fusion-flex-column post-card fusion-grid-column fusion-post-cards-grid-column\" style=\"--awb-padding-top:15px;--awb-padding-right:15px;--awb-padding-bottom:15px;--awb-padding-left:15px;--awb-overflow:hidden;--awb-bg-color:var(--awb-color2);--awb-bg-color-hover:var(--awb-color2);--awb-bg-blend:overlay;--awb-bg-size:cover;--awb-border-color:var(--awb-color2);--awb-border-top:1px;--awb-border-right:1px;--awb-border-bottom:1px;--awb-border-left:1px;--awb-border-style:solid;--awb-border-radius:25px 25px 25px 25px;--awb-flex-grow:0;--awb-flex-shrink:0;--awb-flex-grow-medium:0;--awb-flex-shrink-medium:0;--awb-flex-grow-small:0;--awb-flex-shrink-small:0;\" data-scroll-devices=\"small-visibility,medium-visibility,large-visibility\"><div class=\"fusion-column-wrapper fusion-column-has-shadow fusion-flex-justify-content-flex-start fusion-content-layout-column\"><div class=\"fusion-classic-product-image-wrapper fusion-woo-product-image fusion-post-card-image fusion-post-card-image-1 has-aspect-ratio\" data-layout=\"static\" style=\"--awb-border-radius-top-left:10px;--awb-border-radius-top-right:10px;--awb-border-radius-bottom-right:10px;--awb-border-radius-bottom-left:10px;--awb-aspect-ratio:1.25;\"><div  class=\"fusion-image-wrapper\" aria-haspopup=\"true\">\n\t\t\t\t\t\t\t<a href=\"https:\/\/doctoraminerva.es\/ca\/carta-dagraiment-dadimir-al-diari-la-veu\/\" aria-label=\"Carta d&#8217;agra\u00efment d&#8217;ADIMIR al diari &#8220;La Veu&#8221;\">\n\t\t\t\t\t\t\t<img decoding=\"async\" width=\"966\" height=\"630\" src=\"https:\/\/doctoraminerva.es\/wp-content\/uploads\/adimir_x.webp\" class=\"attachment-full size-full wp-post-image\" alt=\"adimir premio somriure de l&#039;any\" srcset=\"https:\/\/doctoraminerva.es\/wp-content\/uploads\/adimir_x-200x130.webp 200w, https:\/\/doctoraminerva.es\/wp-content\/uploads\/adimir_x-400x261.webp 400w, https:\/\/doctoraminerva.es\/wp-content\/uploads\/adimir_x-600x391.webp 600w, https:\/\/doctoraminerva.es\/wp-content\/uploads\/adimir_x-800x522.webp 800w, https:\/\/doctoraminerva.es\/wp-content\/uploads\/adimir_x.webp 966w\" sizes=\"(min-width: 2200px) 100vw, (min-width: 1036px) 333px, (min-width: 904px) 443px, (min-width: 772px) 665px, (min-width: 640px) 772px, \" \/>\t\t\t<\/a>\n\t\t\t\t\t\t\t<\/div>\n<\/div><div class=\"fusion-builder-row fusion-builder-row-inner fusion-row fusion-flex-align-items-flex-start fusion-flex-justify-content-center fusion-flex-content-wrap\" style=\"--awb-flex-grow:0;--awb-flex-grow-medium:0;--awb-flex-grow-small:0;--awb-flex-shrink:0;--awb-flex-shrink-medium:0;--awb-flex-shrink-small:0;width:calc( 100% + 60px ) !important;max-width:calc( 100% + 60px ) !important;margin-left: calc(-60px \/ 2 );margin-right: calc(-60px \/ 2 );\"><div class=\"fusion-layout-column fusion_builder_column_inner fusion-builder-nested-column-34 fusion_builder_column_inner_1_1 1_1 fusion-flex-column\" style=\"--awb-padding-top:20px;--awb-padding-right:15px;--awb-padding-bottom:20px;--awb-padding-left:15px;--awb-overflow:hidden;--awb-bg-size:cover;--awb-border-radius:2px 2px 2px 2px;--awb-width-large:100%;--awb-margin-top-large:0px;--awb-spacing-right-large:30px;--awb-margin-bottom-large:0px;--awb-spacing-left-large:30px;--awb-width-medium:100%;--awb-order-medium:0;--awb-spacing-right-medium:30px;--awb-spacing-left-medium:30px;--awb-width-small:100%;--awb-order-small:0;--awb-spacing-right-small:30px;--awb-spacing-left-small:30px;\" data-scroll-devices=\"small-visibility,medium-visibility,large-visibility\"><div class=\"fusion-column-wrapper fusion-column-has-shadow fusion-flex-justify-content-flex-start fusion-content-layout-column\"><div class=\"fusion-title title fusion-title-37 fusion-sep-none fusion-title-text fusion-title-size-three alturatitulos\" style=\"--awb-text-color:var(--awb-color6);--awb-margin-top:5px;--awb-margin-bottom:0px;--awb-margin-top-small:10px;--awb-margin-right-small:0px;--awb-margin-bottom-small:10px;--awb-margin-left-small:0px;--awb-font-size:var(--awb-custom_typography_2-font-size);\"><h3 class=\"fusion-title-heading title-heading-left fusion-responsive-typography-calculated\" style=\"font-family:var(--awb-custom_typography_2-font-family);font-weight:var(--awb-custom_typography_2-font-weight);font-style:var(--awb-custom_typography_2-font-style);margin:0;letter-spacing:var(--awb-custom_typography_2-letter-spacing);text-transform:var(--awb-custom_typography_2-text-transform);font-size:1em;--fontSize:19;--minFontSize:19;line-height:var(--awb-custom_typography_2-line-height);\">Carta d&#8217;agra\u00efment d&#8217;ADIMIR al diari &#8220;La Veu&#8221;<\/h3><\/div><\/div><\/div><\/div><div style=\"text-align:left;\"><a class=\"fusion-button button-flat fusion-button-default-size button-custom fusion-button-default button-35 fusion-button-default-span fusion-button-default-type\" style=\"--awb-margin-top:10px;--awb-margin-right:15px;--awb-margin-bottom:0px;--awb-margin-left:15px;--button_accent_color:var(--awb-color1);--button_accent_hover_color:#ffffff;--button_border_hover_color:#424242;--button_gradient_top_color:var(--awb-color6);--button_gradient_bottom_color:var(--awb-color6);--button_gradient_top_color_hover:var(--awb-color5);--button_gradient_bottom_color_hover:var(--awb-color5);--button_text_transform:var(--awb-typography4-text-transform);--button_font_size:var(--awb-typography4-font-size);--button_line_height:var(--awb-typography4-line-height);--button_typography-letter-spacing:var(--awb-typography4-letter-spacing);--button_typography-font-family:var(--awb-typography4-font-family);--button_typography-font-weight:var(--awb-typography4-font-weight);--button_typography-font-style:var(--awb-typography4-font-style);\" target=\"_self\" href=\"https:\/\/doctoraminerva.es\/ca\/carta-dagraiment-dadimir-al-diari-la-veu\/\"><span class=\"fusion-button-text awb-button__text awb-button__text--default\">M\u00e9s informaci\u00f3<\/span><\/a><\/div><\/div><\/li>\n<\/ul><\/div><\/div><\/div><\/div><\/div><div class=\"fusion-fullwidth fullwidth-box fusion-builder-row-2 fusion-flex-container has-pattern-background has-mask-background hundred-percent-fullwidth non-hundred-percent-height-scrolling\" style=\"--link_color: #000000;--awb-border-radius-top-left:0px;--awb-border-radius-top-right:0px;--awb-border-radius-bottom-right:0px;--awb-border-radius-bottom-left:0px;--awb-padding-top:84px;--awb-padding-bottom:25px;--awb-background-color:var(--awb-color1);--awb-flex-wrap:wrap;\" ><div class=\"fusion-builder-row fusion-row fusion-flex-align-items-flex-start fusion-flex-justify-content-center fusion-flex-content-wrap\" style=\"width:calc( 100% + 24px ) !important;max-width:calc( 100% + 24px ) !important;margin-left: calc(-24px \/ 2 );margin-right: calc(-24px \/ 2 );\"><div class=\"fusion-layout-column fusion_builder_column fusion-builder-column-36 fusion_builder_column_1_4 1_4 fusion-flex-column fusion-flex-align-self-stretch\" style=\"--awb-padding-right:12px;--awb-padding-left:12px;--awb-padding-right-medium:0px;--awb-padding-left-medium:0px;--awb-bg-size:cover;--awb-width-large:25%;--awb-flex-grow:0;--awb-flex-shrink:0;--awb-margin-top-large:0px;--awb-spacing-right-large:calc( 0.12 * calc( 100% - 24px ) );--awb-margin-bottom-large:20px;--awb-spacing-left-large:12px;--awb-width-medium:83.333333333333%;--awb-order-medium:0;--awb-flex-grow-medium:0;--awb-flex-shrink-medium:0;--awb-spacing-right-medium:calc( 0.036 * calc( 100% - 24px ) );--awb-margin-bottom-medium:0px;--awb-spacing-left-medium:12px;--awb-width-small:100%;--awb-order-small:0;--awb-flex-grow-small:0;--awb-flex-shrink-small:0;--awb-spacing-right-small:12px;--awb-margin-bottom-small:0px;--awb-spacing-left-small:12px;\" data-scroll-devices=\"small-visibility,medium-visibility,large-visibility\"><div class=\"fusion-column-wrapper fusion-column-has-shadow fusion-flex-justify-content-center fusion-content-layout-column\"><div class=\"fusion-title title fusion-title-38 fusion-sep-none fusion-title-text fusion-title-size-three\" style=\"--awb-text-color:var(--awb-color4);--awb-margin-top:0px;--awb-margin-bottom:20px;--awb-margin-top-small:10px;--awb-margin-right-small:0px;--awb-margin-bottom-small:20px;--awb-margin-left-small:0px;--awb-sep-color:#d1d1d1;--awb-font-size:35px;\"><h3 class=\"fusion-title-heading title-heading-left fusion-responsive-typography-calculated\" style=\"font-family:var(--awb-typography2-font-family);font-weight:var(--awb-typography2-font-weight);font-style:var(--awb-typography2-font-style);margin:0;letter-spacing:var(--awb-typography2-letter-spacing);text-transform:var(--awb-typography2-text-transform);font-size:1em;--fontSize:35;line-height:var(--awb-typography2-line-height);\">El reflex del nostre comprom\u00eds<\/h3><\/div><div class=\"fusion-title title fusion-title-39 fusion-sep-none fusion-title-text fusion-title-size-div\" style=\"--awb-text-color:var(--awb-color5);--awb-margin-top:0px;--awb-margin-bottom:20px;--awb-margin-top-small:10px;--awb-margin-right-small:0px;--awb-margin-bottom-small:20px;--awb-margin-left-small:0px;--awb-sep-color:#d1d1d1;--awb-font-size:35px;\"><div class=\"fusion-title-heading title-heading-left title-heading-tag fusion-responsive-typography-calculated\" style=\"font-family:var(--awb-typography1-font-family);font-weight:var(--awb-typography1-font-weight);font-style:var(--awb-typography1-font-style);margin:0;letter-spacing:var(--awb-typography1-letter-spacing);text-transform:var(--awb-typography1-text-transform);font-size:1em;--fontSize:35;line-height:var(--awb-typography1-line-height);\">La teva opini\u00f3 ens importa<\/div><\/div><div class=\"fusion-text fusion-text-1 fusion-text-no-margin\" style=\"--awb-font-size:var(--awb-typography4-font-size);--awb-line-height:var(--awb-typography4-line-height);--awb-letter-spacing:var(--awb-typography4-letter-spacing);--awb-text-transform:var(--awb-typography4-text-transform);--awb-text-color:var(--awb-color6);--awb-margin-bottom:30px;--awb-text-font-family:var(--awb-typography4-font-family);--awb-text-font-weight:var(--awb-typography4-font-weight);--awb-text-font-style:var(--awb-typography4-font-style);\"><p>Les seves paraules s\u00f3n la nostra millor carta de presentaci\u00f3, i valen m\u00e9s que qualsevol cosa que puguem explicar-te.<\/p>\n<\/div><\/div><\/div><div class=\"fusion-layout-column fusion_builder_column fusion-builder-column-37 fusion_builder_column_2_3 2_3 fusion-flex-column\" style=\"--awb-bg-size:cover;--awb-width-large:66.666666666667%;--awb-flex-grow:0;--awb-flex-shrink:0;--awb-margin-top-large:0px;--awb-spacing-right-large:12px;--awb-margin-bottom-large:20px;--awb-spacing-left-large:12px;--awb-width-medium:66.666666666667%;--awb-order-medium:0;--awb-flex-grow-medium:0;--awb-flex-shrink-medium:0;--awb-spacing-right-medium:12px;--awb-spacing-left-medium:12px;--awb-width-small:100%;--awb-order-small:0;--awb-flex-grow-small:0;--awb-flex-shrink-small:0;--awb-spacing-right-small:12px;--awb-spacing-left-small:12px;\" data-scroll-devices=\"small-visibility,medium-visibility,large-visibility\"><div class=\"fusion-column-wrapper fusion-column-has-shadow fusion-flex-justify-content-center fusion-content-layout-column\"><pre class=\"ti-widget\"><template id=\"trustindex-google-widget-html\"><div class=\" ti-widget  ti-goog ti-review-text-mode-readmore ti-text-align-left\" data-no-translation=\"true\" data-plugin-version=\"13.2.9\" data-layout-id=\"5\" data-layout-category=\"slider\" data-set-id=\"ligth-border\" data-pid=\"\" data-language=\"es\" data-close-locale=\"Cerca\" data-review-target-width=\"275\" data-css-version=\"2\" data-reply-by-locale=\"Respuesta del propietario\" data-only-rating-locale=\"Esta usuario solo dej\u00f3 una calificaci\u00f3n.\" data-pager-autoplay-timeout=\"6\"> <div class=\"ti-widget-container ti-col-4\"> <div class=\"ti-footer ti-footer-grid source-Google\"> <div class=\"ti-fade-container\"> <div class=\"ti-rating-text\"> <strong class=\"ti-rating ti-rating-large\"> EXCELENTE <\/strong> <\/div> <span class=\"ti-stars star-lg\"><trustindex-image class=\"ti-star\" data-imgurl=\"https:\/\/cdn.trustindex.io\/assets\/platform\/Google\/star\/f.svg\" alt=\"Google star 1\" width=\"17\" height=\"17\" loading=\"lazy\"><\/trustindex-image><trustindex-image class=\"ti-star\" data-imgurl=\"https:\/\/cdn.trustindex.io\/assets\/platform\/Google\/star\/f.svg\" alt=\"Google star 2\" width=\"17\" height=\"17\" loading=\"lazy\"><\/trustindex-image><trustindex-image class=\"ti-star\" data-imgurl=\"https:\/\/cdn.trustindex.io\/assets\/platform\/Google\/star\/f.svg\" alt=\"Google star 3\" width=\"17\" height=\"17\" loading=\"lazy\"><\/trustindex-image><trustindex-image class=\"ti-star\" data-imgurl=\"https:\/\/cdn.trustindex.io\/assets\/platform\/Google\/star\/f.svg\" alt=\"Google star 4\" width=\"17\" height=\"17\" loading=\"lazy\"><\/trustindex-image><trustindex-image class=\"ti-star\" data-imgurl=\"https:\/\/cdn.trustindex.io\/assets\/platform\/Google\/star\/f.svg\" alt=\"Google star 5\" width=\"17\" height=\"17\" loading=\"lazy\"><\/trustindex-image><\/span> <div class=\"ti-rating-text\"> <span class=\"nowrap\">A base de <strong>108 rese\u00f1as<\/strong><\/span> <\/div> <div class=\"ti-large-logo\"> <div class=\"ti-v-center\"> <trustindex-image class=\"ti-logo-fb\" data-imgurl=\"https:\/\/cdn.trustindex.io\/assets\/platform\/Google\/logo.svg\" width=\"150\" height=\"25\" loading=\"lazy\" alt=\"Google\"><\/trustindex-image> <\/div> <\/div> <\/div> <\/div> <div class=\"ti-reviews-container\"> <div class=\"ti-controls\"> <div class=\"ti-next\" aria-label=\"Siguiente rese\u00f1a\" role=\"button\" tabindex=\"0\"><\/div> <div class=\"ti-prev\" aria-label=\"Rese\u00f1a anterior\" role=\"button\" tabindex=\"0\"><\/div> <\/div> <div class=\"ti-reviews-container-wrapper\">  <div data-empty=\"0\" class=\"ti-review-item source-Google ti-image-layout-thumbnail\" data-id=\"cfcd208495d565ef66e7dff9f98764da\"> <div class=\"ti-inner\"> <div class=\"ti-review-header\"> <div class=\"ti-platform-icon ti-with-tooltip\"> <span class=\"ti-tooltip\">Publicado en <\/span> <trustindex-image data-imgurl=\"https:\/\/cdn.trustindex.io\/assets\/platform\/Google\/icon.svg\" alt=\"\" width=\"20\" height=\"20\" loading=\"lazy\"><\/trustindex-image> <\/div> <div class=\"ti-profile-img\"> <trustindex-image data-imgurl=\"https:\/\/lh3.googleusercontent.com\/a\/ACg8ocK-dQ_u7frN7isI5Duj-WA3RAGFOoFGqwncac2IZsXQPtv57A=w40-h40-c-rp-mo-br100\" alt=\"Nieves Calvi\u00f1o profile picture\" loading=\"lazy\"><\/trustindex-image> <\/div> <div class=\"ti-profile-details\"> <div class=\"ti-name\"> Nieves Calvi\u00f1o <\/div> <div class=\"ti-date\"><\/div> <\/div> <\/div> <span class=\"ti-stars\"><trustindex-image class=\"ti-star\" data-imgurl=\"https:\/\/cdn.trustindex.io\/assets\/platform\/Google\/star\/f.svg\" alt=\"Google star 1\" width=\"17\" height=\"17\" loading=\"lazy\"><\/trustindex-image><trustindex-image class=\"ti-star\" data-imgurl=\"https:\/\/cdn.trustindex.io\/assets\/platform\/Google\/star\/f.svg\" alt=\"Google star 2\" width=\"17\" height=\"17\" loading=\"lazy\"><\/trustindex-image><trustindex-image class=\"ti-star\" data-imgurl=\"https:\/\/cdn.trustindex.io\/assets\/platform\/Google\/star\/f.svg\" alt=\"Google star 3\" width=\"17\" height=\"17\" loading=\"lazy\"><\/trustindex-image><trustindex-image class=\"ti-star\" data-imgurl=\"https:\/\/cdn.trustindex.io\/assets\/platform\/Google\/star\/f.svg\" alt=\"Google star 4\" width=\"17\" height=\"17\" loading=\"lazy\"><\/trustindex-image><trustindex-image class=\"ti-star\" data-imgurl=\"https:\/\/cdn.trustindex.io\/assets\/platform\/Google\/star\/f.svg\" alt=\"Google star 5\" width=\"17\" height=\"17\" loading=\"lazy\"><\/trustindex-image><span class=\"ti-verified-review ti-verified-platform\"><span class=\"ti-verified-tooltip\">Trustindex verifica que la fuente original de la rese\u00f1a sea Google.<\/span><\/span><\/span> <div class=\"ti-review-text-container ti-review-content\"><!-- R-CONTENT -->Tengo unos dientes bastantes delicados por lo que he tenido que visitar muchos dentistas a lo largo de mi vida. Nunca me he encontrado con un servicio al nivel de la cl\u00ednica Minerva. Estoy s\u00faper agradecida por la simpat\u00eda, empat\u00eda y buen hacer de todo el personal<!-- R-CONTENT --><\/div> <span class=\"ti-read-more\" data-container=\".ti-review-content\" data-collapse-text=\"Ocultar\" data-open-text=\"Leer m\u00e1s\"><\/span> <\/div> <\/div>  <div data-empty=\"0\" class=\"ti-review-item source-Google ti-image-layout-thumbnail\" data-id=\"cfcd208495d565ef66e7dff9f98764da\"> <div class=\"ti-inner\"> <div class=\"ti-review-header\"> <div class=\"ti-platform-icon ti-with-tooltip\"> <span class=\"ti-tooltip\">Publicado en <\/span> <trustindex-image data-imgurl=\"https:\/\/cdn.trustindex.io\/assets\/platform\/Google\/icon.svg\" alt=\"\" width=\"20\" height=\"20\" loading=\"lazy\"><\/trustindex-image> <\/div> <div class=\"ti-profile-img\"> <trustindex-image data-imgurl=\"https:\/\/lh3.googleusercontent.com\/a\/ACg8ocJpLxqii13hfEp7QG69sTyx29c6hGpM2lJtKPbg4X8jnzmEQw=w40-h40-c-rp-mo-br100\" alt=\"Eva Romero profile picture\" loading=\"lazy\"><\/trustindex-image> <\/div> <div class=\"ti-profile-details\"> <div class=\"ti-name\"> Eva Romero <\/div> <div class=\"ti-date\"><\/div> <\/div> <\/div> <span class=\"ti-stars\"><trustindex-image class=\"ti-star\" data-imgurl=\"https:\/\/cdn.trustindex.io\/assets\/platform\/Google\/star\/f.svg\" alt=\"Google star 1\" width=\"17\" height=\"17\" loading=\"lazy\"><\/trustindex-image><trustindex-image class=\"ti-star\" data-imgurl=\"https:\/\/cdn.trustindex.io\/assets\/platform\/Google\/star\/f.svg\" alt=\"Google star 2\" width=\"17\" height=\"17\" loading=\"lazy\"><\/trustindex-image><trustindex-image class=\"ti-star\" data-imgurl=\"https:\/\/cdn.trustindex.io\/assets\/platform\/Google\/star\/f.svg\" alt=\"Google star 3\" width=\"17\" height=\"17\" loading=\"lazy\"><\/trustindex-image><trustindex-image class=\"ti-star\" data-imgurl=\"https:\/\/cdn.trustindex.io\/assets\/platform\/Google\/star\/f.svg\" alt=\"Google star 4\" width=\"17\" height=\"17\" loading=\"lazy\"><\/trustindex-image><trustindex-image class=\"ti-star\" data-imgurl=\"https:\/\/cdn.trustindex.io\/assets\/platform\/Google\/star\/f.svg\" alt=\"Google star 5\" width=\"17\" height=\"17\" loading=\"lazy\"><\/trustindex-image><span class=\"ti-verified-review ti-verified-platform\"><span class=\"ti-verified-tooltip\">Trustindex verifica que la fuente original de la rese\u00f1a sea Google.<\/span><\/span><\/span> <div class=\"ti-review-text-container ti-review-content\"><!-- R-CONTENT -->Lo hacen muy bien y muy amables<!-- R-CONTENT --><\/div> <span class=\"ti-read-more\" data-container=\".ti-review-content\" data-collapse-text=\"Ocultar\" data-open-text=\"Leer m\u00e1s\"><\/span> <\/div> <\/div>  <div data-empty=\"0\" class=\"ti-review-item source-Google ti-image-layout-thumbnail\" data-id=\"cfcd208495d565ef66e7dff9f98764da\"> <div class=\"ti-inner\"> <div class=\"ti-review-header\"> <div class=\"ti-platform-icon ti-with-tooltip\"> <span class=\"ti-tooltip\">Publicado en <\/span> <trustindex-image data-imgurl=\"https:\/\/cdn.trustindex.io\/assets\/platform\/Google\/icon.svg\" alt=\"\" width=\"20\" height=\"20\" loading=\"lazy\"><\/trustindex-image> <\/div> <div class=\"ti-profile-img\"> <trustindex-image data-imgurl=\"https:\/\/lh3.googleusercontent.com\/a-\/ALV-UjUXCsq9H5JUg0qLp47DgqdGqeXJfotM-8vmpTjPoFM9YFh40fIUVg=w40-h40-c-rp-mo-br100\" alt=\"Juan Carlos Merida profile picture\" loading=\"lazy\"><\/trustindex-image> <\/div> <div class=\"ti-profile-details\"> <div class=\"ti-name\"> Juan Carlos Merida <\/div> <div class=\"ti-date\"><\/div> <\/div> <\/div> <span class=\"ti-stars\"><trustindex-image class=\"ti-star\" data-imgurl=\"https:\/\/cdn.trustindex.io\/assets\/platform\/Google\/star\/f.svg\" alt=\"Google star 1\" width=\"17\" height=\"17\" loading=\"lazy\"><\/trustindex-image><trustindex-image class=\"ti-star\" data-imgurl=\"https:\/\/cdn.trustindex.io\/assets\/platform\/Google\/star\/f.svg\" alt=\"Google star 2\" width=\"17\" height=\"17\" loading=\"lazy\"><\/trustindex-image><trustindex-image class=\"ti-star\" data-imgurl=\"https:\/\/cdn.trustindex.io\/assets\/platform\/Google\/star\/f.svg\" alt=\"Google star 3\" width=\"17\" height=\"17\" loading=\"lazy\"><\/trustindex-image><trustindex-image class=\"ti-star\" data-imgurl=\"https:\/\/cdn.trustindex.io\/assets\/platform\/Google\/star\/f.svg\" alt=\"Google star 4\" width=\"17\" height=\"17\" loading=\"lazy\"><\/trustindex-image><trustindex-image class=\"ti-star\" data-imgurl=\"https:\/\/cdn.trustindex.io\/assets\/platform\/Google\/star\/f.svg\" alt=\"Google star 5\" width=\"17\" height=\"17\" loading=\"lazy\"><\/trustindex-image><span class=\"ti-verified-review ti-verified-platform\"><span class=\"ti-verified-tooltip\">Trustindex verifica que la fuente original de la rese\u00f1a sea Google.<\/span><\/span><\/span> <div class=\"ti-review-text-container ti-review-content\"><!-- R-CONTENT -->Muy buenos  profesionales, sin esperas, muy atentos, muy buen asesoramiento y ambiente confortable<!-- R-CONTENT --><\/div> <span class=\"ti-read-more\" data-container=\".ti-review-content\" data-collapse-text=\"Ocultar\" data-open-text=\"Leer m\u00e1s\"><\/span> <\/div> <\/div>  <div data-empty=\"0\" class=\"ti-review-item source-Google ti-image-layout-thumbnail\" data-id=\"cfcd208495d565ef66e7dff9f98764da\"> <div class=\"ti-inner\"> <div class=\"ti-review-header\"> <div class=\"ti-platform-icon ti-with-tooltip\"> <span class=\"ti-tooltip\">Publicado en <\/span> <trustindex-image data-imgurl=\"https:\/\/cdn.trustindex.io\/assets\/platform\/Google\/icon.svg\" alt=\"\" width=\"20\" height=\"20\" loading=\"lazy\"><\/trustindex-image> <\/div> <div class=\"ti-profile-img\"> <trustindex-image data-imgurl=\"https:\/\/lh3.googleusercontent.com\/a\/ACg8ocKrDVZhk77uGW5Vgk0rbQyAjqxqSZt4lgBpaDTOtT8D22igPgFT=w40-h40-c-rp-mo-br100\" alt=\"Cl\u00e0udia Codony profile picture\" loading=\"lazy\"><\/trustindex-image> <\/div> <div class=\"ti-profile-details\"> <div class=\"ti-name\"> Cl\u00e0udia Codony <\/div> <div class=\"ti-date\"><\/div> <\/div> <\/div> <span class=\"ti-stars\"><trustindex-image class=\"ti-star\" data-imgurl=\"https:\/\/cdn.trustindex.io\/assets\/platform\/Google\/star\/f.svg\" alt=\"Google star 1\" width=\"17\" height=\"17\" loading=\"lazy\"><\/trustindex-image><trustindex-image class=\"ti-star\" data-imgurl=\"https:\/\/cdn.trustindex.io\/assets\/platform\/Google\/star\/f.svg\" alt=\"Google star 2\" width=\"17\" height=\"17\" loading=\"lazy\"><\/trustindex-image><trustindex-image class=\"ti-star\" data-imgurl=\"https:\/\/cdn.trustindex.io\/assets\/platform\/Google\/star\/f.svg\" alt=\"Google star 3\" width=\"17\" height=\"17\" loading=\"lazy\"><\/trustindex-image><trustindex-image class=\"ti-star\" data-imgurl=\"https:\/\/cdn.trustindex.io\/assets\/platform\/Google\/star\/f.svg\" alt=\"Google star 4\" width=\"17\" height=\"17\" loading=\"lazy\"><\/trustindex-image><trustindex-image class=\"ti-star\" data-imgurl=\"https:\/\/cdn.trustindex.io\/assets\/platform\/Google\/star\/f.svg\" alt=\"Google star 5\" width=\"17\" height=\"17\" loading=\"lazy\"><\/trustindex-image><span class=\"ti-verified-review ti-verified-platform\"><span class=\"ti-verified-tooltip\">Trustindex verifica que la fuente original de la rese\u00f1a sea Google.<\/span><\/span><\/span> <div class=\"ti-review-text-container ti-review-content\"><!-- R-CONTENT -->Una cl\u00ednica molt professional i propera amb els clients. Cuiden que tot estigui perfecte.<!-- R-CONTENT --><\/div> <span class=\"ti-read-more\" data-container=\".ti-review-content\" data-collapse-text=\"Ocultar\" data-open-text=\"Leer m\u00e1s\"><\/span> <\/div> <\/div>  <div data-empty=\"0\" class=\"ti-review-item source-Google ti-image-layout-thumbnail\" data-id=\"cfcd208495d565ef66e7dff9f98764da\"> <div class=\"ti-inner\"> <div class=\"ti-review-header\"> <div class=\"ti-platform-icon ti-with-tooltip\"> <span class=\"ti-tooltip\">Publicado en <\/span> <trustindex-image data-imgurl=\"https:\/\/cdn.trustindex.io\/assets\/platform\/Google\/icon.svg\" alt=\"\" width=\"20\" height=\"20\" loading=\"lazy\"><\/trustindex-image> <\/div> <div class=\"ti-profile-img\"> <trustindex-image data-imgurl=\"https:\/\/lh3.googleusercontent.com\/a-\/ALV-UjVUIb9M5Xx-ciAxw77DWrkxQRk3AdHxcPMRPIK0UFIPs5FBwK1o=w40-h40-c-rp-mo-br100\" alt=\"Sara L\u00f3pez Mora profile picture\" loading=\"lazy\"><\/trustindex-image> <\/div> <div class=\"ti-profile-details\"> <div class=\"ti-name\"> Sara L\u00f3pez Mora <\/div> <div class=\"ti-date\"><\/div> <\/div> <\/div> <span class=\"ti-stars\"><trustindex-image class=\"ti-star\" data-imgurl=\"https:\/\/cdn.trustindex.io\/assets\/platform\/Google\/star\/f.svg\" alt=\"Google star 1\" width=\"17\" height=\"17\" loading=\"lazy\"><\/trustindex-image><trustindex-image class=\"ti-star\" data-imgurl=\"https:\/\/cdn.trustindex.io\/assets\/platform\/Google\/star\/f.svg\" alt=\"Google star 2\" width=\"17\" height=\"17\" loading=\"lazy\"><\/trustindex-image><trustindex-image class=\"ti-star\" data-imgurl=\"https:\/\/cdn.trustindex.io\/assets\/platform\/Google\/star\/f.svg\" alt=\"Google star 3\" width=\"17\" height=\"17\" loading=\"lazy\"><\/trustindex-image><trustindex-image class=\"ti-star\" data-imgurl=\"https:\/\/cdn.trustindex.io\/assets\/platform\/Google\/star\/f.svg\" alt=\"Google star 4\" width=\"17\" height=\"17\" loading=\"lazy\"><\/trustindex-image><trustindex-image class=\"ti-star\" data-imgurl=\"https:\/\/cdn.trustindex.io\/assets\/platform\/Google\/star\/f.svg\" alt=\"Google star 5\" width=\"17\" height=\"17\" loading=\"lazy\"><\/trustindex-image><span class=\"ti-verified-review ti-verified-platform\"><span class=\"ti-verified-tooltip\">Trustindex verifica que la fuente original de la rese\u00f1a sea Google.<\/span><\/span><\/span> <div class=\"ti-review-text-container ti-review-content\"><!-- R-CONTENT -->Vengo desde hace much\u00edsimos a\u00f1os y su profesionalidad, cura y forma de tratar a los pacientes es inmejorable!<!-- R-CONTENT --><\/div> <span class=\"ti-read-more\" data-container=\".ti-review-content\" data-collapse-text=\"Ocultar\" data-open-text=\"Leer m\u00e1s\"><\/span> <\/div> <\/div>  <div data-empty=\"0\" class=\"ti-review-item source-Google ti-image-layout-thumbnail\" data-id=\"cfcd208495d565ef66e7dff9f98764da\"> <div class=\"ti-inner\"> <div class=\"ti-review-header\"> <div class=\"ti-platform-icon ti-with-tooltip\"> <span class=\"ti-tooltip\">Publicado en <\/span> <trustindex-image data-imgurl=\"https:\/\/cdn.trustindex.io\/assets\/platform\/Google\/icon.svg\" alt=\"\" width=\"20\" height=\"20\" loading=\"lazy\"><\/trustindex-image> <\/div> <div class=\"ti-profile-img\"> <trustindex-image data-imgurl=\"https:\/\/lh3.googleusercontent.com\/a\/ACg8ocLMeRSo00IRE3bA_EBk6K8kazeR8mkk0c3SBZXQ9tuVQJWriw=w40-h40-c-rp-mo-br100\" alt=\"David Macia Pajares profile picture\" loading=\"lazy\"><\/trustindex-image> <\/div> <div class=\"ti-profile-details\"> <div class=\"ti-name\"> David Macia Pajares <\/div> <div class=\"ti-date\"><\/div> <\/div> <\/div> <span class=\"ti-stars\"><trustindex-image class=\"ti-star\" data-imgurl=\"https:\/\/cdn.trustindex.io\/assets\/platform\/Google\/star\/f.svg\" alt=\"Google star 1\" width=\"17\" height=\"17\" loading=\"lazy\"><\/trustindex-image><trustindex-image class=\"ti-star\" data-imgurl=\"https:\/\/cdn.trustindex.io\/assets\/platform\/Google\/star\/f.svg\" alt=\"Google star 2\" width=\"17\" height=\"17\" loading=\"lazy\"><\/trustindex-image><trustindex-image class=\"ti-star\" data-imgurl=\"https:\/\/cdn.trustindex.io\/assets\/platform\/Google\/star\/f.svg\" alt=\"Google star 3\" width=\"17\" height=\"17\" loading=\"lazy\"><\/trustindex-image><trustindex-image class=\"ti-star\" data-imgurl=\"https:\/\/cdn.trustindex.io\/assets\/platform\/Google\/star\/f.svg\" alt=\"Google star 4\" width=\"17\" height=\"17\" loading=\"lazy\"><\/trustindex-image><trustindex-image class=\"ti-star\" data-imgurl=\"https:\/\/cdn.trustindex.io\/assets\/platform\/Google\/star\/f.svg\" alt=\"Google star 5\" width=\"17\" height=\"17\" loading=\"lazy\"><\/trustindex-image><span class=\"ti-verified-review ti-verified-platform\"><span class=\"ti-verified-tooltip\">Trustindex verifica que la fuente original de la rese\u00f1a sea Google.<\/span><\/span><\/span> <div class=\"ti-review-text-container ti-review-content\"><!-- R-CONTENT -->Atenci\u00f3n personal y profesional execlente\nT<!-- R-CONTENT --><\/div> <span class=\"ti-read-more\" data-container=\".ti-review-content\" data-collapse-text=\"Ocultar\" data-open-text=\"Leer m\u00e1s\"><\/span> <\/div> <\/div>  <div data-empty=\"0\" class=\"ti-review-item source-Google ti-image-layout-thumbnail\" data-id=\"cfcd208495d565ef66e7dff9f98764da\"> <div class=\"ti-inner\"> <div class=\"ti-review-header\"> <div class=\"ti-platform-icon ti-with-tooltip\"> <span class=\"ti-tooltip\">Publicado en <\/span> <trustindex-image data-imgurl=\"https:\/\/cdn.trustindex.io\/assets\/platform\/Google\/icon.svg\" alt=\"\" width=\"20\" height=\"20\" loading=\"lazy\"><\/trustindex-image> <\/div> <div class=\"ti-profile-img\"> <trustindex-image data-imgurl=\"https:\/\/lh3.googleusercontent.com\/a\/ACg8ocLb0PdTAfA8Y7IJhVQvaZhTRc05swjbU7RzEiHbxo0xue1IXQ=w40-h40-c-rp-mo-br100\" alt=\"Silvia Gallego Rey profile picture\" loading=\"lazy\"><\/trustindex-image> <\/div> <div class=\"ti-profile-details\"> <div class=\"ti-name\"> Silvia Gallego Rey <\/div> <div class=\"ti-date\"><\/div> <\/div> <\/div> <span class=\"ti-stars\"><trustindex-image class=\"ti-star\" data-imgurl=\"https:\/\/cdn.trustindex.io\/assets\/platform\/Google\/star\/f.svg\" alt=\"Google star 1\" width=\"17\" height=\"17\" loading=\"lazy\"><\/trustindex-image><trustindex-image class=\"ti-star\" data-imgurl=\"https:\/\/cdn.trustindex.io\/assets\/platform\/Google\/star\/f.svg\" alt=\"Google star 2\" width=\"17\" height=\"17\" loading=\"lazy\"><\/trustindex-image><trustindex-image class=\"ti-star\" data-imgurl=\"https:\/\/cdn.trustindex.io\/assets\/platform\/Google\/star\/f.svg\" alt=\"Google star 3\" width=\"17\" height=\"17\" loading=\"lazy\"><\/trustindex-image><trustindex-image class=\"ti-star\" data-imgurl=\"https:\/\/cdn.trustindex.io\/assets\/platform\/Google\/star\/f.svg\" alt=\"Google star 4\" width=\"17\" height=\"17\" loading=\"lazy\"><\/trustindex-image><trustindex-image class=\"ti-star\" data-imgurl=\"https:\/\/cdn.trustindex.io\/assets\/platform\/Google\/star\/f.svg\" alt=\"Google star 5\" width=\"17\" height=\"17\" loading=\"lazy\"><\/trustindex-image><span class=\"ti-verified-review ti-verified-platform\"><span class=\"ti-verified-tooltip\">Trustindex verifica que la fuente original de la rese\u00f1a sea Google.<\/span><\/span><\/span> <div class=\"ti-review-text-container ti-review-content\"><!-- R-CONTENT -->Una gran cl\u00ednica y un trato inmejorable!!!Me he realizado un tratamiento de blanqueamiento y el asesoramiento y el resultado ha sido de 10. Gracias Mari por tu atenci\u00f3n y tu profesionalidad y tambi\u00e9n al resto de personal!!!\ud83e\udd17<!-- R-CONTENT --><\/div> <span class=\"ti-read-more\" data-container=\".ti-review-content\" data-collapse-text=\"Ocultar\" data-open-text=\"Leer m\u00e1s\"><\/span> <\/div> <\/div>  <div data-empty=\"0\" class=\"ti-review-item source-Google ti-image-layout-thumbnail\" data-id=\"cfcd208495d565ef66e7dff9f98764da\"> <div class=\"ti-inner\"> <div class=\"ti-review-header\"> <div class=\"ti-platform-icon ti-with-tooltip\"> <span class=\"ti-tooltip\">Publicado en <\/span> <trustindex-image data-imgurl=\"https:\/\/cdn.trustindex.io\/assets\/platform\/Google\/icon.svg\" alt=\"\" width=\"20\" height=\"20\" loading=\"lazy\"><\/trustindex-image> <\/div> <div class=\"ti-profile-img\"> <trustindex-image data-imgurl=\"https:\/\/lh3.googleusercontent.com\/a-\/ALV-UjWXwL8Wecw_P0IAUkNgMv_xvQ_8Tnvb2qjOUlU5x_Gsph7hjqlk=w40-h40-c-rp-mo-br100\" alt=\"marta santacana molino profile picture\" loading=\"lazy\"><\/trustindex-image> <\/div> <div class=\"ti-profile-details\"> <div class=\"ti-name\"> marta santacana molino <\/div> <div class=\"ti-date\"><\/div> <\/div> <\/div> <span class=\"ti-stars\"><trustindex-image class=\"ti-star\" data-imgurl=\"https:\/\/cdn.trustindex.io\/assets\/platform\/Google\/star\/f.svg\" alt=\"Google star 1\" width=\"17\" height=\"17\" loading=\"lazy\"><\/trustindex-image><trustindex-image class=\"ti-star\" data-imgurl=\"https:\/\/cdn.trustindex.io\/assets\/platform\/Google\/star\/f.svg\" alt=\"Google star 2\" width=\"17\" height=\"17\" loading=\"lazy\"><\/trustindex-image><trustindex-image class=\"ti-star\" data-imgurl=\"https:\/\/cdn.trustindex.io\/assets\/platform\/Google\/star\/f.svg\" alt=\"Google star 3\" width=\"17\" height=\"17\" loading=\"lazy\"><\/trustindex-image><trustindex-image class=\"ti-star\" data-imgurl=\"https:\/\/cdn.trustindex.io\/assets\/platform\/Google\/star\/f.svg\" alt=\"Google star 4\" width=\"17\" height=\"17\" loading=\"lazy\"><\/trustindex-image><trustindex-image class=\"ti-star\" data-imgurl=\"https:\/\/cdn.trustindex.io\/assets\/platform\/Google\/star\/f.svg\" alt=\"Google star 5\" width=\"17\" height=\"17\" loading=\"lazy\"><\/trustindex-image><span class=\"ti-verified-review ti-verified-platform\"><span class=\"ti-verified-tooltip\">Trustindex verifica que la fuente original de la rese\u00f1a sea Google.<\/span><\/span><\/span> <div class=\"ti-review-text-container ti-review-content\"><!-- R-CONTENT -->Son excepcionals , molt simpatiques, treballen molt be i sempre tenen cura amb el pacient.<!-- R-CONTENT --><\/div> <span class=\"ti-read-more\" data-container=\".ti-review-content\" data-collapse-text=\"Ocultar\" data-open-text=\"Leer m\u00e1s\"><\/span> <\/div> <\/div>  <div data-empty=\"0\" class=\"ti-review-item source-Google ti-image-layout-thumbnail\" data-id=\"cfcd208495d565ef66e7dff9f98764da\"> <div class=\"ti-inner\"> <div class=\"ti-review-header\"> <div class=\"ti-platform-icon ti-with-tooltip\"> <span class=\"ti-tooltip\">Publicado en <\/span> <trustindex-image data-imgurl=\"https:\/\/cdn.trustindex.io\/assets\/platform\/Google\/icon.svg\" alt=\"\" width=\"20\" height=\"20\" loading=\"lazy\"><\/trustindex-image> <\/div> <div class=\"ti-profile-img\"> <trustindex-image data-imgurl=\"https:\/\/lh3.googleusercontent.com\/a\/ACg8ocJgc6vTeRki8jan4FQN4Yoadg2B3AoaqNHOPdu8eyCUdiz5lg=w40-h40-c-rp-mo-br100\" alt=\"Rosa Maria Rodriguez profile picture\" loading=\"lazy\"><\/trustindex-image> <\/div> <div class=\"ti-profile-details\"> <div class=\"ti-name\"> Rosa Maria Rodriguez <\/div> <div class=\"ti-date\"><\/div> <\/div> <\/div> <span class=\"ti-stars\"><trustindex-image class=\"ti-star\" data-imgurl=\"https:\/\/cdn.trustindex.io\/assets\/platform\/Google\/star\/f.svg\" alt=\"Google star 1\" width=\"17\" height=\"17\" loading=\"lazy\"><\/trustindex-image><trustindex-image class=\"ti-star\" data-imgurl=\"https:\/\/cdn.trustindex.io\/assets\/platform\/Google\/star\/f.svg\" alt=\"Google star 2\" width=\"17\" height=\"17\" loading=\"lazy\"><\/trustindex-image><trustindex-image class=\"ti-star\" data-imgurl=\"https:\/\/cdn.trustindex.io\/assets\/platform\/Google\/star\/f.svg\" alt=\"Google star 3\" width=\"17\" height=\"17\" loading=\"lazy\"><\/trustindex-image><trustindex-image class=\"ti-star\" data-imgurl=\"https:\/\/cdn.trustindex.io\/assets\/platform\/Google\/star\/f.svg\" alt=\"Google star 4\" width=\"17\" height=\"17\" loading=\"lazy\"><\/trustindex-image><trustindex-image class=\"ti-star\" data-imgurl=\"https:\/\/cdn.trustindex.io\/assets\/platform\/Google\/star\/f.svg\" alt=\"Google star 5\" width=\"17\" height=\"17\" loading=\"lazy\"><\/trustindex-image><span class=\"ti-verified-review ti-verified-platform\"><span class=\"ti-verified-tooltip\">Trustindex verifica que la fuente original de la rese\u00f1a sea Google.<\/span><\/span><\/span> <div class=\"ti-review-text-container ti-review-content\"><!-- R-CONTENT -->Molt bons professionals i tracte espectacular!<!-- R-CONTENT --><\/div> <span class=\"ti-read-more\" data-container=\".ti-review-content\" data-collapse-text=\"Ocultar\" data-open-text=\"Leer m\u00e1s\"><\/span> <\/div> <\/div>  <\/div> <div class=\"ti-controls-line\"> <div class=\"dot\"><\/div> <\/div>   <\/div> <\/div> <\/div> <\/template><\/pre><div data-src=\"https:\/\/cdn.trustindex.io\/loader.js?wp-widget\" data-template-id=\"trustindex-google-widget-html\" data-css-url=\"https:\/\/doctoraminerva.es\/wp-content\/uploads\/trustindex-google-widget.css?1775569968\"><\/div><div class=\"fusion-builder-row fusion-builder-row-inner fusion-row fusion-flex-align-items-flex-start fusion-flex-justify-content-center fusion-flex-content-wrap\" style=\"--awb-flex-grow:0;--awb-flex-grow-medium:0;--awb-flex-grow-small:0;--awb-flex-shrink:0;--awb-flex-shrink-medium:0;--awb-flex-shrink-small:0;width:calc( 100% + 24px ) !important;max-width:calc( 100% + 24px ) !important;margin-left: calc(-24px \/ 2 );margin-right: calc(-24px \/ 2 );\"><div class=\"fusion-layout-column fusion_builder_column_inner fusion-builder-nested-column-35 fusion_builder_column_inner_1_3 1_3 fusion-flex-column\" style=\"--awb-bg-size:cover;--awb-width-large:33.333333333333%;--awb-margin-top-large:0px;--awb-spacing-right-large:12px;--awb-margin-bottom-large:20px;--awb-spacing-left-large:12px;--awb-width-medium:33.333333333333%;--awb-order-medium:0;--awb-spacing-right-medium:12px;--awb-spacing-left-medium:12px;--awb-width-small:100%;--awb-order-small:0;--awb-spacing-right-small:12px;--awb-spacing-left-small:12px;\"><div class=\"fusion-column-wrapper fusion-column-has-shadow fusion-flex-justify-content-flex-start fusion-content-layout-column\"><div ><a class=\"fusion-button button-flat fusion-button-default-size button-default fusion-button-default button-36 fusion-button-span-yes fusion-button-default-type\" style=\"--awb-margin-top:20px;\" target=\"_self\" href=\"#\"><div class=\"awb-button__hover-content awb-button__hover-content--default awb-button__hover-content--centered\"><span class=\"fusion-button-text awb-button__text awb-button__text--hover\">Con\u00f3cenos<\/span><span class=\"fusion-button-text awb-button__text awb-button__text--default\">Qui som<\/span><\/div><\/a><\/div><\/div><\/div><div class=\"fusion-layout-column fusion_builder_column_inner fusion-builder-nested-column-36 fusion_builder_column_inner_1_3 1_3 fusion-flex-column\" style=\"--awb-bg-size:cover;--awb-width-large:33.333333333333%;--awb-margin-top-large:0px;--awb-spacing-right-large:12px;--awb-margin-bottom-large:20px;--awb-spacing-left-large:12px;--awb-width-medium:33.333333333333%;--awb-order-medium:0;--awb-spacing-right-medium:12px;--awb-spacing-left-medium:12px;--awb-width-small:100%;--awb-order-small:0;--awb-spacing-right-small:12px;--awb-spacing-left-small:12px;\"><div class=\"fusion-column-wrapper fusion-column-has-shadow fusion-flex-justify-content-flex-start fusion-content-layout-column\"><div ><a class=\"fusion-button button-flat fusion-button-default-size button-default fusion-button-default button-37 fusion-button-span-yes fusion-button-default-type\" style=\"--awb-margin-top:20px;\" target=\"_self\" href=\"#\"><div class=\"awb-button__hover-content awb-button__hover-content--default awb-button__hover-content--centered\"><span class=\"fusion-button-text awb-button__text awb-button__text--hover\">Antes y despu\u00e9s<\/span><span class=\"fusion-button-text awb-button__text awb-button__text--default\">Casos cl\u00ednics<\/span><\/div><\/a><\/div><\/div><\/div><\/div><\/div><\/div><\/div><\/div><div class=\"fusion-fullwidth fullwidth-box fusion-builder-row-3 fusion-flex-container has-pattern-background has-mask-background fusion-parallax-fixed nonhundred-percent-fullwidth non-hundred-percent-height-scrolling margencito\" style=\"--awb-border-radius-top-left:0px;--awb-border-radius-top-right:0px;--awb-border-radius-bottom-right:0px;--awb-border-radius-bottom-left:0px;--awb-padding-top:10vw;--awb-padding-bottom:10vw;--awb-background-image:linear-gradient(180deg, rgba(67,69,73,0.41) 0%,rgba(67,69,73,0.41) 100%),url(https:\/\/doctoraminerva.es\/wp-content\/uploads\/gabinet_x.webp);;--awb-background-size:cover;--awb-flex-wrap:wrap;background-attachment:fixed;\" id=\"bordeando\" ><div class=\"fusion-builder-row fusion-row fusion-flex-align-items-flex-start fusion-flex-justify-content-center fusion-flex-content-wrap\" style=\"max-width:1508px;margin-left: calc(-4% \/ 2 );margin-right: calc(-4% \/ 2 );\"><div class=\"fusion-layout-column fusion_builder_column fusion-builder-column-38 fusion_builder_column_4_5 4_5 fusion-flex-column\" style=\"--awb-bg-size:cover;--awb-width-large:80%;--awb-flex-grow:0;--awb-flex-shrink:0;--awb-margin-top-large:0px;--awb-spacing-right-large:2.4%;--awb-margin-bottom-large:0px;--awb-spacing-left-large:2.4%;--awb-width-medium:80%;--awb-order-medium:0;--awb-flex-grow-medium:0;--awb-flex-shrink-medium:0;--awb-spacing-right-medium:2.4%;--awb-spacing-left-medium:2.4%;--awb-width-small:100%;--awb-order-small:0;--awb-flex-grow-small:0;--awb-flex-shrink-small:0;--awb-spacing-right-small:1.92%;--awb-spacing-left-small:1.92%;\" data-scroll-devices=\"small-visibility,medium-visibility,large-visibility\"><div class=\"fusion-column-wrapper fusion-column-has-shadow fusion-flex-justify-content-flex-start fusion-content-layout-column\"><div class=\"fusion-title title fusion-title-40 fusion-sep-none fusion-title-center fusion-title-highlight fusion-animate-loop fusion-highlight-underline fusion-title-size-div\" style=\"--awb-text-color:var(--awb-color3);--awb-highlight-color:var(--awb-color2);--awb-margin-top:0px;--awb-margin-bottom:20px;--awb-margin-top-small:10px;--awb-margin-right-small:0px;--awb-margin-bottom-small:50px;--awb-margin-left-small:0px;--awb-sep-color:#d1d1d1;--awb-font-size:var(--awb-typography2-font-size);\" data-highlight=\"underline\"><div class=\"fusion-title-heading title-heading-center title-heading-tag fusion-responsive-typography-calculated\" style=\"font-family:var(--awb-typography2-font-family);font-weight:var(--awb-typography2-font-weight);font-style:var(--awb-typography2-font-style);margin:0;letter-spacing:var(--awb-typography2-letter-spacing);text-transform:var(--awb-typography2-text-transform);font-size:1em;--fontSize:50;line-height:var(--awb-typography2-line-height);\"><span class=\"fusion-highlighted-text-prefix\">El teu nou  <\/span> <span class=\"fusion-highlighted-text-wrapper\"><span class=\"fusion-highlighted-text\" style=\"color:var(--awb-color2);\">somriure  <\/span><svg xmlns=\"http:\/\/www.w3.org\/2000\/svg\" viewBox=\"0 0 500 150\" preserveAspectRatio=\"none\"><defs>\n\t\t\t\t\t\t\t\t\t<linearGradient id=\"stroke-gradient-40\" x1=\"0%\" y1=\"0%\" x2=\"100%\" y2=\"0%\">\n\t\t\t\t\t\t\t\t\t\t<stop offset=\"0%\" style=\"stop-color: rgba(249,249,251,0.15);\" \/>\n\t\t\t\t\t\t\t\t\t\t<stop offset=\"5%\" style=\"stop-color: rgba(249,249,251,0.9);\" \/>\n\t\t\t\t\t\t\t\t\t\t<stop offset=\"100%\" style=\"stop-color: rgba(249,249,251,0.3);\" \/>\n\t\t\t\t\t\t\t\t\t<\/linearGradient>\n\t\t\t\t\t\t\t\t<\/defs><path style=\"stroke: url(#stroke-gradient-40);\" d=\"M8.1,146.2c0,0,240.6-55.6,479-13.8\"><\/path><\/svg><\/span> <span class=\"fusion-highlighted-text-postfix\">comen\u00e7a aqu\u00ed<\/span><\/div><\/div><div class=\"fusion-title title fusion-title-41 fusion-sep-none fusion-title-center fusion-title-text fusion-title-size-div\" style=\"--awb-text-color:var(--awb-color1);--awb-margin-top:0px;--awb-margin-bottom:20px;--awb-margin-top-small:10px;--awb-margin-right-small:0px;--awb-margin-bottom-small:50px;--awb-margin-left-small:0px;--awb-sep-color:#d1d1d1;--awb-font-size:80px;\"><div class=\"fusion-title-heading title-heading-center title-heading-tag fusion-responsive-typography-calculated\" style=\"font-family:&quot;Gowun Batang&quot;;font-style:normal;font-weight:400;margin:0;letter-spacing:var(--awb-typography1-letter-spacing);text-transform:var(--awb-typography1-text-transform);font-size:1em;--fontSize:80;line-height:var(--awb-typography1-line-height);\">1a visita gratu\u00efta<\/div><\/div><div class=\"fusion-title title fusion-title-42 fusion-sep-none fusion-title-center fusion-title-text fusion-title-size-div\" style=\"--awb-text-color:var(--awb-color1);--awb-margin-top:0px;--awb-margin-bottom:50px;--awb-margin-top-small:10px;--awb-margin-right-small:0px;--awb-margin-bottom-small:50px;--awb-margin-left-small:0px;--awb-sep-color:#d1d1d1;--awb-font-size:35px;\"><div class=\"fusion-title-heading title-heading-center title-heading-tag fusion-responsive-typography-calculated\" style=\"font-family:var(--awb-typography1-font-family);font-weight:var(--awb-typography1-font-weight);font-style:var(--awb-typography1-font-style);margin:0;letter-spacing:var(--awb-typography1-letter-spacing);text-transform:var(--awb-typography1-text-transform);font-size:1em;--fontSize:35;line-height:var(--awb-typography1-line-height);\">Sense cost i sense comprom\u00eds.<\/div><\/div><div class=\"fusion-builder-row fusion-builder-row-inner fusion-row fusion-flex-align-items-flex-start fusion-flex-justify-content-center fusion-flex-content-wrap\" style=\"--awb-flex-grow:0;--awb-flex-grow-medium:0;--awb-flex-grow-small:0;--awb-flex-shrink:0;--awb-flex-shrink-medium:0;--awb-flex-shrink-small:0;width:104% !important;max-width:104% !important;margin-left: calc(-4% \/ 2 );margin-right: calc(-4% \/ 2 );\"><div class=\"fusion-layout-column fusion_builder_column_inner fusion-builder-nested-column-37 fusion_builder_column_inner_1_2 1_2 fusion-flex-column\" style=\"--awb-bg-size:cover;--awb-width-large:50%;--awb-margin-top-large:0px;--awb-spacing-right-large:3.84%;--awb-margin-bottom-large:20px;--awb-spacing-left-large:3.84%;--awb-width-medium:50%;--awb-order-medium:0;--awb-spacing-right-medium:3.84%;--awb-spacing-left-medium:3.84%;--awb-width-small:100%;--awb-order-small:0;--awb-spacing-right-small:1.92%;--awb-spacing-left-small:1.92%;\"><div class=\"fusion-column-wrapper fusion-column-has-shadow fusion-flex-justify-content-flex-start fusion-content-layout-column\"><div class=\"sm-text-align-center\" style=\"text-align:right;\"><a class=\"fusion-button button-flat fusion-button-default-size button-default fusion-button-default button-38 fusion-button-default-span fusion-button-default-type\" target=\"_self\" title=\"Tel\u00e8fon de contacte\" aria-label=\"Tel\u00e8fon de contacte\" href=\"tel:+34935644793\"><i class=\"icon-llamada-telefonica-9 awb-button__icon awb-button__icon--default button-icon-left\" aria-hidden=\"true\"><\/i><span class=\"fusion-button-text awb-button__text awb-button__text--default\">93 564 47 93<\/span><\/a><\/div><\/div><\/div><div class=\"fusion-layout-column fusion_builder_column_inner fusion-builder-nested-column-38 fusion_builder_column_inner_1_2 1_2 fusion-flex-column\" style=\"--awb-bg-size:cover;--awb-width-large:50%;--awb-margin-top-large:0px;--awb-spacing-right-large:3.84%;--awb-margin-bottom-large:20px;--awb-spacing-left-large:3.84%;--awb-width-medium:50%;--awb-order-medium:0;--awb-spacing-right-medium:3.84%;--awb-spacing-left-medium:3.84%;--awb-width-small:100%;--awb-order-small:0;--awb-spacing-right-small:1.92%;--awb-spacing-left-small:1.92%;\"><div class=\"fusion-column-wrapper fusion-column-has-shadow fusion-flex-justify-content-flex-start fusion-content-layout-column\"><div class=\"sm-text-align-center\"><a class=\"fusion-button button-flat fusion-button-default-size button-default fusion-button-default button-39 fusion-button-default-span fusion-button-default-type\" target=\"_self\" title=\"Adre\u00e7a de correu electr\u00f2nic\" aria-label=\"Adre\u00e7a de correu electr\u00f2nic\" href=\"mailto:info@doctoraminerva.es\"><i class=\"icon-sobres-1 awb-button__icon awb-button__icon--default button-icon-left\" aria-hidden=\"true\"><\/i><span class=\"fusion-button-text awb-button__text awb-button__text--default\">info@doctoraminerva.es<\/span><\/a><\/div><\/div><\/div><\/div><\/div><\/div><\/div><\/div><\/p>\n","protected":false},"excerpt":{"rendered":"","protected":false},"author":1,"featured_media":0,"parent":0,"menu_order":0,"comment_status":"closed","ping_status":"closed","template":"100-width.php","meta":{"footnotes":""},"class_list":["post-1272","page","type-page","status-publish","hentry"],"yoast_head":"<!-- This site is optimized with the Yoast SEO plugin v27.4 - https:\/\/yoast.com\/product\/yoast-seo-wordpress\/ -->\n<title>Cl\u00ednica Dental Montcada i Reixac \u2013 Doctora Minerva<\/title>\n<meta name=\"description\" content=\"Blog de la cl\u00ednica dental amb articles d&#039;actualitat, not\u00edcies i consells sobre les cures per a millorar i mantenir la teva salut bucodental.\" \/>\n<meta name=\"robots\" content=\"index, follow, max-snippet:-1, max-image-preview:large, max-video-preview:-1\" \/>\n<link rel=\"canonical\" href=\"https:\/\/doctoraminerva.es\/ca\/noticies\/\" \/>\n<meta property=\"og:locale\" content=\"ca_ES\" \/>\n<meta property=\"og:type\" content=\"article\" \/>\n<meta property=\"og:title\" content=\"Cl\u00ednica Dental Montcada i Reixac \u2013 Doctora Minerva\" \/>\n<meta property=\"og:description\" content=\"Blog de la cl\u00ednica dental amb articles d&#039;actualitat, not\u00edcies i consells sobre les cures per a millorar i mantenir la teva salut bucodental.\" \/>\n<meta property=\"og:url\" content=\"https:\/\/doctoraminerva.es\/ca\/noticies\/\" \/>\n<meta property=\"og:site_name\" content=\"Cl\u00ednica dental en Montcada i Reixac de la Doctora Minerva.\" \/>\n<meta property=\"article:modified_time\" content=\"2025-09-09T14:45:05+00:00\" \/>\n<meta name=\"twitter:card\" content=\"summary_large_image\" \/>\n<meta name=\"twitter:label1\" content=\"Temps estimat de lectura\" \/>\n\t<meta name=\"twitter:data1\" content=\"9 minuts\" \/>\n<script type=\"application\/ld+json\" class=\"yoast-schema-graph\">{\"@context\":\"https:\\\/\\\/schema.org\",\"@graph\":[{\"@type\":\"WebPage\",\"@id\":\"https:\\\/\\\/doctoraminerva.es\\\/ca\\\/noticies\\\/\",\"url\":\"https:\\\/\\\/doctoraminerva.es\\\/ca\\\/noticies\\\/\",\"name\":\"Cl\u00ednica Dental Montcada i Reixac \u2013 Doctora Minerva\",\"isPartOf\":{\"@id\":\"https:\\\/\\\/doctoraminerva.es\\\/ca\\\/#website\"},\"datePublished\":\"2025-08-21T10:15:37+00:00\",\"dateModified\":\"2025-09-09T14:45:05+00:00\",\"description\":\"Blog de la cl\u00ednica dental amb articles d'actualitat, not\u00edcies i consells sobre les cures per a millorar i mantenir la teva salut bucodental.\",\"breadcrumb\":{\"@id\":\"https:\\\/\\\/doctoraminerva.es\\\/ca\\\/noticies\\\/#breadcrumb\"},\"inLanguage\":\"ca\",\"potentialAction\":[{\"@type\":\"ReadAction\",\"target\":[\"https:\\\/\\\/doctoraminerva.es\\\/ca\\\/noticies\\\/\"]}]},{\"@type\":\"BreadcrumbList\",\"@id\":\"https:\\\/\\\/doctoraminerva.es\\\/ca\\\/noticies\\\/#breadcrumb\",\"itemListElement\":[{\"@type\":\"ListItem\",\"position\":1,\"name\":\"Inici\",\"item\":\"https:\\\/\\\/doctoraminerva.es\\\/ca\\\/\"},{\"@type\":\"ListItem\",\"position\":2,\"name\":\"Not\u00edcies\"}]},{\"@type\":\"WebSite\",\"@id\":\"https:\\\/\\\/doctoraminerva.es\\\/ca\\\/#website\",\"url\":\"https:\\\/\\\/doctoraminerva.es\\\/ca\\\/\",\"name\":\"Cl\u00ednica dental en Montcada i Reixac de la Doctora Minerva.\",\"description\":\"\",\"potentialAction\":[{\"@type\":\"SearchAction\",\"target\":{\"@type\":\"EntryPoint\",\"urlTemplate\":\"https:\\\/\\\/doctoraminerva.es\\\/ca\\\/?s={search_term_string}\"},\"query-input\":{\"@type\":\"PropertyValueSpecification\",\"valueRequired\":true,\"valueName\":\"search_term_string\"}}],\"inLanguage\":\"ca\"}]}<\/script>\n<!-- \/ Yoast SEO plugin. -->","yoast_head_json":{"title":"Cl\u00ednica Dental Montcada i Reixac \u2013 Doctora Minerva","description":"Blog de la cl\u00ednica dental amb articles d'actualitat, not\u00edcies i consells sobre les cures per a millorar i mantenir la teva salut bucodental.","robots":{"index":"index","follow":"follow","max-snippet":"max-snippet:-1","max-image-preview":"max-image-preview:large","max-video-preview":"max-video-preview:-1"},"canonical":"https:\/\/doctoraminerva.es\/ca\/noticies\/","og_locale":"ca_ES","og_type":"article","og_title":"Cl\u00ednica Dental Montcada i Reixac \u2013 Doctora Minerva","og_description":"Blog de la cl\u00ednica dental amb articles d'actualitat, not\u00edcies i consells sobre les cures per a millorar i mantenir la teva salut bucodental.","og_url":"https:\/\/doctoraminerva.es\/ca\/noticies\/","og_site_name":"Cl\u00ednica dental en Montcada i Reixac de la Doctora Minerva.","article_modified_time":"2025-09-09T14:45:05+00:00","twitter_card":"summary_large_image","twitter_misc":{"Temps estimat de lectura":"9 minuts"},"schema":{"@context":"https:\/\/schema.org","@graph":[{"@type":"WebPage","@id":"https:\/\/doctoraminerva.es\/ca\/noticies\/","url":"https:\/\/doctoraminerva.es\/ca\/noticies\/","name":"Cl\u00ednica Dental Montcada i Reixac \u2013 Doctora Minerva","isPartOf":{"@id":"https:\/\/doctoraminerva.es\/ca\/#website"},"datePublished":"2025-08-21T10:15:37+00:00","dateModified":"2025-09-09T14:45:05+00:00","description":"Blog de la cl\u00ednica dental amb articles d'actualitat, not\u00edcies i consells sobre les cures per a millorar i mantenir la teva salut bucodental.","breadcrumb":{"@id":"https:\/\/doctoraminerva.es\/ca\/noticies\/#breadcrumb"},"inLanguage":"ca","potentialAction":[{"@type":"ReadAction","target":["https:\/\/doctoraminerva.es\/ca\/noticies\/"]}]},{"@type":"BreadcrumbList","@id":"https:\/\/doctoraminerva.es\/ca\/noticies\/#breadcrumb","itemListElement":[{"@type":"ListItem","position":1,"name":"Inici","item":"https:\/\/doctoraminerva.es\/ca\/"},{"@type":"ListItem","position":2,"name":"Not\u00edcies"}]},{"@type":"WebSite","@id":"https:\/\/doctoraminerva.es\/ca\/#website","url":"https:\/\/doctoraminerva.es\/ca\/","name":"Cl\u00ednica dental en Montcada i Reixac de la Doctora Minerva.","description":"","potentialAction":[{"@type":"SearchAction","target":{"@type":"EntryPoint","urlTemplate":"https:\/\/doctoraminerva.es\/ca\/?s={search_term_string}"},"query-input":{"@type":"PropertyValueSpecification","valueRequired":true,"valueName":"search_term_string"}}],"inLanguage":"ca"}]}},"_links":{"self":[{"href":"https:\/\/doctoraminerva.es\/ca\/wp-json\/wp\/v2\/pages\/1272","targetHints":{"allow":["GET"]}}],"collection":[{"href":"https:\/\/doctoraminerva.es\/ca\/wp-json\/wp\/v2\/pages"}],"about":[{"href":"https:\/\/doctoraminerva.es\/ca\/wp-json\/wp\/v2\/types\/page"}],"author":[{"embeddable":true,"href":"https:\/\/doctoraminerva.es\/ca\/wp-json\/wp\/v2\/users\/1"}],"replies":[{"embeddable":true,"href":"https:\/\/doctoraminerva.es\/ca\/wp-json\/wp\/v2\/comments?post=1272"}],"version-history":[{"count":0,"href":"https:\/\/doctoraminerva.es\/ca\/wp-json\/wp\/v2\/pages\/1272\/revisions"}],"wp:attachment":[{"href":"https:\/\/doctoraminerva.es\/ca\/wp-json\/wp\/v2\/media?parent=1272"}],"curies":[{"name":"wp","href":"https:\/\/api.w.org\/{rel}","templated":true}]}}